{"id":284,"date":"2023-02-18T18:12:39","date_gmt":"2023-02-18T17:12:39","guid":{"rendered":"https:\/\/www.elcosturerodesara.com\/?page_id=284"},"modified":"2023-05-15T18:35:29","modified_gmt":"2023-05-15T16:35:29","slug":"accesibilidad","status":"publish","type":"page","link":"https:\/\/www.elcosturerodesara.com\/fr\/accesibilidad\/","title":{"rendered":"Accessibilit\u00e9"},"content":{"rendered":"<div data-elementor-type=\"wp-page\" data-elementor-id=\"284\" class=\"elementor elementor-284\" data-elementor-post-type=\"page\">\n\t\t\t\t\t\t<section class=\"elementor-section elementor-top-section elementor-element elementor-element-40ee91c elementor-section-full_width elementor-section-height-default elementor-section-height-default\" data-id=\"40ee91c\" data-element_type=\"section\" data-settings=\"{&quot;background_background&quot;:&quot;classic&quot;,&quot;background_motion_fx_motion_fx_scrolling&quot;:&quot;yes&quot;,&quot;background_motion_fx_devices&quot;:[&quot;desktop&quot;,&quot;tablet&quot;,&quot;mobile&quot;]}\">\n\t\t\t\t\t\t\t<div class=\"elementor-background-overlay\"><\/div>\n\t\t\t\t\t\t\t<div class=\"elementor-container elementor-column-gap-no\">\n\t\t\t\t\t<div class=\"elementor-column elementor-col-100 elementor-top-column elementor-element elementor-element-931aa1b\" data-id=\"931aa1b\" data-element_type=\"column\" data-settings=\"{&quot;background_background&quot;:&quot;classic&quot;}\">\n\t\t\t<div class=\"elementor-widget-wrap elementor-element-populated\">\n\t\t\t\t\t\t<div class=\"elementor-element elementor-element-be17b2d elementor-widget__width-auto elementor-mobile-align-center elementor-widget-mobile__width-auto elementor-widget elementor-widget-breadcrumbs\" data-id=\"be17b2d\" data-element_type=\"widget\" data-widget_type=\"breadcrumbs.default\">\n\t\t\t\t<div class=\"elementor-widget-container\">\n\t\t\t\t\t<p id=\"breadcrumbs\"><span><span><a href=\"https:\/\/www.elcosturerodesara.com\/fr\/\">D\u00e9but<\/a><\/span><\/span><\/p>\t\t\t\t<\/div>\n\t\t\t\t<\/div>\n\t\t\t\t<div class=\"elementor-element elementor-element-28d87a0 elementor-invisible elementor-widget elementor-widget-heading\" data-id=\"28d87a0\" data-element_type=\"widget\" data-settings=\"{&quot;_animation&quot;:&quot;fadeInLeft&quot;}\" data-widget_type=\"heading.default\">\n\t\t\t\t<div class=\"elementor-widget-container\">\n\t\t\t\t\t<h1 class=\"elementor-heading-title elementor-size-default\">ACCESSIBILIT\u00c9<\/h1>\t\t\t\t<\/div>\n\t\t\t\t<\/div>\n\t\t\t\t<div class=\"elementor-element elementor-element-0423b72 elementor-widget elementor-widget-text-editor\" data-id=\"0423b72\" data-element_type=\"widget\" data-widget_type=\"text-editor.default\">\n\t\t\t\t<div class=\"elementor-widget-container\">\n\t\t\t\t\t\t\t\t\t<p style=\"text-align: center;\">D\u00e9claration responsable de l&#039;accessibilit\u00e9 de ce site conform\u00e9ment \u00e0 la r\u00e9glementation en vigueur<\/p>\t\t\t\t\t\t\t\t<\/div>\n\t\t\t\t<\/div>\n\t\t\t\t\t<\/div>\n\t\t<\/div>\n\t\t\t\t\t<\/div>\n\t\t<\/section>\n\t\t\t\t<section class=\"elementor-section elementor-top-section elementor-element elementor-element-0aac0ad elementor-section-boxed elementor-section-height-default elementor-section-height-default\" data-id=\"0aac0ad\" data-element_type=\"section\">\n\t\t\t\t\t\t<div class=\"elementor-container elementor-column-gap-default\">\n\t\t\t\t\t<div class=\"elementor-column elementor-col-100 elementor-top-column elementor-element elementor-element-af20c9d\" data-id=\"af20c9d\" data-element_type=\"column\">\n\t\t\t<div class=\"elementor-widget-wrap elementor-element-populated\">\n\t\t\t\t\t\t<div class=\"elementor-element elementor-element-e4c4a08 elementor-widget elementor-widget-text-editor\" data-id=\"e4c4a08\" data-element_type=\"widget\" data-widget_type=\"text-editor.default\">\n\t\t\t\t<div class=\"elementor-widget-container\">\n\t\t\t\t\t\t\t\t\t<p><strong>Maria Sara Rodr\u00edguez Gonz\u00e1lez<\/strong> se ha comprometido a proporcionar una experiencia de sitio web totalmente accesible para todos los usuarios, incluidos aquellos que dependen de tecnolog\u00edas de asistencia como lectores de pantalla, software de ampliaci\u00f3n de pantalla y dispositivos de entrada de teclado alternativos para navegar por la web, de conformidad avec lui <a class=\"ext\" href=\"https:\/\/www.boe.es\/diario_boe\/txt.php?id=BOE-A-2018-12699\" target=\"_blank\" rel=\"noopener noreferrer\" data-extlink=\"\">D\u00e9cret royal 1112\/2018, du 7 septembre, sur l&#039;accessibilit\u00e9 des sites Web et des applications pour les appareils mobiles du secteur public.<\/a><\/p><p>Cette d\u00e9claration d&#039;accessibilit\u00e9 s&#039;applique au site Web : www.elcosturerodesara.com<\/p>\t\t\t\t\t\t\t\t<\/div>\n\t\t\t\t<\/div>\n\t\t\t\t<div class=\"elementor-element elementor-element-edc6214 elementor-invisible elementor-widget elementor-widget-heading\" data-id=\"edc6214\" data-element_type=\"widget\" data-settings=\"{&quot;_animation&quot;:&quot;fadeIn&quot;}\" data-widget_type=\"heading.default\">\n\t\t\t\t<div class=\"elementor-widget-container\">\n\t\t\t\t\t<h2 class=\"elementor-heading-title elementor-size-default\">\u00c9TAT DE CONFORMIT\u00c9<\/h2>\t\t\t\t<\/div>\n\t\t\t\t<\/div>\n\t\t\t\t<div class=\"elementor-element elementor-element-60bc80d elementor-widget elementor-widget-text-editor\" data-id=\"60bc80d\" data-element_type=\"widget\" data-widget_type=\"text-editor.default\">\n\t\t\t\t<div class=\"elementor-widget-container\">\n\t\t\t\t\t\t\t\t\t<p>Ce site Web est partiellement conforme au RD 1112\/2018 en raison des exceptions et du d\u00e9faut de conformit\u00e9 des aspects indiqu\u00e9s au point suivant.<\/p>\t\t\t\t\t\t\t\t<\/div>\n\t\t\t\t<\/div>\n\t\t\t\t<div class=\"elementor-element elementor-element-69d111c elementor-invisible elementor-widget elementor-widget-heading\" data-id=\"69d111c\" data-element_type=\"widget\" data-settings=\"{&quot;_animation&quot;:&quot;fadeIn&quot;}\" data-widget_type=\"heading.default\">\n\t\t\t\t<div class=\"elementor-widget-container\">\n\t\t\t\t\t<h2 class=\"elementor-heading-title elementor-size-default\">CONTENU NON ACCESSIBLE<\/h2>\t\t\t\t<\/div>\n\t\t\t\t<\/div>\n\t\t\t\t<div class=\"elementor-element elementor-element-b649697 elementor-widget elementor-widget-text-editor\" data-id=\"b649697\" data-element_type=\"widget\" data-widget_type=\"text-editor.default\">\n\t\t\t\t<div class=\"elementor-widget-container\">\n\t\t\t\t\t\t\t\t\t<p><span style=\"color: var( --e-global-color-text ); font-family: var( --e-global-typography-text-font-family ), Sans-serif; font-size: var( --e-global-typography-text-font-size ); font-weight: var( --e-global-typography-text-font-weight );\">Le contenu r\u00e9pertori\u00e9 ci-dessous n&#039;est pas accessible pour les raisons suivantes\u00a0:<\/span><\/p><h3 style=\"padding-left: 40px;\"><b>Non-respect du RD 1112\/2018<\/b><\/h3><p style=\"padding-left: 40px;\">Certains documents bureautiques au format PDF et autres formats publi\u00e9s apr\u00e8s le 20 septembre 2018 pourraient ne pas r\u00e9pondre enti\u00e8rement aux exigences d&#039;accessibilit\u00e9. Des documents enti\u00e8rement accessibles peuvent \u00eatre demand\u00e9s \u00e0 partir du formulaire de contact pour formaliser les r\u00e9clamations et les requ\u00eates.<\/p><p style=\"padding-left: 40px;\">Il peut y avoir des erreurs de code d&#039;\u00e9dition sp\u00e9cifiques sur certaines pages Web. [4.1.1 Traitement]<\/p><h3 style=\"padding-left: 40px;\"><b>Le contenu n&#039;entre pas dans le champ d&#039;application de la loi applicable<\/b><\/h3><p style=\"padding-left: 40px;\">Il se peut que des fichiers bureautiques au format PDF ou d&#039;autres formats publi\u00e9s avant le 20\u00a0septembre\u00a02018 ne r\u00e9pondent pas enti\u00e8rement \u00e0 toutes les exigences d&#039;accessibilit\u00e9. Bien que des efforts aient \u00e9t\u00e9 faits pour s&#039;assurer que la plupart d&#039;entre eux se conforment.<\/p>\t\t\t\t\t\t\t\t<\/div>\n\t\t\t\t<\/div>\n\t\t\t\t<div class=\"elementor-element elementor-element-2e3465e elementor-invisible elementor-widget elementor-widget-heading\" data-id=\"2e3465e\" data-element_type=\"widget\" data-settings=\"{&quot;_animation&quot;:&quot;fadeIn&quot;}\" data-widget_type=\"heading.default\">\n\t\t\t\t<div class=\"elementor-widget-container\">\n\t\t\t\t\t<h2 class=\"elementor-heading-title elementor-size-default\">CONTENU OPTIONNEL<\/h2>\t\t\t\t<\/div>\n\t\t\t\t<\/div>\n\t\t\t\t<div class=\"elementor-element elementor-element-ab5d286 elementor-widget elementor-widget-text-editor\" data-id=\"ab5d286\" data-element_type=\"widget\" data-widget_type=\"text-editor.default\">\n\t\t\t\t<div class=\"elementor-widget-container\">\n\t\t\t\t\t\t\t\t\t<p><span style=\"color: var( --e-global-color-text ); font-family: var( --e-global-typography-text-font-family ), Sans-serif; font-size: var( --e-global-typography-text-font-size ); font-weight: var( --e-global-typography-text-font-weight );\">Ce site Web est con\u00e7u pour pouvoir modifier la taille et la couleur du texte, ainsi que l&#039;arri\u00e8re-plan de la page via les options de configuration standard des navigateurs.<\/span><\/p>\n<p>Si vous souhaitez modifier la taille de la police du texte dans les principaux navigateurs graphiques, utilisez les menus suivants :<\/p>\n<ul>\n<li>Internet Explorer, Mozilla et Firefox : Affichage &gt; Taille du texte<\/li>\n<li>Opera\u00a0: Affichage\u00a0&gt; Zoom<\/li>\n<li>Safari\u00a0: Affichage\u00a0&gt; Agrandir le texte<\/li>\n<li>Chrome\u00a0: Contr\u00f4ler la page actuelle\u00a0&gt; Taille du texte Pour modifier la taille de tout ce qui se trouve sur la page\u00a0:<\/li>\n<li>\n<ul>\n<li>Ctrl + + pour l&#039;augmenter<\/li>\n<li>Ctrl + \u2013 pour le diminuer<\/li>\n<li>Ctrl + 0 restaure la taille d&#039;origine du texte<\/li>\n<li>Si vous souhaitez remplacer la feuille de style ou modifier la couleur du texte, vous pouvez consulter la page <span lang=\"en\">Comment modifier la taille du texte ou les couleurs du WAI<\/span>, qui peut \u00eatre lu traduit en espagnol dans Comment changer la taille ou les couleurs du texte ?<\/li><\/ul><\/li><\/ul>\t\t\t\t\t\t\t\t<\/div>\n\t\t\t\t<\/div>\n\t\t\t\t<div class=\"elementor-element elementor-element-da66f6b elementor-invisible elementor-widget elementor-widget-heading\" data-id=\"da66f6b\" data-element_type=\"widget\" data-settings=\"{&quot;_animation&quot;:&quot;fadeIn&quot;}\" data-widget_type=\"heading.default\">\n\t\t\t\t<div class=\"elementor-widget-container\">\n\t\t\t\t\t<h2 class=\"elementor-heading-title elementor-size-default\">FONCTIONNALIT\u00c9S D&#039;ACCESSIBILIT\u00c9 SUR NOTRE SITE WEB<\/h2>\t\t\t\t<\/div>\n\t\t\t\t<\/div>\n\t\t\t\t<div class=\"elementor-element elementor-element-c5c3319 elementor-widget elementor-widget-text-editor\" data-id=\"c5c3319\" data-element_type=\"widget\" data-widget_type=\"text-editor.default\">\n\t\t\t\t<div class=\"elementor-widget-container\">\n\t\t\t\t\t\t\t\t\t<div><span style=\"color: var( --e-global-color-text ); font-family: var( --e-global-typography-text-font-family ), Sans-serif; font-size: var( --e-global-typography-text-font-size ); font-weight: var( --e-global-typography-text-font-weight );\">Gr\u00e2ce au plugin \u00ab One Click Accessibility \u00bb, nous avons int\u00e9gr\u00e9 les outils suivants pour am\u00e9liorer l&#039;accessibilit\u00e9 :<\/span><\/div><ul><li>Modifier la taille de la police (augmenter\/diminuer)<\/li><li>Niveaux de gris<\/li><li>contraste n\u00e9gatif<\/li><li>Contraste \u00e9lev\u00e9<\/li><li>fond clair<\/li><li>soulignement de lien<\/li><li>police lisible par l&#039;homme<\/li><li>Lien vers le plan du site\/les commentaires\/les pages d&#039;aide<\/li><li>Activer le saut au contenu<\/li><li>Ajouter un focus de contour pour les \u00e9l\u00e9ments focalisables<\/li><li>Supprimer l&#039;attribut cible des liens<\/li><li>Ajouter des r\u00f4les de r\u00e9f\u00e9rence \u00e0 tous les liens<\/li><li>Personnalisateur pour l&#039;ajustement du style<\/li><\/ul>\t\t\t\t\t\t\t\t<\/div>\n\t\t\t\t<\/div>\n\t\t\t\t<div class=\"elementor-element elementor-element-57a4760 elementor-invisible elementor-widget elementor-widget-heading\" data-id=\"57a4760\" data-element_type=\"widget\" data-settings=\"{&quot;_animation&quot;:&quot;fadeIn&quot;}\" data-widget_type=\"heading.default\">\n\t\t\t\t<div class=\"elementor-widget-container\">\n\t\t\t\t\t<h2 class=\"elementor-heading-title elementor-size-default\">O\u00d9 AM\u00c9LIORONS-NOUS<\/h2>\t\t\t\t<\/div>\n\t\t\t\t<\/div>\n\t\t\t\t<div class=\"elementor-element elementor-element-d7096e8 elementor-widget elementor-widget-text-editor\" data-id=\"d7096e8\" data-element_type=\"widget\" data-widget_type=\"text-editor.default\">\n\t\t\t\t<div class=\"elementor-widget-container\">\n\t\t\t\t\t\t\t\t\t<div><span style=\"color: var( --e-global-color-text ); font-family: var( --e-global-typography-text-font-family ), Sans-serif; font-size: var( --e-global-typography-text-font-size ); font-weight: var( --e-global-typography-text-font-weight );\">Cela fait partie de nos efforts plus larges pour faire en sorte que l&#039;exp\u00e9rience de chacun \u00e0 <!-- Shortcode [nombre-web] does not exist --> \u00eatre accueillant et amical. Veuillez noter que bien que nous fassions de notre mieux pour fournir des informations accessibles \u00e0 tous les utilisateurs, nous ne pouvons pas garantir l&#039;accessibilit\u00e9 des sites Web tiers vers lesquels nous pouvons \u00e9tablir des liens.<\/span><\/div>\t\t\t\t\t\t\t\t<\/div>\n\t\t\t\t<\/div>\n\t\t\t\t<div class=\"elementor-element elementor-element-99d55e3 elementor-invisible elementor-widget elementor-widget-heading\" data-id=\"99d55e3\" data-element_type=\"widget\" data-settings=\"{&quot;_animation&quot;:&quot;fadeIn&quot;}\" data-widget_type=\"heading.default\">\n\t\t\t\t<div class=\"elementor-widget-container\">\n\t\t\t\t\t<h2 class=\"elementor-heading-title elementor-size-default\">CONTACTER LE SOUTIEN \u00c0 L&#039;ACCESSIBILIT\u00c9<\/h2>\t\t\t\t<\/div>\n\t\t\t\t<\/div>\n\t\t\t\t<div class=\"elementor-element elementor-element-2c2666c elementor-widget elementor-widget-text-editor\" data-id=\"2c2666c\" data-element_type=\"widget\" data-widget_type=\"text-editor.default\">\n\t\t\t\t<div class=\"elementor-widget-container\">\n\t\t\t\t\t\t\t\t\t<div><span style=\"color: var( --e-global-color-text ); font-family: var( --e-global-typography-text-font-family ), Sans-serif; font-size: var( --e-global-typography-text-font-size ); font-weight: var( --e-global-typography-text-font-weight );\">Nous appr\u00e9cions les commentaires, les questions et les commentaires sur notre site Web. Si vous utilisez des technologies d&#039;assistance et rencontrez des difficult\u00e9s pour utiliser notre site Web, veuillez envoyer un e-mail \u00e0 info@elcosturerodesara.com. Nous ferons de notre mieux pour vous aider et r\u00e9soudre les probl\u00e8mes.<\/span><\/div>\t\t\t\t\t\t\t\t<\/div>\n\t\t\t\t<\/div>\n\t\t\t\t\t<\/div>\n\t\t<\/div>\n\t\t\t\t\t<\/div>\n\t\t<\/section>\n\t\t\t\t<section class=\"elementor-section elementor-top-section elementor-element elementor-element-6e9e37e elementor-section-boxed elementor-section-height-default elementor-section-height-default\" data-id=\"6e9e37e\" data-element_type=\"section\">\n\t\t\t\t\t\t<div class=\"elementor-container elementor-column-gap-default\">\n\t\t\t\t\t<div class=\"elementor-column elementor-col-100 elementor-top-column elementor-element elementor-element-260f926\" data-id=\"260f926\" data-element_type=\"column\">\n\t\t\t<div class=\"elementor-widget-wrap elementor-element-populated\">\n\t\t\t\t\t\t<div class=\"elementor-element elementor-element-e549575 elementor-align-center elementor-widget elementor-widget-button\" data-id=\"e549575\" data-element_type=\"widget\" data-widget_type=\"button.default\">\n\t\t\t\t<div class=\"elementor-widget-container\">\n\t\t\t\t\t\t\t\t\t<div class=\"elementor-button-wrapper\">\n\t\t\t\t\t<a class=\"elementor-button elementor-button-link elementor-size-md elementor-animation-grow\" href=\"https:\/\/www.elcosturerodesara.com\/fr\/contacto\/\">\n\t\t\t\t\t\t<span class=\"elementor-button-content-wrapper\">\n\t\t\t\t\t\t\t\t\t<span class=\"elementor-button-text\">Demandez plus d&#039;informations<\/span>\n\t\t\t\t\t<\/span>\n\t\t\t\t\t<\/a>\n\t\t\t\t<\/div>\n\t\t\t\t\t\t\t\t<\/div>\n\t\t\t\t<\/div>\n\t\t\t\t\t<\/div>\n\t\t<\/div>\n\t\t\t\t\t<\/div>\n\t\t<\/section>\n\t\t\t\t<\/div>","protected":false},"excerpt":{"rendered":"<p>ACCESSIBILIT\u00c9 La d\u00e9claration d&#039;accessibilit\u00e9 responsable de ce site Web, conform\u00e9ment \u00e0 la r\u00e9glementation en vigueur, s&#039;engage \u00e0 fournir une exp\u00e9rience de site Web enti\u00e8rement accessible \u00e0 tous les utilisateurs, y compris ceux qui s&#039;appuient sur des technologies d&#039;assistance telles que des lecteurs d&#039;\u00e9cran, des logiciels d&#039;agrandissement d&#039;\u00e9cran et des dispositifs de saisie au clavier alternatifs [\u2026]<\/p>","protected":false},"author":1,"featured_media":665,"parent":0,"menu_order":8,"comment_status":"closed","ping_status":"closed","template":"","meta":{"site-sidebar-layout":"no-sidebar","site-content-layout":"page-builder","ast-site-content-layout":"","site-content-style":"default","site-sidebar-style":"default","ast-global-header-display":"","ast-banner-title-visibility":"","ast-main-header-display":"","ast-hfb-above-header-display":"","ast-hfb-below-header-display":"","ast-hfb-mobile-header-display":"","site-post-title":"disabled","ast-breadcrumbs-content":"","ast-featured-img":"disabled","footer-sml-layout":"","theme-transparent-header-meta":"default","adv-header-id-meta":"","stick-header-meta":"","header-above-stick-meta":"","header-main-stick-meta":"","header-below-stick-meta":"","astra-migrate-meta-layouts":"default","ast-page-background-enabled":"default","ast-page-background-meta":{"desktop":{"background-color":"","background-image":"","background-repeat":"repeat","background-position":"center center","background-size":"auto","background-attachment":"scroll","background-type":"","background-media":"","overlay-type":"","overlay-color":"","overlay-opacity":"","overlay-gradient":""},"tablet":{"background-color":"","background-image":"","background-repeat":"repeat","background-position":"center center","background-size":"auto","background-attachment":"scroll","background-type":"","background-media":"","overlay-type":"","overlay-color":"","overlay-opacity":"","overlay-gradient":""},"mobile":{"background-color":"","background-image":"","background-repeat":"repeat","background-position":"center center","background-size":"auto","background-attachment":"scroll","background-type":"","background-media":"","overlay-type":"","overlay-color":"","overlay-opacity":"","overlay-gradient":""}},"ast-content-background-meta":{"desktop":{"background-color":"var(--ast-global-color-5)","background-image":"","background-repeat":"repeat","background-position":"center center","background-size":"auto","background-attachment":"scroll","background-type":"","background-media":"","overlay-type":"","overlay-color":"","overlay-opacity":"","overlay-gradient":""},"tablet":{"background-color":"var(--ast-global-color-5)","background-image":"","background-repeat":"repeat","background-position":"center center","background-size":"auto","background-attachment":"scroll","background-type":"","background-media":"","overlay-type":"","overlay-color":"","overlay-opacity":"","overlay-gradient":""},"mobile":{"background-color":"var(--ast-global-color-5)","background-image":"","background-repeat":"repeat","background-position":"center center","background-size":"auto","background-attachment":"scroll","background-type":"","background-media":"","overlay-type":"","overlay-color":"","overlay-opacity":"","overlay-gradient":""}},"footnotes":""},"class_list":["post-284","page","type-page","status-publish","has-post-thumbnail","hentry"],"yoast_head":"<!-- This site is optimized with the Yoast SEO plugin v24.4 - https:\/\/yoast.com\/wordpress\/plugins\/seo\/ -->\n<title>El costurero de Sara | Accesibilidad<\/title>\n<meta name=\"description\" content=\"Arreglamos tu ropa para que puedas lucirla con estilo. Haz que tus prendas favoritas te sienten a la perfecci\u00f3n con nuestros arreglos.\" \/>\n<meta name=\"robots\" content=\"index, follow, max-snippet:-1, max-image-preview:large, max-video-preview:-1\" \/>\n<link rel=\"canonical\" href=\"https:\/\/www.elcosturerodesara.com\/fr\/accesibilidad\/\" \/>\n<meta property=\"og:locale\" content=\"fr_FR\" \/>\n<meta property=\"og:type\" content=\"article\" \/>\n<meta property=\"og:title\" content=\"El costurero de Sara | Accesibilidad\" \/>\n<meta property=\"og:description\" content=\"Arreglamos tu ropa para que puedas lucirla con estilo. Haz que tus prendas favoritas te sienten a la perfecci\u00f3n con nuestros arreglos.\" \/>\n<meta property=\"og:url\" content=\"https:\/\/www.elcosturerodesara.com\/fr\/accesibilidad\/\" \/>\n<meta property=\"og:site_name\" content=\"El costurero de Sara\" \/>\n<meta property=\"article:modified_time\" content=\"2023-05-15T16:35:29+00:00\" \/>\n<meta property=\"og:image\" content=\"https:\/\/www.elcosturerodesara.com\/wp-content\/uploads\/2023\/02\/elcosturerodesara_25.jpg\" \/>\n\t<meta property=\"og:image:width\" content=\"1920\" \/>\n\t<meta property=\"og:image:height\" content=\"1280\" \/>\n\t<meta property=\"og:image:type\" content=\"image\/jpeg\" \/>\n<meta name=\"twitter:card\" content=\"summary_large_image\" \/>\n<script type=\"application\/ld+json\" class=\"yoast-schema-graph\">{\"@context\":\"https:\/\/schema.org\",\"@graph\":[{\"@type\":\"WebPage\",\"@id\":\"https:\/\/www.elcosturerodesara.com\/accesibilidad\/\",\"url\":\"https:\/\/www.elcosturerodesara.com\/accesibilidad\/\",\"name\":\"El costurero de Sara | Accesibilidad\",\"isPartOf\":{\"@id\":\"https:\/\/www.elcosturerodesara.com\/#website\"},\"primaryImageOfPage\":{\"@id\":\"https:\/\/www.elcosturerodesara.com\/accesibilidad\/#primaryimage\"},\"image\":{\"@id\":\"https:\/\/www.elcosturerodesara.com\/accesibilidad\/#primaryimage\"},\"thumbnailUrl\":\"https:\/\/www.elcosturerodesara.com\/wp-content\/uploads\/2023\/02\/elcosturerodesara_25.jpg\",\"datePublished\":\"2023-02-18T17:12:39+00:00\",\"dateModified\":\"2023-05-15T16:35:29+00:00\",\"description\":\"Arreglamos tu ropa para que puedas lucirla con estilo. Haz que tus prendas favoritas te sienten a la perfecci\u00f3n con nuestros arreglos.\",\"breadcrumb\":{\"@id\":\"https:\/\/www.elcosturerodesara.com\/accesibilidad\/#breadcrumb\"},\"inLanguage\":\"fr-FR\",\"potentialAction\":[{\"@type\":\"ReadAction\",\"target\":[\"https:\/\/www.elcosturerodesara.com\/accesibilidad\/\"]}]},{\"@type\":\"ImageObject\",\"inLanguage\":\"fr-FR\",\"@id\":\"https:\/\/www.elcosturerodesara.com\/accesibilidad\/#primaryimage\",\"url\":\"https:\/\/www.elcosturerodesara.com\/wp-content\/uploads\/2023\/02\/elcosturerodesara_25.jpg\",\"contentUrl\":\"https:\/\/www.elcosturerodesara.com\/wp-content\/uploads\/2023\/02\/elcosturerodesara_25.jpg\",\"width\":1920,\"height\":1280,\"caption\":\"Cintas, hilos y tijeras\"},{\"@type\":\"BreadcrumbList\",\"@id\":\"https:\/\/www.elcosturerodesara.com\/accesibilidad\/#breadcrumb\",\"itemListElement\":[{\"@type\":\"ListItem\",\"position\":1,\"name\":\"Inicio\",\"item\":\"https:\/\/www.elcosturerodesara.com\/\"},{\"@type\":\"ListItem\",\"position\":2,\"name\":\"Accesibilidad\"}]},{\"@type\":\"WebSite\",\"@id\":\"https:\/\/www.elcosturerodesara.com\/#website\",\"url\":\"https:\/\/www.elcosturerodesara.com\/\",\"name\":\"El costurero de Sara\",\"description\":\"Los mejores arreglos de ropa\",\"publisher\":{\"@id\":\"https:\/\/www.elcosturerodesara.com\/#organization\"},\"potentialAction\":[{\"@type\":\"SearchAction\",\"target\":{\"@type\":\"EntryPoint\",\"urlTemplate\":\"https:\/\/www.elcosturerodesara.com\/?s={search_term_string}\"},\"query-input\":{\"@type\":\"PropertyValueSpecification\",\"valueRequired\":true,\"valueName\":\"search_term_string\"}}],\"inLanguage\":\"fr-FR\"},{\"@type\":\"Organization\",\"@id\":\"https:\/\/www.elcosturerodesara.com\/#organization\",\"name\":\"El costurero de Sara\",\"url\":\"https:\/\/www.elcosturerodesara.com\/\",\"logo\":{\"@type\":\"ImageObject\",\"inLanguage\":\"fr-FR\",\"@id\":\"https:\/\/www.elcosturerodesara.com\/#\/schema\/logo\/image\/\",\"url\":\"https:\/\/www.elcosturerodesara.com\/wp-content\/uploads\/2023\/02\/Logoelosturerodesara-negativo-1.svg\",\"contentUrl\":\"https:\/\/www.elcosturerodesara.com\/wp-content\/uploads\/2023\/02\/Logoelosturerodesara-negativo-1.svg\",\"width\":1726,\"height\":1275,\"caption\":\"El costurero de Sara\"},\"image\":{\"@id\":\"https:\/\/www.elcosturerodesara.com\/#\/schema\/logo\/image\/\"}}]}<\/script>\n<!-- \/ Yoast SEO plugin. -->","yoast_head_json":{"title":"El costurero de Sara | Accesibilidad","description":"Arreglamos tu ropa para que puedas lucirla con estilo. Haz que tus prendas favoritas te sienten a la perfecci\u00f3n con nuestros arreglos.","robots":{"index":"index","follow":"follow","max-snippet":"max-snippet:-1","max-image-preview":"max-image-preview:large","max-video-preview":"max-video-preview:-1"},"canonical":"https:\/\/www.elcosturerodesara.com\/fr\/accesibilidad\/","og_locale":"fr_FR","og_type":"article","og_title":"El costurero de Sara | Accesibilidad","og_description":"Arreglamos tu ropa para que puedas lucirla con estilo. Haz que tus prendas favoritas te sienten a la perfecci\u00f3n con nuestros arreglos.","og_url":"https:\/\/www.elcosturerodesara.com\/fr\/accesibilidad\/","og_site_name":"El costurero de Sara","article_modified_time":"2023-05-15T16:35:29+00:00","og_image":[{"width":1920,"height":1280,"url":"https:\/\/www.elcosturerodesara.com\/wp-content\/uploads\/2023\/02\/elcosturerodesara_25.jpg","type":"image\/jpeg"}],"twitter_card":"summary_large_image","schema":{"@context":"https:\/\/schema.org","@graph":[{"@type":"WebPage","@id":"https:\/\/www.elcosturerodesara.com\/accesibilidad\/","url":"https:\/\/www.elcosturerodesara.com\/accesibilidad\/","name":"El costurero de Sara | Accesibilidad","isPartOf":{"@id":"https:\/\/www.elcosturerodesara.com\/#website"},"primaryImageOfPage":{"@id":"https:\/\/www.elcosturerodesara.com\/accesibilidad\/#primaryimage"},"image":{"@id":"https:\/\/www.elcosturerodesara.com\/accesibilidad\/#primaryimage"},"thumbnailUrl":"https:\/\/www.elcosturerodesara.com\/wp-content\/uploads\/2023\/02\/elcosturerodesara_25.jpg","datePublished":"2023-02-18T17:12:39+00:00","dateModified":"2023-05-15T16:35:29+00:00","description":"Arreglamos tu ropa para que puedas lucirla con estilo. Haz que tus prendas favoritas te sienten a la perfecci\u00f3n con nuestros arreglos.","breadcrumb":{"@id":"https:\/\/www.elcosturerodesara.com\/accesibilidad\/#breadcrumb"},"inLanguage":"fr-FR","potentialAction":[{"@type":"ReadAction","target":["https:\/\/www.elcosturerodesara.com\/accesibilidad\/"]}]},{"@type":"ImageObject","inLanguage":"fr-FR","@id":"https:\/\/www.elcosturerodesara.com\/accesibilidad\/#primaryimage","url":"https:\/\/www.elcosturerodesara.com\/wp-content\/uploads\/2023\/02\/elcosturerodesara_25.jpg","contentUrl":"https:\/\/www.elcosturerodesara.com\/wp-content\/uploads\/2023\/02\/elcosturerodesara_25.jpg","width":1920,"height":1280,"caption":"Cintas, hilos y tijeras"},{"@type":"BreadcrumbList","@id":"https:\/\/www.elcosturerodesara.com\/accesibilidad\/#breadcrumb","itemListElement":[{"@type":"ListItem","position":1,"name":"Inicio","item":"https:\/\/www.elcosturerodesara.com\/"},{"@type":"ListItem","position":2,"name":"Accesibilidad"}]},{"@type":"WebSite","@id":"https:\/\/www.elcosturerodesara.com\/#website","url":"https:\/\/www.elcosturerodesara.com\/","name":"El costurero de Sara","description":"Los mejores arreglos de ropa","publisher":{"@id":"https:\/\/www.elcosturerodesara.com\/#organization"},"potentialAction":[{"@type":"SearchAction","target":{"@type":"EntryPoint","urlTemplate":"https:\/\/www.elcosturerodesara.com\/?s={search_term_string}"},"query-input":{"@type":"PropertyValueSpecification","valueRequired":true,"valueName":"search_term_string"}}],"inLanguage":"fr-FR"},{"@type":"Organization","@id":"https:\/\/www.elcosturerodesara.com\/#organization","name":"El costurero de Sara","url":"https:\/\/www.elcosturerodesara.com\/","logo":{"@type":"ImageObject","inLanguage":"fr-FR","@id":"https:\/\/www.elcosturerodesara.com\/#\/schema\/logo\/image\/","url":"https:\/\/www.elcosturerodesara.com\/wp-content\/uploads\/2023\/02\/Logoelosturerodesara-negativo-1.svg","contentUrl":"https:\/\/www.elcosturerodesara.com\/wp-content\/uploads\/2023\/02\/Logoelosturerodesara-negativo-1.svg","width":1726,"height":1275,"caption":"El costurero de Sara"},"image":{"@id":"https:\/\/www.elcosturerodesara.com\/#\/schema\/logo\/image\/"}}]}},"_links":{"self":[{"href":"https:\/\/www.elcosturerodesara.com\/fr\/wp-json\/wp\/v2\/pages\/284","targetHints":{"allow":["GET"]}}],"collection":[{"href":"https:\/\/www.elcosturerodesara.com\/fr\/wp-json\/wp\/v2\/pages"}],"about":[{"href":"https:\/\/www.elcosturerodesara.com\/fr\/wp-json\/wp\/v2\/types\/page"}],"author":[{"embeddable":true,"href":"https:\/\/www.elcosturerodesara.com\/fr\/wp-json\/wp\/v2\/users\/1"}],"replies":[{"embeddable":true,"href":"https:\/\/www.elcosturerodesara.com\/fr\/wp-json\/wp\/v2\/comments?post=284"}],"version-history":[{"count":5,"href":"https:\/\/www.elcosturerodesara.com\/fr\/wp-json\/wp\/v2\/pages\/284\/revisions"}],"predecessor-version":[{"id":867,"href":"https:\/\/www.elcosturerodesara.com\/fr\/wp-json\/wp\/v2\/pages\/284\/revisions\/867"}],"wp:featuredmedia":[{"embeddable":true,"href":"https:\/\/www.elcosturerodesara.com\/fr\/wp-json\/wp\/v2\/media\/665"}],"wp:attachment":[{"href":"https:\/\/www.elcosturerodesara.com\/fr\/wp-json\/wp\/v2\/media?parent=284"}],"curies":[{"name":"wp","href":"https:\/\/api.w.org\/{rel}","templated":true}]}}