{"id":275,"date":"2023-02-18T18:10:38","date_gmt":"2023-02-18T17:10:38","guid":{"rendered":"https:\/\/www.elcosturerodesara.com\/?page_id=275"},"modified":"2023-05-15T18:33:06","modified_gmt":"2023-05-15T16:33:06","slug":"aviso-legal","status":"publish","type":"page","link":"https:\/\/www.elcosturerodesara.com\/fr\/aviso-legal\/","title":{"rendered":"Avis juridique"},"content":{"rendered":"<div data-elementor-type=\"wp-page\" data-elementor-id=\"275\" class=\"elementor elementor-275\" data-elementor-post-type=\"page\">\n\t\t\t\t\t\t<section class=\"elementor-section elementor-top-section elementor-element elementor-element-55544fe3 elementor-section-full_width elementor-section-height-default elementor-section-height-default\" data-id=\"55544fe3\" data-element_type=\"section\" data-settings=\"{&quot;background_background&quot;:&quot;classic&quot;,&quot;background_motion_fx_motion_fx_scrolling&quot;:&quot;yes&quot;,&quot;background_motion_fx_devices&quot;:[&quot;desktop&quot;,&quot;tablet&quot;,&quot;mobile&quot;]}\">\n\t\t\t\t\t\t\t<div class=\"elementor-background-overlay\"><\/div>\n\t\t\t\t\t\t\t<div class=\"elementor-container elementor-column-gap-no\">\n\t\t\t\t\t<div class=\"elementor-column elementor-col-100 elementor-top-column elementor-element elementor-element-5bb1db42\" data-id=\"5bb1db42\" data-element_type=\"column\">\n\t\t\t<div class=\"elementor-widget-wrap elementor-element-populated\">\n\t\t\t\t\t\t<div class=\"elementor-element elementor-element-41bde0bf elementor-widget__width-auto elementor-mobile-align-center elementor-widget-mobile__width-auto elementor-widget elementor-widget-breadcrumbs\" data-id=\"41bde0bf\" data-element_type=\"widget\" data-widget_type=\"breadcrumbs.default\">\n\t\t\t\t<div class=\"elementor-widget-container\">\n\t\t\t\t\t<p id=\"breadcrumbs\"><span><span><a href=\"https:\/\/www.elcosturerodesara.com\/fr\/\">D\u00e9but<\/a><\/span><\/span><\/p>\t\t\t\t<\/div>\n\t\t\t\t<\/div>\n\t\t\t\t<div class=\"elementor-element elementor-element-517ffcc4 elementor-invisible elementor-widget elementor-widget-heading\" data-id=\"517ffcc4\" data-element_type=\"widget\" data-settings=\"{&quot;_animation&quot;:&quot;fadeInLeft&quot;}\" data-widget_type=\"heading.default\">\n\t\t\t\t<div class=\"elementor-widget-container\">\n\t\t\t\t\t<h1 class=\"elementor-heading-title elementor-size-default\">AVIS JURIDIQUE <\/h1>\t\t\t\t<\/div>\n\t\t\t\t<\/div>\n\t\t\t\t<div class=\"elementor-element elementor-element-2f7b7a36 elementor-widget elementor-widget-text-editor\" data-id=\"2f7b7a36\" data-element_type=\"widget\" data-widget_type=\"text-editor.default\">\n\t\t\t\t<div class=\"elementor-widget-container\">\n\t\t\t\t\t\t\t\t\t<p style=\"text-align: center;\">Informations sur la propri\u00e9t\u00e9 du site Web, la port\u00e9e et l&#039;utilisation du site Web.<\/p>\t\t\t\t\t\t\t\t<\/div>\n\t\t\t\t<\/div>\n\t\t\t\t<section class=\"elementor-section elementor-inner-section elementor-element elementor-element-e2d30ba elementor-section-boxed elementor-section-height-default elementor-section-height-default\" data-id=\"e2d30ba\" data-element_type=\"section\">\n\t\t\t\t\t\t<div class=\"elementor-container elementor-column-gap-default\">\n\t\t\t\t\t<div class=\"elementor-column elementor-col-100 elementor-inner-column elementor-element elementor-element-5d2ae6a0\" data-id=\"5d2ae6a0\" data-element_type=\"column\">\n\t\t\t<div class=\"elementor-widget-wrap\">\n\t\t\t\t\t\t\t<\/div>\n\t\t<\/div>\n\t\t\t\t\t<\/div>\n\t\t<\/section>\n\t\t\t\t\t<\/div>\n\t\t<\/div>\n\t\t\t\t\t<\/div>\n\t\t<\/section>\n\t\t\t\t<section class=\"elementor-section elementor-top-section elementor-element elementor-element-50b72203 elementor-section-boxed elementor-section-height-default elementor-section-height-default\" data-id=\"50b72203\" data-element_type=\"section\">\n\t\t\t\t\t\t<div class=\"elementor-container elementor-column-gap-default\">\n\t\t\t\t\t<div class=\"elementor-column elementor-col-100 elementor-top-column elementor-element elementor-element-57c647fc\" data-id=\"57c647fc\" data-element_type=\"column\">\n\t\t\t<div class=\"elementor-widget-wrap elementor-element-populated\">\n\t\t\t\t\t\t<div class=\"elementor-element elementor-element-5adbd7b7 elementor-invisible elementor-widget elementor-widget-heading\" data-id=\"5adbd7b7\" data-element_type=\"widget\" data-settings=\"{&quot;_animation&quot;:&quot;fadeIn&quot;}\" data-widget_type=\"heading.default\">\n\t\t\t\t<div class=\"elementor-widget-container\">\n\t\t\t\t\t<h2 class=\"elementor-heading-title elementor-size-default\">LA POSSESSION<\/h2>\t\t\t\t<\/div>\n\t\t\t\t<\/div>\n\t\t\t\t<div class=\"elementor-element elementor-element-7f1d16e8 elementor-widget elementor-widget-text-editor\" data-id=\"7f1d16e8\" data-element_type=\"widget\" data-widget_type=\"text-editor.default\">\n\t\t\t\t<div class=\"elementor-widget-container\">\n\t\t\t\t\t\t\t\t\t<p>Conform\u00e9ment aux obligations \u00e9tablies \u00e0 l&#039;article 10 de la loi 34\/2002 du 11 juillet sur les services de la soci\u00e9t\u00e9 de l&#039;information et du commerce \u00e9lectronique, il est pr\u00e9cis\u00e9 que cette page correspond \u00e0 l&#039;entit\u00e9\u00a0:<\/p><p><b>Gros titre:<\/b> Mar\u00eda Sara Rodr\u00edguez Gonz\u00e1lez \u2013 09394502Z<b><br \/>Maison:<\/b> c\/ Foncalada, 13 33002 Oviedo (Asturies)<b><br \/>T\u00e9l\u00e9phone:<\/b> +34 666 536 588<b><br \/>Poster:<\/b> info@elcosturerodesara.com<b><br \/>La toile:<\/b> www.elcosturerodesara.com<\/p><p>Pour toute question, vous pouvez contacter Mar\u00eda Sara Rodr\u00edguez Gonz\u00e1lez en utilisant le formulaire de contact ou en appelant le +34 666 536 588. Vous pouvez nous contacter de n&#039;importe quelle mani\u00e8re.<\/p>\t\t\t\t\t\t\t\t<\/div>\n\t\t\t\t<\/div>\n\t\t\t\t<div class=\"elementor-element elementor-element-45c8c8eb elementor-invisible elementor-widget elementor-widget-heading\" data-id=\"45c8c8eb\" data-element_type=\"widget\" data-settings=\"{&quot;_animation&quot;:&quot;fadeIn&quot;}\" data-widget_type=\"heading.default\">\n\t\t\t\t<div class=\"elementor-widget-container\">\n\t\t\t\t\t<h2 class=\"elementor-heading-title elementor-size-default\">OBJET ET PORT\u00c9E DU WEB<\/h2>\t\t\t\t<\/div>\n\t\t\t\t<\/div>\n\t\t\t\t<div class=\"elementor-element elementor-element-5b49cfa elementor-widget elementor-widget-text-editor\" data-id=\"5b49cfa\" data-element_type=\"widget\" data-widget_type=\"text-editor.default\">\n\t\t\t\t<div class=\"elementor-widget-container\">\n\t\t\t\t\t\t\t\t\t<p>Les pr\u00e9sentes conditions g\u00e9n\u00e9rales de contrat et d&#039;utilisation ont pour objet de r\u00e9glementer la fourniture des informations fournies dans la boutique en ligne de Mar\u00eda Sara Rodr\u00edguez Gonz\u00e1lez, ainsi que les transactions commerciales qui surviennent entre Mar\u00eda Sara Rodr\u00edguez Gonz\u00e1lez et les utilisateurs du domaine www. elcosturerodesara. .com. Tant la navigation sur la boutique en ligne que l&#039;acquisition de l&#039;un des produits qui y sont propos\u00e9s impliquent l&#039;acceptation en tant qu&#039;utilisateur, sans r\u00e9serve d&#039;aucune sorte, de chacune de ces conditions g\u00e9n\u00e9rales de passation de march\u00e9s et d&#039;utilisation. Mar\u00eda Sara Rodr\u00edguez Gonz\u00e1lez peut modifier la page Web pour apporter autant de changements et de modifications qu&#039;elle juge appropri\u00e9s et n\u00e9cessaires \u00e0 son bon fonctionnement, sans pr\u00e9avis.<\/p>\t\t\t\t\t\t\t\t<\/div>\n\t\t\t\t<\/div>\n\t\t\t\t<div class=\"elementor-element elementor-element-119376bc elementor-invisible elementor-widget elementor-widget-heading\" data-id=\"119376bc\" data-element_type=\"widget\" data-settings=\"{&quot;_animation&quot;:&quot;fadeIn&quot;}\" data-widget_type=\"heading.default\">\n\t\t\t\t<div class=\"elementor-widget-container\">\n\t\t\t\t\t<h2 class=\"elementor-heading-title elementor-size-default\">UTILISATEURS<\/h2>\t\t\t\t<\/div>\n\t\t\t\t<\/div>\n\t\t\t\t<div class=\"elementor-element elementor-element-7644db57 elementor-widget elementor-widget-text-editor\" data-id=\"7644db57\" data-element_type=\"widget\" data-widget_type=\"text-editor.default\">\n\t\t\t\t<div class=\"elementor-widget-container\">\n\t\t\t\t\t\t\t\t\tL&#039;acc\u00e8s et\/ou l&#039;utilisation de ce portail de Mar\u00eda Sara Rodr\u00edguez Gonz\u00e1lez attribue la condition d&#039;UTILISATEUR, qui accepte, \u00e0 partir dudit acc\u00e8s et\/ou utilisation, les Conditions G\u00e9n\u00e9rales d&#039;Utilisation refl\u00e9t\u00e9es ici. L&#039;acc\u00e8s au site Web sera volontaire et, par cons\u00e9quent, la responsabilit\u00e9 de l&#039;utilisateur, qui sera responsable de tout effet direct ou indirect pouvant d\u00e9couler de l&#039;utilisation faite du site Web, y compris, sans s&#039;y limiter, tout r\u00e9sultat \u00e9conomique, technique et \/ou contraire \u00e0 la loi, ainsi que la d\u00e9ception des attentes g\u00e9n\u00e9r\u00e9es par notre site Web, obligeant l&#039;utilisateur \u00e0 d\u00e9gager Mar\u00eda Sara Rodr\u00edguez Gonz\u00e1lez de toute responsabilit\u00e9 pour toute r\u00e9clamation d\u00e9coulant, directement ou indirectement, de tels faits.\t\t\t\t\t\t\t\t<\/div>\n\t\t\t\t<\/div>\n\t\t\t\t<div class=\"elementor-element elementor-element-80e5373 elementor-invisible elementor-widget elementor-widget-heading\" data-id=\"80e5373\" data-element_type=\"widget\" data-settings=\"{&quot;_animation&quot;:&quot;fadeIn&quot;}\" data-widget_type=\"heading.default\">\n\t\t\t\t<div class=\"elementor-widget-container\">\n\t\t\t\t\t<h2 class=\"elementor-heading-title elementor-size-default\">UTILISATION DU PORTAIL<\/h2>\t\t\t\t<\/div>\n\t\t\t\t<\/div>\n\t\t\t\t<div class=\"elementor-element elementor-element-10498a5c elementor-widget elementor-widget-text-editor\" data-id=\"10498a5c\" data-element_type=\"widget\" data-widget_type=\"text-editor.default\">\n\t\t\t\t<div class=\"elementor-widget-container\">\n\t\t\t\t\t\t\t\t\twww.elcosturerodesara.com donne acc\u00e8s \u00e0 une multitude d&#039;informations, de services, de programmes ou de donn\u00e9es (ci-apr\u00e8s, &quot;le contenu&quot;) sur Internet appartenant \u00e0 Mar\u00eda Sara Rodr\u00edguez Gonz\u00e1lez ou \u00e0 ses conc\u00e9dants auxquels l&#039;UTILISATEUR peut avoir acc\u00e8s. L&#039;UTILISATEUR assume la responsabilit\u00e9 de l&#039;utilisation du portail. Cette responsabilit\u00e9 s&#039;\u00e9tend \u00e0 l&#039;enregistrement n\u00e9cessaire pour acc\u00e9der \u00e0 certains services ou contenus. Dans ledit registre, l&#039;UTILISATEUR sera responsable de fournir des informations v\u00e9ridiques et licites. \u00c0 la suite de cet enregistrement, l&#039;UTILISATEUR peut se voir attribuer un mot de passe dont il sera responsable, s&#039;engageant \u00e0 en faire un usage diligent et confidentiel. L&#039;UTILISATEUR s&#039;engage \u00e0 faire un usage appropri\u00e9 des contenus et services (tels que les services de chat, les forums de discussion ou les groupes de discussion) que Mar\u00eda Sara Rodr\u00edguez Gonz\u00e1lez peut offrir via son portail et avec un caract\u00e8re \u00e9nonciatif mais non limitatif, \u00e0 ne pas les utiliser pour (i) se livrer \u00e0 des activit\u00e9s illicites, ill\u00e9gales ou contraires \u00e0 la bonne foi et \u00e0 l&#039;ordre public\u00a0; (ii) diffuser des contenus ou de la propagande \u00e0 caract\u00e8re raciste, x\u00e9nophobe, pornographique-ill\u00e9gal, faisant l&#039;apologie du terrorisme ou d&#039;une atteinte aux droits de l&#039;homme ; (iii) causer des dommages aux syst\u00e8mes physiques et logiques de Mar\u00eda Sara Rodr\u00edguez Gonz\u00e1lez, de ses fournisseurs ou de tiers, introduire ou propager des virus informatiques ou tout autre syst\u00e8me physique ou logique susceptible de causer les dommages susmentionn\u00e9s\u00a0; (iv) essayer d&#039;acc\u00e9der et, le cas \u00e9ch\u00e9ant, d&#039;utiliser les comptes de messagerie d&#039;autres utilisateurs et de modifier ou de manipuler leurs messages. Mar\u00eda Sara Rodr\u00edguez Gonz\u00e1lez se r\u00e9serve le droit de retirer tous les commentaires et contributions qui violent le respect de la dignit\u00e9 de la personne, qui sont discriminatoires, x\u00e9nophobes, racistes, pornographiques, qui menacent la jeunesse ou l&#039;enfance, l&#039;ordre ou la s\u00e9curit\u00e9 publique ou qui, \u00e0 son avis , ne conviendrait pas \u00e0 la publication. Dans tous les cas, Mar\u00eda Sara Rodr\u00edguez Gonz\u00e1lez ne sera pas responsable des opinions exprim\u00e9es par les utilisateurs via des forums, des chats ou d&#039;autres outils de participation.\t\t\t\t\t\t\t\t<\/div>\n\t\t\t\t<\/div>\n\t\t\t\t<div class=\"elementor-element elementor-element-27206e4c elementor-invisible elementor-widget elementor-widget-heading\" data-id=\"27206e4c\" data-element_type=\"widget\" data-settings=\"{&quot;_animation&quot;:&quot;fadeIn&quot;}\" data-widget_type=\"heading.default\">\n\t\t\t\t<div class=\"elementor-widget-container\">\n\t\t\t\t\t<h2 class=\"elementor-heading-title elementor-size-default\">PROPRI\u00c9T\u00c9 INTELLECTUELLE ET INDUSTRIELLE<\/h2>\t\t\t\t<\/div>\n\t\t\t\t<\/div>\n\t\t\t\t<div class=\"elementor-element elementor-element-24464c11 elementor-widget elementor-widget-text-editor\" data-id=\"24464c11\" data-element_type=\"widget\" data-widget_type=\"text-editor.default\">\n\t\t\t\t<div class=\"elementor-widget-container\">\n\t\t\t\t\t\t\t\t\tMar\u00eda Sara Rodr\u00edguez Gonz\u00e1lez, seule ou en tant que cessionnaire, est titulaire de tous les droits de propri\u00e9t\u00e9 intellectuelle et industrielle de son site Web, ainsi que des \u00e9l\u00e9ments qu&#039;il contient (par exemple, images, sons, audio, vid\u00e9o, logiciels ou textes\u00a0; marques ou logos, combinaisons de couleurs, structure et conception, s\u00e9lection des mat\u00e9riaux utilis\u00e9s, programmes informatiques n\u00e9cessaires \u00e0 son fonctionnement, acc\u00e8s et utilisation, etc.), propri\u00e9t\u00e9 de Mar\u00eda Sara Rodr\u00edguez Gonz\u00e1lez ou de ses conc\u00e9dants. Tous droits r\u00e9serv\u00e9s. En vertu des dispositions des articles 8 et 32.1, deuxi\u00e8me alin\u00e9a, de la Loi sur la propri\u00e9t\u00e9 intellectuelle, la reproduction, la distribution et la communication publique, y compris le mode de mise \u00e0 disposition, de tout ou partie du contenu de cette page Web, \u00e0 des fins commerciales fins, sur tout support et par tout moyen technique, sans l&#039;autorisation de Mar\u00eda Sara Rodr\u00edguez Gonz\u00e1lez. L&#039;UTILISATEUR s&#039;engage \u00e0 respecter les droits de propri\u00e9t\u00e9 intellectuelle et industrielle d\u00e9tenus par Mar\u00eda Sara Rodr\u00edguez Gonz\u00e1lez. Vous pourrez visualiser les \u00e9l\u00e9ments du portail et m\u00eame les imprimer, les copier et les stocker sur le disque dur de votre ordinateur ou sur tout autre support physique tant que ce sera uniquement et exclusivement pour votre usage personnel et priv\u00e9. L&#039;UTILISATEUR doit s&#039;abstenir de supprimer, modifier, \u00e9luder ou manipuler tout dispositif de protection ou syst\u00e8me de s\u00e9curit\u00e9 install\u00e9 sur les pages de Mar\u00eda Sara Rodr\u00edguez Gonz\u00e1lez. Par cons\u00e9quent, l&#039;utilisation du site Web de Mar\u00eda Sara Rodr\u00edguez Gonz\u00e1lez \u00e0 des fins publiques ou commerciales est interdite, de sorte que le contenu du site Web ne peut \u00eatre exploit\u00e9, reproduit, distribu\u00e9, modifi\u00e9, communiqu\u00e9 publiquement, transf\u00e9r\u00e9, transform\u00e9 ou utilis\u00e9. . L&#039;introduction de liens hypertextes \u00e0 des fins commerciales sur des pages Web sans rapport avec Mar\u00eda Sara Rodr\u00edguez Gonz\u00e1lez, qui permettent l&#039;acc\u00e8s \u00e0 notre site Web, sans consentement pr\u00e9alable, est express\u00e9ment interdite. Dans tous les cas, l&#039;existence d&#039;hyperliens sur des sites Web qui ne nous sont pas li\u00e9s n&#039;impliquera en aucun cas l&#039;existence de relations commerciales ou commerciales avec le propri\u00e9taire de la page Web sur laquelle l&#039;hyperlien est \u00e9tabli, ni l&#039;acceptation par Mar\u00eda Sara Rodr\u00edguez Gonz\u00e1lez de ses contenus ou services.\t\t\t\t\t\t\t\t<\/div>\n\t\t\t\t<\/div>\n\t\t\t\t<div class=\"elementor-element elementor-element-6bfbea42 elementor-invisible elementor-widget elementor-widget-heading\" data-id=\"6bfbea42\" data-element_type=\"widget\" data-settings=\"{&quot;_animation&quot;:&quot;fadeIn&quot;}\" data-widget_type=\"heading.default\">\n\t\t\t\t<div class=\"elementor-widget-container\">\n\t\t\t\t\t<h3 class=\"elementor-heading-title elementor-size-default\">ADRESSES IP<\/h3>\t\t\t\t<\/div>\n\t\t\t\t<\/div>\n\t\t\t\t<div class=\"elementor-element elementor-element-58bd9bab elementor-widget elementor-widget-text-editor\" data-id=\"58bd9bab\" data-element_type=\"widget\" data-widget_type=\"text-editor.default\">\n\t\t\t\t<div class=\"elementor-widget-container\">\n\t\t\t\t\t\t\t\t\tLes serveurs du site Web peuvent d\u00e9tecter automatiquement l&#039;adresse IP et le nom de domaine utilis\u00e9s par l&#039;utilisateur. Une adresse IP est un num\u00e9ro attribu\u00e9 automatiquement \u00e0 un ordinateur lorsqu&#039;il se connecte \u00e0 Internet. Toutes ces informations sont enregistr\u00e9es dans un fichier d&#039;activit\u00e9 du serveur d\u00fbment enregistr\u00e9 qui permet le traitement ult\u00e9rieur des donn\u00e9es afin d&#039;obtenir uniquement des mesures statistiques permettant de conna\u00eetre le nombre d&#039;impressions de pages, le nombre de visites effectu\u00e9es sur les services Web, l&#039;ordre des visites, le point d&#039;acc\u00e8s, etc.\t\t\t\t\t\t\t\t<\/div>\n\t\t\t\t<\/div>\n\t\t\t\t<div class=\"elementor-element elementor-element-4afb0f0e elementor-invisible elementor-widget elementor-widget-heading\" data-id=\"4afb0f0e\" data-element_type=\"widget\" data-settings=\"{&quot;_animation&quot;:&quot;fadeIn&quot;}\" data-widget_type=\"heading.default\">\n\t\t\t\t<div class=\"elementor-widget-container\">\n\t\t\t\t\t<h2 class=\"elementor-heading-title elementor-size-default\">EXCLUSION DE GARANTIES ET DE RESPONSABILIT\u00c9<\/h2>\t\t\t\t<\/div>\n\t\t\t\t<\/div>\n\t\t\t\t<div class=\"elementor-element elementor-element-2b705bdb elementor-widget elementor-widget-text-editor\" data-id=\"2b705bdb\" data-element_type=\"widget\" data-widget_type=\"text-editor.default\">\n\t\t\t\t<div class=\"elementor-widget-container\">\n\t\t\t\t\t\t\t\t\tMar\u00eda Sara Rodr\u00edguez Gonz\u00e1lez n&#039;est pas responsable des dommages pouvant r\u00e9sulter d&#039;interf\u00e9rences, omissions, interruptions, virus informatiques, pannes et\/ou d\u00e9connexions dans le fonctionnement op\u00e9rationnel de ce syst\u00e8me \u00e9lectronique ou dans les dispositifs et \u00e9quipements informatiques des utilisateurs, motiv\u00e9s par des raisons ind\u00e9pendantes de le contr\u00f4le de Mar\u00eda Sara Rodr\u00edguez Gonz\u00e1lez, qui emp\u00eachent ou retardent la fourniture de services ou la navigation dans le magasin, ou des retards ou des blocages d&#039;utilisation caus\u00e9s par des d\u00e9faillances ou des surcharges d&#039;Internet ou d&#039;autres syst\u00e8mes \u00e9lectroniques, ou l&#039;impossibilit\u00e9 de fournir le service ou de permettre l&#039;acc\u00e8s pour des raisons non imputables \u00e0 Mar\u00eda Sara Rodr\u00edguez Gonz\u00e1lez, dues \u00e0 l&#039;utilisateur, \u00e0 des tiers ou \u00e0 des cas de force majeure. Mar\u00eda Sara Rodr\u00edguez Gonz\u00e1lez ne contr\u00f4le pas, en g\u00e9n\u00e9ral, l&#039;utilisation que les utilisateurs font du site Web. En particulier, Mar\u00eda Sara Rodr\u00edguez Gonz\u00e1lez n&#039;est en aucun cas responsable que les utilisateurs utilisent le site Web conform\u00e9ment \u00e0 la loi, aux pr\u00e9sentes conditions g\u00e9n\u00e9rales, \u00e0 la morale et aux bonnes m\u0153urs g\u00e9n\u00e9ralement accept\u00e9es et \u00e0 l&#039;ordre public, ni qu&#039;ils le fassent de mani\u00e8re diligente et prudente. Les produits pr\u00e9sent\u00e9s sur le site sont conformes \u00e0 la l\u00e9gislation espagnole. La responsabilit\u00e9 de Mar\u00eda Sara Rodr\u00edguez Gonz\u00e1lez ne pourra \u00eatre engag\u00e9e en cas de produits non conformes \u00e0 la l\u00e9gislation des pays vers lesquels ils auraient pu \u00eatre exp\u00e9di\u00e9s en fonction de la commande du client. Il appartient donc aux clients hors d&#039;Espagne de v\u00e9rifier la possibilit\u00e9 d&#039;importer ou d&#039;utiliser les produits qu&#039;ils demandent.\t\t\t\t\t\t\t\t<\/div>\n\t\t\t\t<\/div>\n\t\t\t\t<div class=\"elementor-element elementor-element-2b03f1c7 elementor-invisible elementor-widget elementor-widget-heading\" data-id=\"2b03f1c7\" data-element_type=\"widget\" data-settings=\"{&quot;_animation&quot;:&quot;fadeIn&quot;}\" data-widget_type=\"heading.default\">\n\t\t\t\t<div class=\"elementor-widget-container\">\n\t\t\t\t\t<h3 class=\"elementor-heading-title elementor-size-default\">MODIFICATIONS<\/h3>\t\t\t\t<\/div>\n\t\t\t\t<\/div>\n\t\t\t\t<div class=\"elementor-element elementor-element-4bb1cc84 elementor-widget elementor-widget-text-editor\" data-id=\"4bb1cc84\" data-element_type=\"widget\" data-widget_type=\"text-editor.default\">\n\t\t\t\t<div class=\"elementor-widget-container\">\n\t\t\t\t\t\t\t\t\tMar\u00eda Sara Rodr\u00edguez Gonz\u00e1lez se r\u00e9serve le droit d&#039;apporter les modifications qu&#039;elle juge appropri\u00e9es sur son portail sans pr\u00e9avis, en pouvant modifier, supprimer ou ajouter \u00e0 la fois le contenu et les services fournis par son interm\u00e9diaire et la mani\u00e8re dont ils apparaissent pr\u00e9sent\u00e9s ou situ\u00e9s sur votre portail.\t\t\t\t\t\t\t\t<\/div>\n\t\t\t\t<\/div>\n\t\t\t\t<div class=\"elementor-element elementor-element-63e6b27a elementor-invisible elementor-widget elementor-widget-heading\" data-id=\"63e6b27a\" data-element_type=\"widget\" data-settings=\"{&quot;_animation&quot;:&quot;fadeIn&quot;}\" data-widget_type=\"heading.default\">\n\t\t\t\t<div class=\"elementor-widget-container\">\n\t\t\t\t\t<h2 class=\"elementor-heading-title elementor-size-default\">LIENS<\/h2>\t\t\t\t<\/div>\n\t\t\t\t<\/div>\n\t\t\t\t<div class=\"elementor-element elementor-element-366ab926 elementor-widget elementor-widget-text-editor\" data-id=\"366ab926\" data-element_type=\"widget\" data-widget_type=\"text-editor.default\">\n\t\t\t\t<div class=\"elementor-widget-container\">\n\t\t\t\t\t\t\t\t\tDans le cas o\u00f9 www.elcosturerodesara.com contient des liens ou des hyperliens vers d&#039;autres sites Internet, Mar\u00eda Sara Rodr\u00edguez Gonz\u00e1lez n&#039;exercera aucun type de contr\u00f4le sur lesdits sites et contenus. En aucun cas, Mar\u00eda Sara Rodr\u00edguez Gonz\u00e1lez n&#039;assumera aucune responsabilit\u00e9 pour le contenu de tout lien appartenant \u00e0 un site Web tiers, ni ne garantira la disponibilit\u00e9 technique, la qualit\u00e9, la fiabilit\u00e9, l&#039;exactitude, l&#039;\u00e9tendue, la v\u00e9racit\u00e9, la validit\u00e9 et la constitutionnalit\u00e9 de tout mat\u00e9riel ou informations contenues dans l&#039;un desdits hyperliens ou autres sites Internet. De m\u00eame, l&#039;inclusion de ces connexions externes n&#039;impliquera aucun type d&#039;association, de fusion ou de participation avec les entit\u00e9s connect\u00e9es.\t\t\t\t\t\t\t\t<\/div>\n\t\t\t\t<\/div>\n\t\t\t\t<div class=\"elementor-element elementor-element-7a47adea elementor-invisible elementor-widget elementor-widget-heading\" data-id=\"7a47adea\" data-element_type=\"widget\" data-settings=\"{&quot;_animation&quot;:&quot;fadeIn&quot;}\" data-widget_type=\"heading.default\">\n\t\t\t\t<div class=\"elementor-widget-container\">\n\t\t\t\t\t<h2 class=\"elementor-heading-title elementor-size-default\">DROIT D&#039;EXCLUSION<\/h2>\t\t\t\t<\/div>\n\t\t\t\t<\/div>\n\t\t\t\t<div class=\"elementor-element elementor-element-525e6199 elementor-widget elementor-widget-text-editor\" data-id=\"525e6199\" data-element_type=\"widget\" data-widget_type=\"text-editor.default\">\n\t\t\t\t<div class=\"elementor-widget-container\">\n\t\t\t\t\t\t\t\t\tMar\u00eda Sara Rodr\u00edguez Gonz\u00e1lez se r\u00e9serve le droit de refuser ou de retirer l&#039;acc\u00e8s au portail et\/ou aux services offerts sans pr\u00e9avis, \u00e0 sa propre demande ou par un tiers, aux utilisateurs qui ne respecteraient pas les pr\u00e9sentes Conditions G\u00e9n\u00e9rales d&#039;Utilisation.\t\t\t\t\t\t\t\t<\/div>\n\t\t\t\t<\/div>\n\t\t\t\t<div class=\"elementor-element elementor-element-597308e9 elementor-invisible elementor-widget elementor-widget-heading\" data-id=\"597308e9\" data-element_type=\"widget\" data-settings=\"{&quot;_animation&quot;:&quot;fadeIn&quot;}\" data-widget_type=\"heading.default\">\n\t\t\t\t<div class=\"elementor-widget-container\">\n\t\t\t\t\t<h2 class=\"elementor-heading-title elementor-size-default\">G\u00c9N\u00c9RAL<\/h2>\t\t\t\t<\/div>\n\t\t\t\t<\/div>\n\t\t\t\t<div class=\"elementor-element elementor-element-53d04dab elementor-widget elementor-widget-text-editor\" data-id=\"53d04dab\" data-element_type=\"widget\" data-widget_type=\"text-editor.default\">\n\t\t\t\t<div class=\"elementor-widget-container\">\n\t\t\t\t\t\t\t\t\tMar\u00eda Sara Rodr\u00edguez Gonz\u00e1lez poursuivra la violation de ces conditions ainsi que toute utilisation abusive de son portail, exer\u00e7ant toutes les actions civiles et p\u00e9nales qui pourraient lui correspondre par la loi.\t\t\t\t\t\t\t\t<\/div>\n\t\t\t\t<\/div>\n\t\t\t\t\t<\/div>\n\t\t<\/div>\n\t\t\t\t\t<\/div>\n\t\t<\/section>\n\t\t\t\t<section class=\"elementor-section elementor-top-section elementor-element elementor-element-1d679104 elementor-section-boxed elementor-section-height-default elementor-section-height-default\" data-id=\"1d679104\" data-element_type=\"section\">\n\t\t\t\t\t\t<div class=\"elementor-container elementor-column-gap-default\">\n\t\t\t\t\t<div class=\"elementor-column elementor-col-100 elementor-top-column elementor-element elementor-element-5524aa1\" data-id=\"5524aa1\" data-element_type=\"column\">\n\t\t\t<div class=\"elementor-widget-wrap elementor-element-populated\">\n\t\t\t\t\t\t<div class=\"elementor-element elementor-element-34caf806 elementor-align-center elementor-widget elementor-widget-button\" data-id=\"34caf806\" data-element_type=\"widget\" data-widget_type=\"button.default\">\n\t\t\t\t<div class=\"elementor-widget-container\">\n\t\t\t\t\t\t\t\t\t<div class=\"elementor-button-wrapper\">\n\t\t\t\t\t<a class=\"elementor-button elementor-button-link elementor-size-md elementor-animation-grow\" href=\"https:\/\/www.elcosturerodesara.com\/fr\/contacto\/\">\n\t\t\t\t\t\t<span class=\"elementor-button-content-wrapper\">\n\t\t\t\t\t\t\t\t\t<span class=\"elementor-button-text\">Demandez plus d&#039;informations<\/span>\n\t\t\t\t\t<\/span>\n\t\t\t\t\t<\/a>\n\t\t\t\t<\/div>\n\t\t\t\t\t\t\t\t<\/div>\n\t\t\t\t<\/div>\n\t\t\t\t\t<\/div>\n\t\t<\/div>\n\t\t\t\t\t<\/div>\n\t\t<\/section>\n\t\t\t\t<\/div>","protected":false},"excerpt":{"rendered":"<p>AVISO LEGAL Informaci\u00f3n sobre la propiedad del sitio web, el \u00e1mbito y el uso del mismo. TITULARIDAD En cumplimiento de las obligaciones establecidas en el art\u00edculo 10 de la Ley 34\/2002, de 11 de julio, de Servicios de la Sociedad de la Informaci\u00f3n y Comercio Electr\u00f3nico, se hace constar que esta p\u00e1gina corresponde a la [&hellip;]<\/p>","protected":false},"author":1,"featured_media":361,"parent":0,"menu_order":4,"comment_status":"closed","ping_status":"closed","template":"","meta":{"site-sidebar-layout":"no-sidebar","site-content-layout":"page-builder","ast-site-content-layout":"","site-content-style":"default","site-sidebar-style":"default","ast-global-header-display":"","ast-banner-title-visibility":"","ast-main-header-display":"","ast-hfb-above-header-display":"","ast-hfb-below-header-display":"","ast-hfb-mobile-header-display":"","site-post-title":"disabled","ast-breadcrumbs-content":"","ast-featured-img":"disabled","footer-sml-layout":"","theme-transparent-header-meta":"default","adv-header-id-meta":"","stick-header-meta":"","header-above-stick-meta":"","header-main-stick-meta":"","header-below-stick-meta":"","astra-migrate-meta-layouts":"default","ast-page-background-enabled":"default","ast-page-background-meta":{"desktop":{"background-color":"","background-image":"","background-repeat":"repeat","background-position":"center center","background-size":"auto","background-attachment":"scroll","background-type":"","background-media":"","overlay-type":"","overlay-color":"","overlay-opacity":"","overlay-gradient":""},"tablet":{"background-color":"","background-image":"","background-repeat":"repeat","background-position":"center center","background-size":"auto","background-attachment":"scroll","background-type":"","background-media":"","overlay-type":"","overlay-color":"","overlay-opacity":"","overlay-gradient":""},"mobile":{"background-color":"","background-image":"","background-repeat":"repeat","background-position":"center center","background-size":"auto","background-attachment":"scroll","background-type":"","background-media":"","overlay-type":"","overlay-color":"","overlay-opacity":"","overlay-gradient":""}},"ast-content-background-meta":{"desktop":{"background-color":"var(--ast-global-color-5)","background-image":"","background-repeat":"repeat","background-position":"center center","background-size":"auto","background-attachment":"scroll","background-type":"","background-media":"","overlay-type":"","overlay-color":"","overlay-opacity":"","overlay-gradient":""},"tablet":{"background-color":"var(--ast-global-color-5)","background-image":"","background-repeat":"repeat","background-position":"center center","background-size":"auto","background-attachment":"scroll","background-type":"","background-media":"","overlay-type":"","overlay-color":"","overlay-opacity":"","overlay-gradient":""},"mobile":{"background-color":"var(--ast-global-color-5)","background-image":"","background-repeat":"repeat","background-position":"center center","background-size":"auto","background-attachment":"scroll","background-type":"","background-media":"","overlay-type":"","overlay-color":"","overlay-opacity":"","overlay-gradient":""}},"footnotes":""},"class_list":["post-275","page","type-page","status-publish","has-post-thumbnail","hentry"],"yoast_head":"<!-- This site is optimized with the Yoast SEO plugin v24.4 - https:\/\/yoast.com\/wordpress\/plugins\/seo\/ -->\n<title>El costurero de Sara | Aviso legal<\/title>\n<meta name=\"description\" content=\"Arreglamos tu ropa para que puedas lucirla con estilo. Haz que tus prendas favoritas te sienten a la perfecci\u00f3n con nuestros arreglos.\" \/>\n<meta name=\"robots\" content=\"index, follow, max-snippet:-1, max-image-preview:large, max-video-preview:-1\" \/>\n<link rel=\"canonical\" href=\"https:\/\/www.elcosturerodesara.com\/fr\/aviso-legal\/\" \/>\n<meta property=\"og:locale\" content=\"fr_FR\" \/>\n<meta property=\"og:type\" content=\"article\" \/>\n<meta property=\"og:title\" content=\"El costurero de Sara | Aviso legal\" \/>\n<meta property=\"og:description\" content=\"Arreglamos tu ropa para que puedas lucirla con estilo. Haz que tus prendas favoritas te sienten a la perfecci\u00f3n con nuestros arreglos.\" \/>\n<meta property=\"og:url\" content=\"https:\/\/www.elcosturerodesara.com\/fr\/aviso-legal\/\" \/>\n<meta property=\"og:site_name\" content=\"El costurero de Sara\" \/>\n<meta property=\"article:modified_time\" content=\"2023-05-15T16:33:06+00:00\" \/>\n<meta property=\"og:image\" content=\"https:\/\/www.elcosturerodesara.com\/wp-content\/uploads\/2023\/02\/elcosturerodesara_02.jpg\" \/>\n\t<meta property=\"og:image:width\" content=\"1920\" \/>\n\t<meta property=\"og:image:height\" content=\"1280\" \/>\n\t<meta property=\"og:image:type\" content=\"image\/jpeg\" \/>\n<meta name=\"twitter:card\" content=\"summary_large_image\" \/>\n<script type=\"application\/ld+json\" class=\"yoast-schema-graph\">{\"@context\":\"https:\/\/schema.org\",\"@graph\":[{\"@type\":\"WebPage\",\"@id\":\"https:\/\/www.elcosturerodesara.com\/aviso-legal\/\",\"url\":\"https:\/\/www.elcosturerodesara.com\/aviso-legal\/\",\"name\":\"El costurero de Sara | Aviso legal\",\"isPartOf\":{\"@id\":\"https:\/\/www.elcosturerodesara.com\/#website\"},\"primaryImageOfPage\":{\"@id\":\"https:\/\/www.elcosturerodesara.com\/aviso-legal\/#primaryimage\"},\"image\":{\"@id\":\"https:\/\/www.elcosturerodesara.com\/aviso-legal\/#primaryimage\"},\"thumbnailUrl\":\"https:\/\/www.elcosturerodesara.com\/wp-content\/uploads\/2023\/02\/elcosturerodesara_02.jpg\",\"datePublished\":\"2023-02-18T17:10:38+00:00\",\"dateModified\":\"2023-05-15T16:33:06+00:00\",\"description\":\"Arreglamos tu ropa para que puedas lucirla con estilo. Haz que tus prendas favoritas te sienten a la perfecci\u00f3n con nuestros arreglos.\",\"breadcrumb\":{\"@id\":\"https:\/\/www.elcosturerodesara.com\/aviso-legal\/#breadcrumb\"},\"inLanguage\":\"fr-FR\",\"potentialAction\":[{\"@type\":\"ReadAction\",\"target\":[\"https:\/\/www.elcosturerodesara.com\/aviso-legal\/\"]}]},{\"@type\":\"ImageObject\",\"inLanguage\":\"fr-FR\",\"@id\":\"https:\/\/www.elcosturerodesara.com\/aviso-legal\/#primaryimage\",\"url\":\"https:\/\/www.elcosturerodesara.com\/wp-content\/uploads\/2023\/02\/elcosturerodesara_02.jpg\",\"contentUrl\":\"https:\/\/www.elcosturerodesara.com\/wp-content\/uploads\/2023\/02\/elcosturerodesara_02.jpg\",\"width\":1920,\"height\":1280,\"caption\":\"Cosiendo telas\"},{\"@type\":\"BreadcrumbList\",\"@id\":\"https:\/\/www.elcosturerodesara.com\/aviso-legal\/#breadcrumb\",\"itemListElement\":[{\"@type\":\"ListItem\",\"position\":1,\"name\":\"Inicio\",\"item\":\"https:\/\/www.elcosturerodesara.com\/\"},{\"@type\":\"ListItem\",\"position\":2,\"name\":\"Aviso legal\"}]},{\"@type\":\"WebSite\",\"@id\":\"https:\/\/www.elcosturerodesara.com\/#website\",\"url\":\"https:\/\/www.elcosturerodesara.com\/\",\"name\":\"El costurero de Sara\",\"description\":\"Los mejores arreglos de ropa\",\"publisher\":{\"@id\":\"https:\/\/www.elcosturerodesara.com\/#organization\"},\"potentialAction\":[{\"@type\":\"SearchAction\",\"target\":{\"@type\":\"EntryPoint\",\"urlTemplate\":\"https:\/\/www.elcosturerodesara.com\/?s={search_term_string}\"},\"query-input\":{\"@type\":\"PropertyValueSpecification\",\"valueRequired\":true,\"valueName\":\"search_term_string\"}}],\"inLanguage\":\"fr-FR\"},{\"@type\":\"Organization\",\"@id\":\"https:\/\/www.elcosturerodesara.com\/#organization\",\"name\":\"El costurero de Sara\",\"url\":\"https:\/\/www.elcosturerodesara.com\/\",\"logo\":{\"@type\":\"ImageObject\",\"inLanguage\":\"fr-FR\",\"@id\":\"https:\/\/www.elcosturerodesara.com\/#\/schema\/logo\/image\/\",\"url\":\"https:\/\/www.elcosturerodesara.com\/wp-content\/uploads\/2023\/02\/Logoelosturerodesara-negativo-1.svg\",\"contentUrl\":\"https:\/\/www.elcosturerodesara.com\/wp-content\/uploads\/2023\/02\/Logoelosturerodesara-negativo-1.svg\",\"width\":1726,\"height\":1275,\"caption\":\"El costurero de Sara\"},\"image\":{\"@id\":\"https:\/\/www.elcosturerodesara.com\/#\/schema\/logo\/image\/\"}}]}<\/script>\n<!-- \/ Yoast SEO plugin. -->","yoast_head_json":{"title":"El costurero de Sara | Aviso legal","description":"Arreglamos tu ropa para que puedas lucirla con estilo. Haz que tus prendas favoritas te sienten a la perfecci\u00f3n con nuestros arreglos.","robots":{"index":"index","follow":"follow","max-snippet":"max-snippet:-1","max-image-preview":"max-image-preview:large","max-video-preview":"max-video-preview:-1"},"canonical":"https:\/\/www.elcosturerodesara.com\/fr\/aviso-legal\/","og_locale":"fr_FR","og_type":"article","og_title":"El costurero de Sara | Aviso legal","og_description":"Arreglamos tu ropa para que puedas lucirla con estilo. Haz que tus prendas favoritas te sienten a la perfecci\u00f3n con nuestros arreglos.","og_url":"https:\/\/www.elcosturerodesara.com\/fr\/aviso-legal\/","og_site_name":"El costurero de Sara","article_modified_time":"2023-05-15T16:33:06+00:00","og_image":[{"width":1920,"height":1280,"url":"https:\/\/www.elcosturerodesara.com\/wp-content\/uploads\/2023\/02\/elcosturerodesara_02.jpg","type":"image\/jpeg"}],"twitter_card":"summary_large_image","schema":{"@context":"https:\/\/schema.org","@graph":[{"@type":"WebPage","@id":"https:\/\/www.elcosturerodesara.com\/aviso-legal\/","url":"https:\/\/www.elcosturerodesara.com\/aviso-legal\/","name":"El costurero de Sara | Aviso legal","isPartOf":{"@id":"https:\/\/www.elcosturerodesara.com\/#website"},"primaryImageOfPage":{"@id":"https:\/\/www.elcosturerodesara.com\/aviso-legal\/#primaryimage"},"image":{"@id":"https:\/\/www.elcosturerodesara.com\/aviso-legal\/#primaryimage"},"thumbnailUrl":"https:\/\/www.elcosturerodesara.com\/wp-content\/uploads\/2023\/02\/elcosturerodesara_02.jpg","datePublished":"2023-02-18T17:10:38+00:00","dateModified":"2023-05-15T16:33:06+00:00","description":"Arreglamos tu ropa para que puedas lucirla con estilo. Haz que tus prendas favoritas te sienten a la perfecci\u00f3n con nuestros arreglos.","breadcrumb":{"@id":"https:\/\/www.elcosturerodesara.com\/aviso-legal\/#breadcrumb"},"inLanguage":"fr-FR","potentialAction":[{"@type":"ReadAction","target":["https:\/\/www.elcosturerodesara.com\/aviso-legal\/"]}]},{"@type":"ImageObject","inLanguage":"fr-FR","@id":"https:\/\/www.elcosturerodesara.com\/aviso-legal\/#primaryimage","url":"https:\/\/www.elcosturerodesara.com\/wp-content\/uploads\/2023\/02\/elcosturerodesara_02.jpg","contentUrl":"https:\/\/www.elcosturerodesara.com\/wp-content\/uploads\/2023\/02\/elcosturerodesara_02.jpg","width":1920,"height":1280,"caption":"Cosiendo telas"},{"@type":"BreadcrumbList","@id":"https:\/\/www.elcosturerodesara.com\/aviso-legal\/#breadcrumb","itemListElement":[{"@type":"ListItem","position":1,"name":"Inicio","item":"https:\/\/www.elcosturerodesara.com\/"},{"@type":"ListItem","position":2,"name":"Aviso legal"}]},{"@type":"WebSite","@id":"https:\/\/www.elcosturerodesara.com\/#website","url":"https:\/\/www.elcosturerodesara.com\/","name":"El costurero de Sara","description":"Los mejores arreglos de ropa","publisher":{"@id":"https:\/\/www.elcosturerodesara.com\/#organization"},"potentialAction":[{"@type":"SearchAction","target":{"@type":"EntryPoint","urlTemplate":"https:\/\/www.elcosturerodesara.com\/?s={search_term_string}"},"query-input":{"@type":"PropertyValueSpecification","valueRequired":true,"valueName":"search_term_string"}}],"inLanguage":"fr-FR"},{"@type":"Organization","@id":"https:\/\/www.elcosturerodesara.com\/#organization","name":"El costurero de Sara","url":"https:\/\/www.elcosturerodesara.com\/","logo":{"@type":"ImageObject","inLanguage":"fr-FR","@id":"https:\/\/www.elcosturerodesara.com\/#\/schema\/logo\/image\/","url":"https:\/\/www.elcosturerodesara.com\/wp-content\/uploads\/2023\/02\/Logoelosturerodesara-negativo-1.svg","contentUrl":"https:\/\/www.elcosturerodesara.com\/wp-content\/uploads\/2023\/02\/Logoelosturerodesara-negativo-1.svg","width":1726,"height":1275,"caption":"El costurero de Sara"},"image":{"@id":"https:\/\/www.elcosturerodesara.com\/#\/schema\/logo\/image\/"}}]}},"_links":{"self":[{"href":"https:\/\/www.elcosturerodesara.com\/fr\/wp-json\/wp\/v2\/pages\/275","targetHints":{"allow":["GET"]}}],"collection":[{"href":"https:\/\/www.elcosturerodesara.com\/fr\/wp-json\/wp\/v2\/pages"}],"about":[{"href":"https:\/\/www.elcosturerodesara.com\/fr\/wp-json\/wp\/v2\/types\/page"}],"author":[{"embeddable":true,"href":"https:\/\/www.elcosturerodesara.com\/fr\/wp-json\/wp\/v2\/users\/1"}],"replies":[{"embeddable":true,"href":"https:\/\/www.elcosturerodesara.com\/fr\/wp-json\/wp\/v2\/comments?post=275"}],"version-history":[{"count":5,"href":"https:\/\/www.elcosturerodesara.com\/fr\/wp-json\/wp\/v2\/pages\/275\/revisions"}],"predecessor-version":[{"id":863,"href":"https:\/\/www.elcosturerodesara.com\/fr\/wp-json\/wp\/v2\/pages\/275\/revisions\/863"}],"wp:featuredmedia":[{"embeddable":true,"href":"https:\/\/www.elcosturerodesara.com\/fr\/wp-json\/wp\/v2\/media\/361"}],"wp:attachment":[{"href":"https:\/\/www.elcosturerodesara.com\/fr\/wp-json\/wp\/v2\/media?parent=275"}],"curies":[{"name":"wp","href":"https:\/\/api.w.org\/{rel}","templated":true}]}}