{"id":269,"date":"2023-02-18T18:08:17","date_gmt":"2023-02-18T17:08:17","guid":{"rendered":"https:\/\/www.elcosturerodesara.com\/?page_id=269"},"modified":"2023-05-15T18:33:25","modified_gmt":"2023-05-15T16:33:25","slug":"politica-de-privacidad","status":"publish","type":"page","link":"https:\/\/www.elcosturerodesara.com\/fr\/politica-de-privacidad\/","title":{"rendered":"Politique de confidentialit\u00e9"},"content":{"rendered":"<div data-elementor-type=\"wp-page\" data-elementor-id=\"269\" class=\"elementor elementor-269\" data-elementor-post-type=\"page\">\n\t\t\t\t\t\t<section class=\"elementor-section elementor-top-section elementor-element elementor-element-122e1e2 elementor-section-full_width elementor-section-height-default elementor-section-height-default\" data-id=\"122e1e2\" data-element_type=\"section\" data-settings=\"{&quot;background_background&quot;:&quot;classic&quot;,&quot;background_motion_fx_motion_fx_scrolling&quot;:&quot;yes&quot;,&quot;background_motion_fx_devices&quot;:[&quot;desktop&quot;,&quot;tablet&quot;,&quot;mobile&quot;]}\">\n\t\t\t\t\t\t\t<div class=\"elementor-background-overlay\"><\/div>\n\t\t\t\t\t\t\t<div class=\"elementor-container elementor-column-gap-no\">\n\t\t\t\t\t<div class=\"elementor-column elementor-col-100 elementor-top-column elementor-element elementor-element-20b77c84\" data-id=\"20b77c84\" data-element_type=\"column\" data-settings=\"{&quot;background_background&quot;:&quot;classic&quot;}\">\n\t\t\t<div class=\"elementor-widget-wrap elementor-element-populated\">\n\t\t\t\t\t\t<div class=\"elementor-element elementor-element-2b7361a elementor-widget__width-auto elementor-mobile-align-center elementor-widget-mobile__width-auto elementor-widget elementor-widget-breadcrumbs\" data-id=\"2b7361a\" data-element_type=\"widget\" data-widget_type=\"breadcrumbs.default\">\n\t\t\t\t<div class=\"elementor-widget-container\">\n\t\t\t\t\t<p id=\"breadcrumbs\"><span><span><a href=\"https:\/\/www.elcosturerodesara.com\/fr\/\">D\u00e9but<\/a><\/span><\/span><\/p>\t\t\t\t<\/div>\n\t\t\t\t<\/div>\n\t\t\t\t<div class=\"elementor-element elementor-element-3945f94a elementor-invisible elementor-widget elementor-widget-heading\" data-id=\"3945f94a\" data-element_type=\"widget\" data-settings=\"{&quot;_animation&quot;:&quot;fadeInLeft&quot;}\" data-widget_type=\"heading.default\">\n\t\t\t\t<div class=\"elementor-widget-container\">\n\t\t\t\t\t<h1 class=\"elementor-heading-title elementor-size-default\">POLITIQUE DE CONFIDENTIALIT\u00c9<\/h1>\t\t\t\t<\/div>\n\t\t\t\t<\/div>\n\t\t\t\t<div class=\"elementor-element elementor-element-1bc7879c elementor-widget elementor-widget-text-editor\" data-id=\"1bc7879c\" data-element_type=\"widget\" data-widget_type=\"text-editor.default\">\n\t\t\t\t<div class=\"elementor-widget-container\">\n\t\t\t\t\t\t\t\t\t<p style=\"text-align: center;\">Nous vous informons du respect de la LOPD en ce qui concerne le traitement des donn\u00e9es obtenues <br \/>\u00e0 la suite de la navigation sur ce site Web.<\/p>\t\t\t\t\t\t\t\t<\/div>\n\t\t\t\t<\/div>\n\t\t\t\t<section class=\"elementor-section elementor-inner-section elementor-element elementor-element-185b5fb7 elementor-section-boxed elementor-section-height-default elementor-section-height-default\" data-id=\"185b5fb7\" data-element_type=\"section\">\n\t\t\t\t\t\t<div class=\"elementor-container elementor-column-gap-default\">\n\t\t\t\t\t<div class=\"elementor-column elementor-col-100 elementor-inner-column elementor-element elementor-element-b090a4f\" data-id=\"b090a4f\" data-element_type=\"column\">\n\t\t\t<div class=\"elementor-widget-wrap\">\n\t\t\t\t\t\t\t<\/div>\n\t\t<\/div>\n\t\t\t\t\t<\/div>\n\t\t<\/section>\n\t\t\t\t\t<\/div>\n\t\t<\/div>\n\t\t\t\t\t<\/div>\n\t\t<\/section>\n\t\t\t\t<section class=\"elementor-section elementor-top-section elementor-element elementor-element-34ddcb4c elementor-section-boxed elementor-section-height-default elementor-section-height-default\" data-id=\"34ddcb4c\" data-element_type=\"section\">\n\t\t\t\t\t\t<div class=\"elementor-container elementor-column-gap-default\">\n\t\t\t\t\t<div class=\"elementor-column elementor-col-100 elementor-top-column elementor-element elementor-element-679175ae\" data-id=\"679175ae\" data-element_type=\"column\">\n\t\t\t<div class=\"elementor-widget-wrap elementor-element-populated\">\n\t\t\t\t\t\t<div class=\"elementor-element elementor-element-13dbf191 elementor-widget-divider--view-line_text elementor-widget-divider--element-align-center elementor-widget elementor-widget-divider\" data-id=\"13dbf191\" data-element_type=\"widget\" data-widget_type=\"divider.default\">\n\t\t\t\t<div class=\"elementor-widget-container\">\n\t\t\t\t\t\t\t<div class=\"elementor-divider\">\n\t\t\t<span class=\"elementor-divider-separator\">\n\t\t\t\t\t\t\t<h2 class=\"elementor-divider__text elementor-divider__element\">\n\t\t\t\tQui est responsable du traitement de vos donn\u00e9es ?\t\t\t\t<\/h2>\n\t\t\t\t\t\t<\/span>\n\t\t<\/div>\n\t\t\t\t\t\t<\/div>\n\t\t\t\t<\/div>\n\t\t\t\t<div class=\"elementor-element elementor-element-1d166e14 elementor-widget elementor-widget-text-editor\" data-id=\"1d166e14\" data-element_type=\"widget\" data-widget_type=\"text-editor.default\">\n\t\t\t\t<div class=\"elementor-widget-container\">\n\t\t\t\t\t\t\t\t\t<p><b>Gros titre:<\/b> Mar\u00eda Sara Rodr\u00edguez Gonz\u00e1lez \u2013 09394502Z<br \/><b style=\"color: var( --e-global-color-text ); font-size: 1.2rem;\">Maison:<\/b><span style=\"color: var( --e-global-color-text ); font-size: 1.2rem;\"> c\/ Foncalada, 13 33002 Oviedo (Asturies)<br \/><\/span><b style=\"color: var( --e-global-color-text ); font-size: 1.2rem;\">T\u00e9l\u00e9phone:<\/b><span style=\"color: var( --e-global-color-text ); font-size: 1.2rem;\"> +34 666 536 588<br \/><\/span><b style=\"color: var( --e-global-color-text ); font-size: 1.2rem;\">Poster:<\/b><span style=\"color: var( --e-global-color-text ); font-size: 1.2rem;\"> info@elcosturerodesara.com<br \/><\/span><b style=\"color: var( --e-global-color-text ); font-size: 1.2rem;\">La toile:<\/b><span style=\"color: var( --e-global-color-text ); font-size: 1.2rem;\"> www.elcosturerodesara.com<\/span><span style=\"color: var( --e-global-color-text ); font-size: 1.2rem;\"><br \/><\/span><b style=\"color: var( --e-global-color-text ); font-size: 1.2rem;\">Date de la derni\u00e8re modification\/mise \u00e0 jour de cette politique de confidentialit\u00e9\u00a0:<\/b><span style=\"color: var( --e-global-color-text ); font-size: 1.2rem;\"> <br \/><\/span><b style=\"color: var( --e-global-color-text ); font-size: 1.2rem;\">Pour toute question, vous pouvez contacter<\/b><span style=\"color: var( --e-global-color-text ); font-size: 1.2rem;\"> Maria Sara Rodr\u00edguez Gonz\u00e1lez <\/span><b style=\"color: var( --e-global-color-text ); font-size: 1.2rem;\">\u00e0 travers de:<\/b><span style=\"color: var( --e-global-color-text ); font-size: 1.2rem;\"> info@elcosturerodesara.com<\/span><\/p><p><span style=\"color: var( --e-global-color-text ); font-size: 1.2rem;\">Nos heures de service \u00e0 la client\u00e8le sont de 9 h 00 \u00e0 21 h 00 du lundi au vendredi, de 10 h 00 \u00e0 14 h 00 le samedi. Vous pouvez aller de quelque mani\u00e8re que ce soit pour communiquer avec nous.<\/span><\/p><p>Nous nous r\u00e9servons le droit de modifier ou d&#039;adapter cette politique de confidentialit\u00e9 \u00e0 tout moment. Nous vous recommandons de le consulter, et si vous vous \u00eates inscrit et acc\u00e9dez \u00e0 votre compte ou profil, vous serez inform\u00e9 des changements.<\/p>\t\t\t\t\t\t\t\t<\/div>\n\t\t\t\t<\/div>\n\t\t\t\t<div class=\"elementor-element elementor-element-6807d010 elementor-invisible elementor-widget elementor-widget-heading\" data-id=\"6807d010\" data-element_type=\"widget\" data-settings=\"{&quot;_animation&quot;:&quot;fadeIn&quot;}\" data-widget_type=\"heading.default\">\n\t\t\t\t<div class=\"elementor-widget-container\">\n\t\t\t\t\t<h3 class=\"elementor-heading-title elementor-size-default\">CONTACTS WEB OU COURRIEL<\/h3>\t\t\t\t<\/div>\n\t\t\t\t<\/div>\n\t\t\t\t<div class=\"elementor-element elementor-element-78a122a6 elementor-widget-divider--view-line_text elementor-widget-divider--element-align-center elementor-widget elementor-widget-divider\" data-id=\"78a122a6\" data-element_type=\"widget\" data-widget_type=\"divider.default\">\n\t\t\t\t<div class=\"elementor-widget-container\">\n\t\t\t\t\t\t\t<div class=\"elementor-divider\">\n\t\t\t<span class=\"elementor-divider-separator\">\n\t\t\t\t\t\t\t<h2 class=\"elementor-divider__text elementor-divider__element\">\n\t\t\t\tQuelles donn\u00e9es collectons-nous via le Web ?\t\t\t\t<\/h2>\n\t\t\t\t\t\t<\/span>\n\t\t<\/div>\n\t\t\t\t\t\t<\/div>\n\t\t\t\t<\/div>\n\t\t\t\t<div class=\"elementor-element elementor-element-5fe00a4d elementor-widget elementor-widget-text-editor\" data-id=\"5fe00a4d\" data-element_type=\"widget\" data-widget_type=\"text-editor.default\">\n\t\t\t\t<div class=\"elementor-widget-container\">\n\t\t\t\t\t\t\t\t\tNous pouvons traiter votre adresse IP, le syst\u00e8me d&#039;exploitation ou le navigateur que vous utilisez, et m\u00eame la dur\u00e9e de votre visite, de mani\u00e8re anonyme. Si vous nous fournissez des informations dans le formulaire de contact, vous vous identifierez afin que nous puissions vous contacter, si n\u00e9cessaire.\t\t\t\t\t\t\t\t<\/div>\n\t\t\t\t<\/div>\n\t\t\t\t<div class=\"elementor-element elementor-element-521e2314 elementor-widget-divider--view-line_text elementor-widget-divider--element-align-center elementor-widget elementor-widget-divider\" data-id=\"521e2314\" data-element_type=\"widget\" data-widget_type=\"divider.default\">\n\t\t\t\t<div class=\"elementor-widget-container\">\n\t\t\t\t\t\t\t<div class=\"elementor-divider\">\n\t\t\t<span class=\"elementor-divider-separator\">\n\t\t\t\t\t\t\t<h2 class=\"elementor-divider__text elementor-divider__element\">\n\t\t\t\t\u00c0 quelles fins traiterons-nous vos donn\u00e9es personnelles ?\t\t\t\t<\/h2>\n\t\t\t\t\t\t<\/span>\n\t\t<\/div>\n\t\t\t\t\t\t<\/div>\n\t\t\t\t<\/div>\n\t\t\t\t<div class=\"elementor-element elementor-element-11f6446d elementor-widget elementor-widget-text-editor\" data-id=\"11f6446d\" data-element_type=\"widget\" data-widget_type=\"text-editor.default\">\n\t\t\t\t<div class=\"elementor-widget-container\">\n\t\t\t\t\t\t\t\t\t<p>\u00a0<\/p><ul><li>R\u00e9pondre \u00e0 vos questions, demandes ou requ\u00eates.<\/li><li>G\u00e9rer le service demand\u00e9, r\u00e9pondre \u00e0 votre demande ou traiter votre demande.<\/li><li>Information par voie \u00e9lectronique, concernant votre demande.<\/li><li>Informations ou \u00e9v\u00e9nements commerciaux par voie \u00e9lectronique, sous r\u00e9serve d&#039;une autorisation expresse.<\/li><li>Effectuer des analyses et des am\u00e9liorations sur le Web, sur nos produits et services.<span class=\"Apple-converted-space\">\u00a0 <\/span>Am\u00e9liorer notre strat\u00e9gie commerciale.<\/li><\/ul>\t\t\t\t\t\t\t\t<\/div>\n\t\t\t\t<\/div>\n\t\t\t\t<div class=\"elementor-element elementor-element-7e12c1af elementor-widget-divider--view-line_text elementor-widget-divider--element-align-center elementor-widget elementor-widget-divider\" data-id=\"7e12c1af\" data-element_type=\"widget\" data-widget_type=\"divider.default\">\n\t\t\t\t<div class=\"elementor-widget-container\">\n\t\t\t\t\t\t\t<div class=\"elementor-divider\">\n\t\t\t<span class=\"elementor-divider-separator\">\n\t\t\t\t\t\t\t<h2 class=\"elementor-divider__text elementor-divider__element\">\n\t\t\t\tQuelle est la l\u00e9gitimit\u00e9 du traitement de vos donn\u00e9es ?\t\t\t\t<\/h2>\n\t\t\t\t\t\t<\/span>\n\t\t<\/div>\n\t\t\t\t\t\t<\/div>\n\t\t\t\t<\/div>\n\t\t\t\t<div class=\"elementor-element elementor-element-1f344568 elementor-widget elementor-widget-text-editor\" data-id=\"1f344568\" data-element_type=\"widget\" data-widget_type=\"text-editor.default\">\n\t\t\t\t<div class=\"elementor-widget-container\">\n\t\t\t\t\t\t\t\t\tL&#039;acceptation et le consentement de l&#039;int\u00e9ress\u00e9\u00a0: dans les cas o\u00f9, pour faire une demande, il est n\u00e9cessaire de remplir un formulaire et de cliquer sur le bouton d&#039;envoi, cela impliquera n\u00e9cessairement que vous avez \u00e9t\u00e9 inform\u00e9 et que vous avez express\u00e9ment donn\u00e9 votre consentement \u00e0 la contenu de la clause jointe audit formulaire ou acceptation de la politique de confidentialit\u00e9. Tous nos formulaires comportent le symbole * dans les donn\u00e9es obligatoires. Si vous ne fournissez pas ces champs ou ne cochez pas la case d&#039;acceptation de la politique de confidentialit\u00e9, l&#039;envoi des informations ne sera pas autoris\u00e9. Normalement, il a la formule suivante\u00a0: &quot;J&#039;ai plus de 14 ans et j&#039;ai lu et j&#039;accepte la politique de confidentialit\u00e9.&quot;\t\t\t\t\t\t\t\t<\/div>\n\t\t\t\t<\/div>\n\t\t\t\t<div class=\"elementor-element elementor-element-77fb9030 elementor-invisible elementor-widget elementor-widget-heading\" data-id=\"77fb9030\" data-element_type=\"widget\" data-settings=\"{&quot;_animation&quot;:&quot;fadeIn&quot;}\" data-widget_type=\"heading.default\">\n\t\t\t\t<div class=\"elementor-widget-container\">\n\t\t\t\t\t<h3 class=\"elementor-heading-title elementor-size-default\">CLIENTS<\/h3>\t\t\t\t<\/div>\n\t\t\t\t<\/div>\n\t\t\t\t<div class=\"elementor-element elementor-element-7cd13d90 elementor-widget-divider--view-line_text elementor-widget-divider--element-align-center elementor-widget elementor-widget-divider\" data-id=\"7cd13d90\" data-element_type=\"widget\" data-widget_type=\"divider.default\">\n\t\t\t\t<div class=\"elementor-widget-container\">\n\t\t\t\t\t\t\t<div class=\"elementor-divider\">\n\t\t\t<span class=\"elementor-divider-separator\">\n\t\t\t\t\t\t\t<h2 class=\"elementor-divider__text elementor-divider__element\">\n\t\t\t\t\u00c0 quelles fins traiterons-nous vos donn\u00e9es personnelles ?\t\t\t\t<\/h2>\n\t\t\t\t\t\t<\/span>\n\t\t<\/div>\n\t\t\t\t\t\t<\/div>\n\t\t\t\t<\/div>\n\t\t\t\t<div class=\"elementor-element elementor-element-1d92d077 elementor-widget elementor-widget-text-editor\" data-id=\"1d92d077\" data-element_type=\"widget\" data-widget_type=\"text-editor.default\">\n\t\t\t\t<div class=\"elementor-widget-container\">\n\t\t\t\t\t\t\t\t\t<p>\u00a0<\/p><ul><li>Pr\u00e9paration du budget et suivi de celui-ci par des communications entre les deux parties.<\/li><li>Information par voie \u00e9lectronique, concernant votre demande.<\/li><li>Informations ou \u00e9v\u00e9nements commerciaux par voie \u00e9lectronique, sous r\u00e9serve d&#039;une autorisation expresse.<\/li><li>G\u00e9rer les services administratifs, de communication et de logistique assur\u00e9s par le Responsable.<\/li><li>Facturation et d\u00e9claration des taxes appropri\u00e9es.<\/li><li>Effectuez les transactions correspondantes.<\/li><li>Proc\u00e9dures de contr\u00f4le et de r\u00e9cup\u00e9ration.<\/li><\/ul>\t\t\t\t\t\t\t\t<\/div>\n\t\t\t\t<\/div>\n\t\t\t\t<div class=\"elementor-element elementor-element-1c5f2b16 elementor-invisible elementor-widget elementor-widget-heading\" data-id=\"1c5f2b16\" data-element_type=\"widget\" data-settings=\"{&quot;_animation&quot;:&quot;fadeIn&quot;}\" data-widget_type=\"heading.default\">\n\t\t\t\t<div class=\"elementor-widget-container\">\n\t\t\t\t\t<h3 class=\"elementor-heading-title elementor-size-default\">FOURNISSEURS<\/h3>\t\t\t\t<\/div>\n\t\t\t\t<\/div>\n\t\t\t\t<div class=\"elementor-element elementor-element-78d51e65 elementor-widget-divider--view-line_text elementor-widget-divider--element-align-center elementor-widget elementor-widget-divider\" data-id=\"78d51e65\" data-element_type=\"widget\" data-widget_type=\"divider.default\">\n\t\t\t\t<div class=\"elementor-widget-container\">\n\t\t\t\t\t\t\t<div class=\"elementor-divider\">\n\t\t\t<span class=\"elementor-divider-separator\">\n\t\t\t\t\t\t\t<h2 class=\"elementor-divider__text elementor-divider__element\">\n\t\t\t\t\u00c0 quelles fins traiterons-nous vos donn\u00e9es personnelles ?\t\t\t\t<\/h2>\n\t\t\t\t\t\t<\/span>\n\t\t<\/div>\n\t\t\t\t\t\t<\/div>\n\t\t\t\t<\/div>\n\t\t\t\t<div class=\"elementor-element elementor-element-6868e0c1 elementor-widget elementor-widget-text-editor\" data-id=\"6868e0c1\" data-element_type=\"widget\" data-widget_type=\"text-editor.default\">\n\t\t\t\t<div class=\"elementor-widget-container\">\n\t\t\t\t\t\t\t\t\t<p>\u00a0<\/p><ul><li>Information par voie \u00e9lectronique, concernant votre demande.<\/li><li>Informations ou \u00e9v\u00e9nements commerciaux par voie \u00e9lectronique, sous r\u00e9serve d&#039;une autorisation expresse.<\/li><li>G\u00e9rer les services administratifs, de communication et de logistique assur\u00e9s par le Responsable.<\/li><li>Facturation.<\/li><li>Effectuez les transactions correspondantes.<\/li><li>Facturation et d\u00e9claration des taxes en temps opportun.<\/li><li>Proc\u00e9dures de contr\u00f4le et de r\u00e9cup\u00e9ration.<\/li><\/ul>\t\t\t\t\t\t\t\t<\/div>\n\t\t\t\t<\/div>\n\t\t\t\t<div class=\"elementor-element elementor-element-e0af12e elementor-widget-divider--view-line_text elementor-widget-divider--element-align-center elementor-widget elementor-widget-divider\" data-id=\"e0af12e\" data-element_type=\"widget\" data-widget_type=\"divider.default\">\n\t\t\t\t<div class=\"elementor-widget-container\">\n\t\t\t\t\t\t\t<div class=\"elementor-divider\">\n\t\t\t<span class=\"elementor-divider-separator\">\n\t\t\t\t\t\t\t<h2 class=\"elementor-divider__text elementor-divider__element\">\n\t\t\t\tQuelle est la l\u00e9gitimit\u00e9 du traitement de vos donn\u00e9es ?\t\t\t\t<\/h2>\n\t\t\t\t\t\t<\/span>\n\t\t<\/div>\n\t\t\t\t\t\t<\/div>\n\t\t\t\t<\/div>\n\t\t\t\t<div class=\"elementor-element elementor-element-6fb3056f elementor-widget elementor-widget-text-editor\" data-id=\"6fb3056f\" data-element_type=\"widget\" data-widget_type=\"text-editor.default\">\n\t\t\t\t<div class=\"elementor-widget-container\">\n\t\t\t\t\t\t\t\t\tLa base l\u00e9gale est l&#039;acceptation d&#039;une relation contractuelle, ou \u00e0 d\u00e9faut, votre consentement lorsque vous nous contactez ou nous proposez vos produits de quelque mani\u00e8re que ce soit.\t\t\t\t\t\t\t\t<\/div>\n\t\t\t\t<\/div>\n\t\t\t\t<div class=\"elementor-element elementor-element-577f0b0a elementor-invisible elementor-widget elementor-widget-heading\" data-id=\"577f0b0a\" data-element_type=\"widget\" data-settings=\"{&quot;_animation&quot;:&quot;fadeIn&quot;}\" data-widget_type=\"heading.default\">\n\t\t\t\t<div class=\"elementor-widget-container\">\n\t\t\t\t\t<h3 class=\"elementor-heading-title elementor-size-default\">CONTACTS R\u00c9SEAUX SOCIAUX<\/h3>\t\t\t\t<\/div>\n\t\t\t\t<\/div>\n\t\t\t\t<div class=\"elementor-element elementor-element-5cef6d3 elementor-widget-divider--view-line_text elementor-widget-divider--element-align-center elementor-widget elementor-widget-divider\" data-id=\"5cef6d3\" data-element_type=\"widget\" data-widget_type=\"divider.default\">\n\t\t\t\t<div class=\"elementor-widget-container\">\n\t\t\t\t\t\t\t<div class=\"elementor-divider\">\n\t\t\t<span class=\"elementor-divider-separator\">\n\t\t\t\t\t\t\t<h2 class=\"elementor-divider__text elementor-divider__element\">\n\t\t\t\t\u00c0 quelles fins traiterons-nous vos donn\u00e9es personnelles ?\t\t\t\t<\/h2>\n\t\t\t\t\t\t<\/span>\n\t\t<\/div>\n\t\t\t\t\t\t<\/div>\n\t\t\t\t<\/div>\n\t\t\t\t<div class=\"elementor-element elementor-element-e3070b8 elementor-widget elementor-widget-text-editor\" data-id=\"e3070b8\" data-element_type=\"widget\" data-widget_type=\"text-editor.default\">\n\t\t\t\t<div class=\"elementor-widget-container\">\n\t\t\t\t\t\t\t\t\t<div>\u00a0<\/div><ul><li>R\u00e9pondre \u00e0 vos questions, demandes<span class=\"Apple-converted-space\">\u00a0 <\/span>ou demandes.<\/li><li>G\u00e9rer le service demand\u00e9, r\u00e9pondre \u00e0 votre demande ou traiter votre demande.<\/li><li>Connectez-vous avec vous et cr\u00e9ez une communaut\u00e9 de followers.<\/li><\/ul>\t\t\t\t\t\t\t\t<\/div>\n\t\t\t\t<\/div>\n\t\t\t\t<div class=\"elementor-element elementor-element-2b0cc02d elementor-widget-divider--view-line_text elementor-widget-divider--element-align-center elementor-widget elementor-widget-divider\" data-id=\"2b0cc02d\" data-element_type=\"widget\" data-widget_type=\"divider.default\">\n\t\t\t\t<div class=\"elementor-widget-container\">\n\t\t\t\t\t\t\t<div class=\"elementor-divider\">\n\t\t\t<span class=\"elementor-divider-separator\">\n\t\t\t\t\t\t\t<h2 class=\"elementor-divider__text elementor-divider__element\">\n\t\t\t\tQuelle est la l\u00e9gitimit\u00e9 du traitement de vos donn\u00e9es ?\t\t\t\t<\/h2>\n\t\t\t\t\t\t<\/span>\n\t\t<\/div>\n\t\t\t\t\t\t<\/div>\n\t\t\t\t<\/div>\n\t\t\t\t<div class=\"elementor-element elementor-element-23c9a403 elementor-widget elementor-widget-text-editor\" data-id=\"23c9a403\" data-element_type=\"widget\" data-widget_type=\"text-editor.default\">\n\t\t\t\t<div class=\"elementor-widget-container\">\n\t\t\t\t\t\t\t\t\t<div><span style=\"color: var( --e-global-color-text ); font-family: var( --e-global-typography-text-font-family ), Sans-serif; font-size: var( --e-global-typography-text-font-size ); font-weight: var( --e-global-typography-text-font-weight );\">L&#039;acceptation d&#039;une relation contractuelle dans l&#039;environnement du r\u00e9seau social correspondant, et conform\u00e9ment \u00e0 ses Politiques de confidentialit\u00e9 :<\/span><\/div><ul><li>Facebook <a href=\"http:\/\/www.facebook.com\/policy.php?ref=pf#_blank\">http:\/\/www.facebook.com\/policy.php?ref=pf<\/a><\/li><li>Instagram <a href=\"https:\/\/help.instagram.com\/155833707900388#_blank\">https:\/\/help.instagram.com\/155833707900388<\/a><\/li><li>Twitter\u00a0<a href=\"http:\/\/twitter.com\/privacy#_blank\">http:\/\/twitter.com\/privacy<\/a><\/li><li>pinterest <a href=\"https:\/\/about.pinterest.com\/es\/privacy-policy#_blank\">https:\/\/about.pinterest.com\/es\/privacy-policy<\/a><\/li><li>Google* <a href=\"http:\/\/www.google.com\/intl\/es\/policies\/privacy\/#_blank\">http:\/\/www.google.com\/intl\/es\/policies\/privacy\/<\/a> *(Google+ et Youtube)<\/li><\/ul>\t\t\t\t\t\t\t\t<\/div>\n\t\t\t\t<\/div>\n\t\t\t\t<div class=\"elementor-element elementor-element-1c00e598 elementor-widget-divider--view-line_text elementor-widget-divider--element-align-center elementor-widget elementor-widget-divider\" data-id=\"1c00e598\" data-element_type=\"widget\" data-widget_type=\"divider.default\">\n\t\t\t\t<div class=\"elementor-widget-container\">\n\t\t\t\t\t\t\t<div class=\"elementor-divider\">\n\t\t\t<span class=\"elementor-divider-separator\">\n\t\t\t\t\t\t\t<h2 class=\"elementor-divider__text elementor-divider__element\">\n\t\t\t\tCombien de temps conserverons-nous les donn\u00e9es personnelles ?\t\t\t\t<\/h2>\n\t\t\t\t\t\t<\/span>\n\t\t<\/div>\n\t\t\t\t\t\t<\/div>\n\t\t\t\t<\/div>\n\t\t\t\t<div class=\"elementor-element elementor-element-31536e2a elementor-widget elementor-widget-text-editor\" data-id=\"31536e2a\" data-element_type=\"widget\" data-widget_type=\"text-editor.default\">\n\t\t\t\t<div class=\"elementor-widget-container\">\n\t\t\t\t\t\t\t\t\tNous ne pouvons consulter ou annuler vos donn\u00e9es que de mani\u00e8re restreinte en ayant un profil sp\u00e9cifique. Nous les traiterons aussi longtemps que vous nous laisserez en nous suivant, en \u00e9tant amis ou en cliquant sur &quot;J&#039;aime&quot;, &quot;Suivre&quot; ou des boutons similaires. Toute rectification de vos donn\u00e9es ou restriction d&#039;informations ou de publications doit \u00eatre effectu\u00e9e via la configuration de votre profil ou utilisateur dans le r\u00e9seau social lui-m\u00eame.\t\t\t\t\t\t\t\t<\/div>\n\t\t\t\t<\/div>\n\t\t\t\t<div class=\"elementor-element elementor-element-25786bd0 elementor-widget-divider--view-line_text elementor-widget-divider--element-align-center elementor-widget elementor-widget-divider\" data-id=\"25786bd0\" data-element_type=\"widget\" data-widget_type=\"divider.default\">\n\t\t\t\t<div class=\"elementor-widget-container\">\n\t\t\t\t\t\t\t<div class=\"elementor-divider\">\n\t\t\t<span class=\"elementor-divider-separator\">\n\t\t\t\t\t\t\t<h2 class=\"elementor-divider__text elementor-divider__element\">\n\t\t\t\tIncluons-nous des donn\u00e9es personnelles de tiers\u00a0?\t\t\t\t<\/h2>\n\t\t\t\t\t\t<\/span>\n\t\t<\/div>\n\t\t\t\t\t\t<\/div>\n\t\t\t\t<\/div>\n\t\t\t\t<div class=\"elementor-element elementor-element-33e1f5b1 elementor-widget elementor-widget-text-editor\" data-id=\"33e1f5b1\" data-element_type=\"widget\" data-widget_type=\"text-editor.default\">\n\t\t\t\t<div class=\"elementor-widget-container\">\n\t\t\t\t\t\t\t\t\tNon, en r\u00e8gle g\u00e9n\u00e9rale, nous ne traitons que les donn\u00e9es fournies par les propri\u00e9taires. Si vous nous fournissez des donn\u00e9es provenant de tiers, vous devez pr\u00e9alablement en informer et solliciter leur consentement aupr\u00e8s desdites personnes, faute de quoi vous nous exon\u00e9rez de toute responsabilit\u00e9 en cas de non-respect de cette exigence.\t\t\t\t\t\t\t\t<\/div>\n\t\t\t\t<\/div>\n\t\t\t\t<div class=\"elementor-element elementor-element-48a1e4de elementor-widget-divider--view-line_text elementor-widget-divider--element-align-center elementor-widget elementor-widget-divider\" data-id=\"48a1e4de\" data-element_type=\"widget\" data-widget_type=\"divider.default\">\n\t\t\t\t<div class=\"elementor-widget-container\">\n\t\t\t\t\t\t\t<div class=\"elementor-divider\">\n\t\t\t<span class=\"elementor-divider-separator\">\n\t\t\t\t\t\t\t<h2 class=\"elementor-divider__text elementor-divider__element\">\n\t\t\t\tEt les donn\u00e9es des mineurs ?\t\t\t\t<\/h2>\n\t\t\t\t\t\t<\/span>\n\t\t<\/div>\n\t\t\t\t\t\t<\/div>\n\t\t\t\t<\/div>\n\t\t\t\t<div class=\"elementor-element elementor-element-5cf0fae7 elementor-widget elementor-widget-text-editor\" data-id=\"5cf0fae7\" data-element_type=\"widget\" data-widget_type=\"text-editor.default\">\n\t\t\t\t<div class=\"elementor-widget-container\">\n\t\t\t\t\t\t\t\t\tNous ne traitons pas les donn\u00e9es des enfants de moins de 14 ans. Par cons\u00e9quent, \u00e9vitez de les fournir si vous n&#039;avez pas cet \u00e2ge ou, le cas \u00e9ch\u00e9ant, de fournir des donn\u00e9es de tiers qui n&#039;ont pas cet \u00e2ge. Mar\u00eda Sara Rodr\u00edguez Gonz\u00e1lez d\u00e9cline toute responsabilit\u00e9 en cas de violation de cette disposition.\t\t\t\t\t\t\t\t<\/div>\n\t\t\t\t<\/div>\n\t\t\t\t<div class=\"elementor-element elementor-element-1444f513 elementor-widget-divider--view-line_text elementor-widget-divider--element-align-center elementor-widget elementor-widget-divider\" data-id=\"1444f513\" data-element_type=\"widget\" data-widget_type=\"divider.default\">\n\t\t\t\t<div class=\"elementor-widget-container\">\n\t\t\t\t\t\t\t<div class=\"elementor-divider\">\n\t\t\t<span class=\"elementor-divider-separator\">\n\t\t\t\t\t\t\t<h2 class=\"elementor-divider__text elementor-divider__element\">\n\t\t\t\tFerons-nous des communications par voie \u00e9lectronique?\t\t\t\t<\/h2>\n\t\t\t\t\t\t<\/span>\n\t\t<\/div>\n\t\t\t\t\t\t<\/div>\n\t\t\t\t<\/div>\n\t\t\t\t<div class=\"elementor-element elementor-element-59cb0289 elementor-widget elementor-widget-text-editor\" data-id=\"59cb0289\" data-element_type=\"widget\" data-widget_type=\"text-editor.default\">\n\t\t\t\t<div class=\"elementor-widget-container\">\n\t\t\t\t\t\t\t\t\t<ul><li>Elles ne seront r\u00e9alis\u00e9es que pour g\u00e9rer votre demande, s&#039;il s&#039;agit d&#039;un des moyens de contact que vous nous avez fournis.<\/li><li>Si nous faisons des communications commerciales, elles auront \u00e9t\u00e9 pr\u00e9alablement et express\u00e9ment<span class=\"Apple-converted-space\">\u00a0 <\/span>autoris\u00e9 par vous.<\/li><\/ul>\t\t\t\t\t\t\t\t<\/div>\n\t\t\t\t<\/div>\n\t\t\t\t<div class=\"elementor-element elementor-element-7f4d9686 elementor-widget-divider--view-line_text elementor-widget-divider--element-align-center elementor-widget elementor-widget-divider\" data-id=\"7f4d9686\" data-element_type=\"widget\" data-widget_type=\"divider.default\">\n\t\t\t\t<div class=\"elementor-widget-container\">\n\t\t\t\t\t\t\t<div class=\"elementor-divider\">\n\t\t\t<span class=\"elementor-divider-separator\">\n\t\t\t\t\t\t\t<h2 class=\"elementor-divider__text elementor-divider__element\">\n\t\t\t\tQuelles mesures de s\u00e9curit\u00e9 appliquons-nous ?\t\t\t\t<\/h2>\n\t\t\t\t\t\t<\/span>\n\t\t<\/div>\n\t\t\t\t\t\t<\/div>\n\t\t\t\t<\/div>\n\t\t\t\t<div class=\"elementor-element elementor-element-6d983ef2 elementor-widget elementor-widget-text-editor\" data-id=\"6d983ef2\" data-element_type=\"widget\" data-widget_type=\"text-editor.default\">\n\t\t\t\t<div class=\"elementor-widget-container\">\n\t\t\t\t\t\t\t\t\t<div><span style=\"color: var( --e-global-color-text ); font-family: var( --e-global-typography-text-font-family ), Sans-serif; font-size: var( --e-global-typography-text-font-size ); font-weight: var( --e-global-typography-text-font-weight );\">Vous pouvez \u00eatre tranquille : Nous avons adopt\u00e9 un niveau optimal de protection des Donn\u00e9es Personnelles que nous traitons, et nous avons mis en place tous les moyens et mesures techniques \u00e0 notre disposition selon l&#039;\u00e9tat de la technique pour \u00e9viter les pertes, d\u00e9tournements, alt\u00e9rations, acc\u00e8s non autoris\u00e9s et vol de donn\u00e9es personnelles.<\/span><\/div>\t\t\t\t\t\t\t\t<\/div>\n\t\t\t\t<\/div>\n\t\t\t\t<div class=\"elementor-element elementor-element-61547df2 elementor-widget-divider--view-line_text elementor-widget-divider--element-align-center elementor-widget elementor-widget-divider\" data-id=\"61547df2\" data-element_type=\"widget\" data-widget_type=\"divider.default\">\n\t\t\t\t<div class=\"elementor-widget-container\">\n\t\t\t\t\t\t\t<div class=\"elementor-divider\">\n\t\t\t<span class=\"elementor-divider-separator\">\n\t\t\t\t\t\t\t<h2 class=\"elementor-divider__text elementor-divider__element\">\n\t\t\t\tA quels destinataires vos donn\u00e9es seront-elles communiqu\u00e9es ?\t\t\t\t<\/h2>\n\t\t\t\t\t\t<\/span>\n\t\t<\/div>\n\t\t\t\t\t\t<\/div>\n\t\t\t\t<\/div>\n\t\t\t\t<div class=\"elementor-element elementor-element-6b90c1db elementor-widget elementor-widget-text-editor\" data-id=\"6b90c1db\" data-element_type=\"widget\" data-widget_type=\"text-editor.default\">\n\t\t\t\t<div class=\"elementor-widget-container\">\n\t\t\t\t\t\t\t\t\tVos donn\u00e9es ne seront pas c\u00e9d\u00e9es \u00e0 des tiers, sauf obligation l\u00e9gale. Plus pr\u00e9cis\u00e9ment, ils seront communiqu\u00e9s \u00e0 l&#039;Agence nationale de l&#039;administration fiscale et aux banques et entit\u00e9s financi\u00e8res pour le recouvrement du service fourni ou du produit achet\u00e9, ainsi qu&#039;aux responsables du traitement n\u00e9cessaire \u00e0 l&#039;ex\u00e9cution de l&#039;accord. En cas d&#039;achat ou de paiement, si vous choisissez une application, un site web, une plateforme, une carte bancaire ou tout autre service en ligne, vos donn\u00e9es seront transf\u00e9r\u00e9es sur cette plateforme ou seront trait\u00e9es dans son environnement, toujours avec une s\u00e9curit\u00e9 maximale. Lorsque nous le commandons, la soci\u00e9t\u00e9 de d\u00e9veloppement et de maintenance Web, ou l&#039;h\u00e9bergeur, aura acc\u00e8s \u00e0 notre site Web. Ils auront sign\u00e9 un contrat de prestation de services qui les oblige \u00e0 maintenir le m\u00eame niveau de confidentialit\u00e9 que nous. Tout transfert international de donn\u00e9es lors de l&#039;utilisation d&#039;applications am\u00e9ricaines aura les garanties appropri\u00e9es requises par le RGPD, qui garantit que les \u00e9diteurs de logiciels am\u00e9ricains respectent les politiques europ\u00e9ennes de protection des donn\u00e9es en mati\u00e8re de confidentialit\u00e9.\t\t\t\t\t\t\t\t<\/div>\n\t\t\t\t<\/div>\n\t\t\t\t<div class=\"elementor-element elementor-element-21f00d5a elementor-widget-divider--view-line_text elementor-widget-divider--element-align-center elementor-widget elementor-widget-divider\" data-id=\"21f00d5a\" data-element_type=\"widget\" data-widget_type=\"divider.default\">\n\t\t\t\t<div class=\"elementor-widget-container\">\n\t\t\t\t\t\t\t<div class=\"elementor-divider\">\n\t\t\t<span class=\"elementor-divider-separator\">\n\t\t\t\t\t\t\t<h2 class=\"elementor-divider__text elementor-divider__element\">\n\t\t\t\tQuels droits avez-vous ?\t\t\t\t<\/h2>\n\t\t\t\t\t\t<\/span>\n\t\t<\/div>\n\t\t\t\t\t\t<\/div>\n\t\t\t\t<\/div>\n\t\t\t\t<div class=\"elementor-element elementor-element-10c7addd elementor-widget elementor-widget-text-editor\" data-id=\"10c7addd\" data-element_type=\"widget\" data-widget_type=\"text-editor.default\">\n\t\t\t\t<div class=\"elementor-widget-container\">\n\t\t\t\t\t\t\t\t\t<ul><li>Pour savoir si nous traitons vos donn\u00e9es ou non.<\/li><li>Pour acc\u00e9der \u00e0 vos donn\u00e9es personnelles.<\/li><li>De demander la rectification de vos donn\u00e9es si elles sont inexactes.<\/li><li>De demander la suppression de vos donn\u00e9es si elles ne sont plus n\u00e9cessaires aux finalit\u00e9s pour lesquelles elles ont \u00e9t\u00e9 collect\u00e9es ou si vous retirez le consentement accord\u00e9.<\/li><li>De demander la limitation du traitement de vos donn\u00e9es, dans certains cas, auquel cas nous ne les conserverons que conform\u00e9ment \u00e0 la r\u00e9glementation en vigueur.<\/li><li>Pour transporter vos donn\u00e9es, qui vous seront fournies dans un format structur\u00e9, couramment utilis\u00e9 ou lisible par machine. Si vous pr\u00e9f\u00e9rez, nous pouvons les faire parvenir au nouveau responsable que vous d\u00e9signez. Il n&#039;est valable que dans certains cas.<\/li><li>Pour d\u00e9poser une r\u00e9clamation aupr\u00e8s de l&#039;Agence espagnole de protection des donn\u00e9es ou de l&#039;autorit\u00e9 de contr\u00f4le comp\u00e9tente, si vous pensez que nous ne vous avons pas assist\u00e9 correctement.<\/li><li>Pour r\u00e9voquer le consentement \u00e0 tout traitement auquel vous avez consenti, \u00e0 tout moment.<\/li><\/ul><p>\u00a0<\/p><p>Si vous modifiez des donn\u00e9es, nous vous remercions de nous en informer afin que nous puissions les tenir \u00e0 jour.<\/p>\t\t\t\t\t\t\t\t<\/div>\n\t\t\t\t<\/div>\n\t\t\t\t<div class=\"elementor-element elementor-element-7c08da38 elementor-widget-divider--view-line_text elementor-widget-divider--element-align-center elementor-widget elementor-widget-divider\" data-id=\"7c08da38\" data-element_type=\"widget\" data-widget_type=\"divider.default\">\n\t\t\t\t<div class=\"elementor-widget-container\">\n\t\t\t\t\t\t\t<div class=\"elementor-divider\">\n\t\t\t<span class=\"elementor-divider-separator\">\n\t\t\t\t\t\t\t<h2 class=\"elementor-divider__text elementor-divider__element\">\n\t\t\t\tVoulez-vous un formulaire pour l&#039;exercice des droits?\t\t\t\t<\/h2>\n\t\t\t\t\t\t<\/span>\n\t\t<\/div>\n\t\t\t\t\t\t<\/div>\n\t\t\t\t<\/div>\n\t\t\t\t<div class=\"elementor-element elementor-element-4efbb572 elementor-widget elementor-widget-text-editor\" data-id=\"4efbb572\" data-element_type=\"widget\" data-widget_type=\"text-editor.default\">\n\t\t\t\t<div class=\"elementor-widget-container\">\n\t\t\t\t\t\t\t\t\t<ul><li>Nous disposons de formulaires pour l&#039;exercice de vos droits, demandez-les nous par<span class=\"Apple-converted-space\">\u00a0 <\/span>e-mail ou si vous pr\u00e9f\u00e9rez, vous pouvez utiliser ceux pr\u00e9par\u00e9s par l&#039;Agence espagnole de protection des donn\u00e9es ou des tiers.<\/li><li>Ces formulaires doivent \u00eatre sign\u00e9s \u00e9lectroniquement ou \u00eatre accompagn\u00e9s d&#039;une photocopie du DNI.<\/li><li>Si quelqu&#039;un vous repr\u00e9sente, vous devez joindre une copie de votre pi\u00e8ce d&#039;identit\u00e9 ou la signer avec votre signature \u00e9lectronique.<\/li><li>Les formulaires peuvent \u00eatre pr\u00e9sent\u00e9s en personne, envoy\u00e9s par lettre ou par courrier \u00e0 l&#039;adresse du responsable au d\u00e9but de ce texte.<\/li><\/ul>\t\t\t\t\t\t\t\t<\/div>\n\t\t\t\t<\/div>\n\t\t\t\t<div class=\"elementor-element elementor-element-7461e495 elementor-widget-divider--view-line_text elementor-widget-divider--element-align-center elementor-widget elementor-widget-divider\" data-id=\"7461e495\" data-element_type=\"widget\" data-widget_type=\"divider.default\">\n\t\t\t\t<div class=\"elementor-widget-container\">\n\t\t\t\t\t\t\t<div class=\"elementor-divider\">\n\t\t\t<span class=\"elementor-divider-separator\">\n\t\t\t\t\t\t\t<h2 class=\"elementor-divider__text elementor-divider__element\">\n\t\t\t\tTraitons-nous les cookies ?\t\t\t\t<\/h2>\n\t\t\t\t\t\t<\/span>\n\t\t<\/div>\n\t\t\t\t\t\t<\/div>\n\t\t\t\t<\/div>\n\t\t\t\t<div class=\"elementor-element elementor-element-4e89cc27 elementor-widget elementor-widget-text-editor\" data-id=\"4e89cc27\" data-element_type=\"widget\" data-widget_type=\"text-editor.default\">\n\t\t\t\t<div class=\"elementor-widget-container\">\n\t\t\t\t\t\t\t\t\t<p>Si nous utilisons d&#039;autres types de cookies qui ne sont pas n\u00e9cessaires, vous pouvez consulter la politique en mati\u00e8re de cookies dans le lien correspondant au d\u00e9but de notre site Web.<\/p>\t\t\t\t\t\t\t\t<\/div>\n\t\t\t\t<\/div>\n\t\t\t\t<div class=\"elementor-element elementor-element-2c316027 elementor-widget-divider--view-line_text elementor-widget-divider--element-align-center elementor-widget elementor-widget-divider\" data-id=\"2c316027\" data-element_type=\"widget\" data-widget_type=\"divider.default\">\n\t\t\t\t<div class=\"elementor-widget-container\">\n\t\t\t\t\t\t\t<div class=\"elementor-divider\">\n\t\t\t<span class=\"elementor-divider-separator\">\n\t\t\t\t\t\t\t<h2 class=\"elementor-divider__text elementor-divider__element\">\n\t\t\t\tCombien de temps nous faut-il pour r\u00e9pondre \u00e0 l&#039;Exercice des droits ?\t\t\t\t<\/h2>\n\t\t\t\t\t\t<\/span>\n\t\t<\/div>\n\t\t\t\t\t\t<\/div>\n\t\t\t\t<\/div>\n\t\t\t\t<div class=\"elementor-element elementor-element-6563c0a7 elementor-widget elementor-widget-text-editor\" data-id=\"6563c0a7\" data-element_type=\"widget\" data-widget_type=\"text-editor.default\">\n\t\t\t\t<div class=\"elementor-widget-container\">\n\t\t\t\t\t\t\t\t\tCela d\u00e9pend de la loi, mais un mois maximum \u00e0 compter de votre demande, et deux mois si le probl\u00e8me est tr\u00e8s complexe et que nous vous informons que nous avons besoin de plus de temps.\t\t\t\t\t\t\t\t<\/div>\n\t\t\t\t<\/div>\n\t\t\t\t<div class=\"elementor-element elementor-element-52c3a308 elementor-widget-divider--view-line_text elementor-widget-divider--element-align-center elementor-widget elementor-widget-divider\" data-id=\"52c3a308\" data-element_type=\"widget\" data-widget_type=\"divider.default\">\n\t\t\t\t<div class=\"elementor-widget-container\">\n\t\t\t\t\t\t\t<div class=\"elementor-divider\">\n\t\t\t<span class=\"elementor-divider-separator\">\n\t\t\t\t\t\t\t<h2 class=\"elementor-divider__text elementor-divider__element\">\n\t\t\t\tCombien de temps conserverons-nous vos donn\u00e9es personnelles ?\t\t\t\t<\/h2>\n\t\t\t\t\t\t<\/span>\n\t\t<\/div>\n\t\t\t\t\t\t<\/div>\n\t\t\t\t<\/div>\n\t\t\t\t<div class=\"elementor-element elementor-element-ab467eb elementor-widget elementor-widget-text-editor\" data-id=\"ab467eb\" data-element_type=\"widget\" data-widget_type=\"text-editor.default\">\n\t\t\t\t<div class=\"elementor-widget-container\">\n\t\t\t\t\t\t\t\t\t<ul>\n \t<li>Les donn\u00e9es personnelles seront conserv\u00e9es tant que vous resterez li\u00e9 \u00e0 nous.<\/li>\n \t<li>Une fois que vous vous \u00eates dissoci\u00e9, les donn\u00e9es personnelles trait\u00e9es pour chaque finalit\u00e9 seront conserv\u00e9es pendant les p\u00e9riodes l\u00e9galement \u00e9tablies, y compris la p\u00e9riode pendant laquelle un juge ou un tribunal peut les exiger, en tenant compte du d\u00e9lai de prescription des actions en justice.<\/li>\n \t<li>Les donn\u00e9es trait\u00e9es seront conserv\u00e9es tant que les d\u00e9lais l\u00e9gaux susmentionn\u00e9s n&#039;expirent pas, s&#039;il existe une obligation l\u00e9gale de maintenance, ou si ce d\u00e9lai l\u00e9gal n&#039;existe pas, jusqu&#039;\u00e0 ce que l&#039;int\u00e9ress\u00e9 demande sa suppression ou r\u00e9voque le consentement accord\u00e9.<\/li>\n \t<li>Nous conserverons toutes les informations et communications li\u00e9es \u00e0 votre achat ou \u00e0 la fourniture de notre service, tant que dureront les garanties des produits ou services, pour faire face \u00e0 d&#039;\u00e9ventuelles r\u00e9clamations.<\/li>\n<\/ul>\t\t\t\t\t\t\t\t<\/div>\n\t\t\t\t<\/div>\n\t\t\t\t\t<\/div>\n\t\t<\/div>\n\t\t\t\t\t<\/div>\n\t\t<\/section>\n\t\t\t\t<section class=\"elementor-section elementor-top-section elementor-element elementor-element-e5877d0 elementor-section-boxed elementor-section-height-default elementor-section-height-default\" data-id=\"e5877d0\" data-element_type=\"section\">\n\t\t\t\t\t\t<div class=\"elementor-container elementor-column-gap-default\">\n\t\t\t\t\t<div class=\"elementor-column elementor-col-100 elementor-top-column elementor-element elementor-element-2e41fd7d\" data-id=\"2e41fd7d\" data-element_type=\"column\">\n\t\t\t<div class=\"elementor-widget-wrap elementor-element-populated\">\n\t\t\t\t\t\t<div class=\"elementor-element elementor-element-4982daf8 elementor-align-center elementor-widget elementor-widget-button\" data-id=\"4982daf8\" data-element_type=\"widget\" data-widget_type=\"button.default\">\n\t\t\t\t<div class=\"elementor-widget-container\">\n\t\t\t\t\t\t\t\t\t<div class=\"elementor-button-wrapper\">\n\t\t\t\t\t<a class=\"elementor-button elementor-button-link elementor-size-md elementor-animation-grow\" href=\"https:\/\/www.elcosturerodesara.com\/fr\/contacto\/\">\n\t\t\t\t\t\t<span class=\"elementor-button-content-wrapper\">\n\t\t\t\t\t\t\t\t\t<span class=\"elementor-button-text\">Demandez plus d&#039;informations<\/span>\n\t\t\t\t\t<\/span>\n\t\t\t\t\t<\/a>\n\t\t\t\t<\/div>\n\t\t\t\t\t\t\t\t<\/div>\n\t\t\t\t<\/div>\n\t\t\t\t\t<\/div>\n\t\t<\/div>\n\t\t\t\t\t<\/div>\n\t\t<\/section>\n\t\t\t\t<\/div>","protected":false},"excerpt":{"rendered":"<p>POL\u00cdTICA DE PRIVACIDAD Te informamos sobre el cumplimiento de la LOPD en relaci\u00f3n al tratamiento de los datos obtenidos como consecuencia de la navegaci\u00f3n a trav\u00e9s de esta web. \u00bfQui\u00e9n es el responsable del tratamiento de tus datos? Titular: &#8211;\u00a0Domicilio: Tfno: Mail: Web: Fecha de ultima modificaci\u00f3n\/actualizaci\u00f3n de la presente pol\u00edtica de privacidad: Para cualquier [&hellip;]<\/p>","protected":false},"author":1,"featured_media":364,"parent":0,"menu_order":5,"comment_status":"closed","ping_status":"closed","template":"","meta":{"site-sidebar-layout":"no-sidebar","site-content-layout":"page-builder","ast-site-content-layout":"","site-content-style":"default","site-sidebar-style":"default","ast-global-header-display":"","ast-banner-title-visibility":"","ast-main-header-display":"","ast-hfb-above-header-display":"","ast-hfb-below-header-display":"","ast-hfb-mobile-header-display":"","site-post-title":"disabled","ast-breadcrumbs-content":"","ast-featured-img":"disabled","footer-sml-layout":"","theme-transparent-header-meta":"default","adv-header-id-meta":"","stick-header-meta":"","header-above-stick-meta":"","header-main-stick-meta":"","header-below-stick-meta":"","astra-migrate-meta-layouts":"default","ast-page-background-enabled":"default","ast-page-background-meta":{"desktop":{"background-color":"","background-image":"","background-repeat":"repeat","background-position":"center center","background-size":"auto","background-attachment":"scroll","background-type":"","background-media":"","overlay-type":"","overlay-color":"","overlay-opacity":"","overlay-gradient":""},"tablet":{"background-color":"","background-image":"","background-repeat":"repeat","background-position":"center center","background-size":"auto","background-attachment":"scroll","background-type":"","background-media":"","overlay-type":"","overlay-color":"","overlay-opacity":"","overlay-gradient":""},"mobile":{"background-color":"","background-image":"","background-repeat":"repeat","background-position":"center center","background-size":"auto","background-attachment":"scroll","background-type":"","background-media":"","overlay-type":"","overlay-color":"","overlay-opacity":"","overlay-gradient":""}},"ast-content-background-meta":{"desktop":{"background-color":"var(--ast-global-color-5)","background-image":"","background-repeat":"repeat","background-position":"center center","background-size":"auto","background-attachment":"scroll","background-type":"","background-media":"","overlay-type":"","overlay-color":"","overlay-opacity":"","overlay-gradient":""},"tablet":{"background-color":"var(--ast-global-color-5)","background-image":"","background-repeat":"repeat","background-position":"center center","background-size":"auto","background-attachment":"scroll","background-type":"","background-media":"","overlay-type":"","overlay-color":"","overlay-opacity":"","overlay-gradient":""},"mobile":{"background-color":"var(--ast-global-color-5)","background-image":"","background-repeat":"repeat","background-position":"center center","background-size":"auto","background-attachment":"scroll","background-type":"","background-media":"","overlay-type":"","overlay-color":"","overlay-opacity":"","overlay-gradient":""}},"footnotes":""},"class_list":["post-269","page","type-page","status-publish","has-post-thumbnail","hentry"],"yoast_head":"<!-- This site is optimized with the Yoast SEO plugin v24.4 - https:\/\/yoast.com\/wordpress\/plugins\/seo\/ -->\n<title>El costurero de Sara | Pol\u00edtica de privacidad<\/title>\n<meta name=\"description\" content=\"Arreglamos tu ropa para que puedas lucirla con estilo. Haz que tus prendas favoritas te sienten a la perfecci\u00f3n con nuestros arreglos.\" \/>\n<meta name=\"robots\" content=\"index, follow, max-snippet:-1, max-image-preview:large, max-video-preview:-1\" \/>\n<link rel=\"canonical\" href=\"https:\/\/www.elcosturerodesara.com\/fr\/politica-de-privacidad\/\" \/>\n<meta property=\"og:locale\" content=\"fr_FR\" \/>\n<meta property=\"og:type\" content=\"article\" \/>\n<meta property=\"og:title\" content=\"El costurero de Sara | Pol\u00edtica de privacidad\" \/>\n<meta property=\"og:description\" content=\"Arreglamos tu ropa para que puedas lucirla con estilo. Haz que tus prendas favoritas te sienten a la perfecci\u00f3n con nuestros arreglos.\" \/>\n<meta property=\"og:url\" content=\"https:\/\/www.elcosturerodesara.com\/fr\/politica-de-privacidad\/\" \/>\n<meta property=\"og:site_name\" content=\"El costurero de Sara\" \/>\n<meta property=\"article:modified_time\" content=\"2023-05-15T16:33:25+00:00\" \/>\n<meta property=\"og:image\" content=\"https:\/\/www.elcosturerodesara.com\/wp-content\/uploads\/2023\/02\/elcosturerodesara_05.jpg\" \/>\n\t<meta property=\"og:image:width\" content=\"1920\" \/>\n\t<meta property=\"og:image:height\" content=\"2525\" \/>\n\t<meta property=\"og:image:type\" content=\"image\/jpeg\" \/>\n<meta name=\"twitter:card\" content=\"summary_large_image\" \/>\n<script type=\"application\/ld+json\" class=\"yoast-schema-graph\">{\"@context\":\"https:\/\/schema.org\",\"@graph\":[{\"@type\":\"WebPage\",\"@id\":\"https:\/\/www.elcosturerodesara.com\/politica-de-privacidad\/\",\"url\":\"https:\/\/www.elcosturerodesara.com\/politica-de-privacidad\/\",\"name\":\"El costurero de Sara | Pol\u00edtica de privacidad\",\"isPartOf\":{\"@id\":\"https:\/\/www.elcosturerodesara.com\/#website\"},\"primaryImageOfPage\":{\"@id\":\"https:\/\/www.elcosturerodesara.com\/politica-de-privacidad\/#primaryimage\"},\"image\":{\"@id\":\"https:\/\/www.elcosturerodesara.com\/politica-de-privacidad\/#primaryimage\"},\"thumbnailUrl\":\"https:\/\/www.elcosturerodesara.com\/wp-content\/uploads\/2023\/02\/elcosturerodesara_05.jpg\",\"datePublished\":\"2023-02-18T17:08:17+00:00\",\"dateModified\":\"2023-05-15T16:33:25+00:00\",\"description\":\"Arreglamos tu ropa para que puedas lucirla con estilo. Haz que tus prendas favoritas te sienten a la perfecci\u00f3n con nuestros arreglos.\",\"breadcrumb\":{\"@id\":\"https:\/\/www.elcosturerodesara.com\/politica-de-privacidad\/#breadcrumb\"},\"inLanguage\":\"fr-FR\",\"potentialAction\":[{\"@type\":\"ReadAction\",\"target\":[\"https:\/\/www.elcosturerodesara.com\/politica-de-privacidad\/\"]}]},{\"@type\":\"ImageObject\",\"inLanguage\":\"fr-FR\",\"@id\":\"https:\/\/www.elcosturerodesara.com\/politica-de-privacidad\/#primaryimage\",\"url\":\"https:\/\/www.elcosturerodesara.com\/wp-content\/uploads\/2023\/02\/elcosturerodesara_05.jpg\",\"contentUrl\":\"https:\/\/www.elcosturerodesara.com\/wp-content\/uploads\/2023\/02\/elcosturerodesara_05.jpg\",\"width\":1920,\"height\":2525,\"caption\":\"Hilos de colores\"},{\"@type\":\"BreadcrumbList\",\"@id\":\"https:\/\/www.elcosturerodesara.com\/politica-de-privacidad\/#breadcrumb\",\"itemListElement\":[{\"@type\":\"ListItem\",\"position\":1,\"name\":\"Inicio\",\"item\":\"https:\/\/www.elcosturerodesara.com\/\"},{\"@type\":\"ListItem\",\"position\":2,\"name\":\"Pol\u00edtica de privacidad\"}]},{\"@type\":\"WebSite\",\"@id\":\"https:\/\/www.elcosturerodesara.com\/#website\",\"url\":\"https:\/\/www.elcosturerodesara.com\/\",\"name\":\"El costurero de Sara\",\"description\":\"Los mejores arreglos de ropa\",\"publisher\":{\"@id\":\"https:\/\/www.elcosturerodesara.com\/#organization\"},\"potentialAction\":[{\"@type\":\"SearchAction\",\"target\":{\"@type\":\"EntryPoint\",\"urlTemplate\":\"https:\/\/www.elcosturerodesara.com\/?s={search_term_string}\"},\"query-input\":{\"@type\":\"PropertyValueSpecification\",\"valueRequired\":true,\"valueName\":\"search_term_string\"}}],\"inLanguage\":\"fr-FR\"},{\"@type\":\"Organization\",\"@id\":\"https:\/\/www.elcosturerodesara.com\/#organization\",\"name\":\"El costurero de Sara\",\"url\":\"https:\/\/www.elcosturerodesara.com\/\",\"logo\":{\"@type\":\"ImageObject\",\"inLanguage\":\"fr-FR\",\"@id\":\"https:\/\/www.elcosturerodesara.com\/#\/schema\/logo\/image\/\",\"url\":\"https:\/\/www.elcosturerodesara.com\/wp-content\/uploads\/2023\/02\/Logoelosturerodesara-negativo-1.svg\",\"contentUrl\":\"https:\/\/www.elcosturerodesara.com\/wp-content\/uploads\/2023\/02\/Logoelosturerodesara-negativo-1.svg\",\"width\":1726,\"height\":1275,\"caption\":\"El costurero de Sara\"},\"image\":{\"@id\":\"https:\/\/www.elcosturerodesara.com\/#\/schema\/logo\/image\/\"}}]}<\/script>\n<!-- \/ Yoast SEO plugin. -->","yoast_head_json":{"title":"El costurero de Sara | Pol\u00edtica de privacidad","description":"Arreglamos tu ropa para que puedas lucirla con estilo. Haz que tus prendas favoritas te sienten a la perfecci\u00f3n con nuestros arreglos.","robots":{"index":"index","follow":"follow","max-snippet":"max-snippet:-1","max-image-preview":"max-image-preview:large","max-video-preview":"max-video-preview:-1"},"canonical":"https:\/\/www.elcosturerodesara.com\/fr\/politica-de-privacidad\/","og_locale":"fr_FR","og_type":"article","og_title":"El costurero de Sara | Pol\u00edtica de privacidad","og_description":"Arreglamos tu ropa para que puedas lucirla con estilo. Haz que tus prendas favoritas te sienten a la perfecci\u00f3n con nuestros arreglos.","og_url":"https:\/\/www.elcosturerodesara.com\/fr\/politica-de-privacidad\/","og_site_name":"El costurero de Sara","article_modified_time":"2023-05-15T16:33:25+00:00","og_image":[{"width":1920,"height":2525,"url":"https:\/\/www.elcosturerodesara.com\/wp-content\/uploads\/2023\/02\/elcosturerodesara_05.jpg","type":"image\/jpeg"}],"twitter_card":"summary_large_image","schema":{"@context":"https:\/\/schema.org","@graph":[{"@type":"WebPage","@id":"https:\/\/www.elcosturerodesara.com\/politica-de-privacidad\/","url":"https:\/\/www.elcosturerodesara.com\/politica-de-privacidad\/","name":"El costurero de Sara | Pol\u00edtica de privacidad","isPartOf":{"@id":"https:\/\/www.elcosturerodesara.com\/#website"},"primaryImageOfPage":{"@id":"https:\/\/www.elcosturerodesara.com\/politica-de-privacidad\/#primaryimage"},"image":{"@id":"https:\/\/www.elcosturerodesara.com\/politica-de-privacidad\/#primaryimage"},"thumbnailUrl":"https:\/\/www.elcosturerodesara.com\/wp-content\/uploads\/2023\/02\/elcosturerodesara_05.jpg","datePublished":"2023-02-18T17:08:17+00:00","dateModified":"2023-05-15T16:33:25+00:00","description":"Arreglamos tu ropa para que puedas lucirla con estilo. Haz que tus prendas favoritas te sienten a la perfecci\u00f3n con nuestros arreglos.","breadcrumb":{"@id":"https:\/\/www.elcosturerodesara.com\/politica-de-privacidad\/#breadcrumb"},"inLanguage":"fr-FR","potentialAction":[{"@type":"ReadAction","target":["https:\/\/www.elcosturerodesara.com\/politica-de-privacidad\/"]}]},{"@type":"ImageObject","inLanguage":"fr-FR","@id":"https:\/\/www.elcosturerodesara.com\/politica-de-privacidad\/#primaryimage","url":"https:\/\/www.elcosturerodesara.com\/wp-content\/uploads\/2023\/02\/elcosturerodesara_05.jpg","contentUrl":"https:\/\/www.elcosturerodesara.com\/wp-content\/uploads\/2023\/02\/elcosturerodesara_05.jpg","width":1920,"height":2525,"caption":"Hilos de colores"},{"@type":"BreadcrumbList","@id":"https:\/\/www.elcosturerodesara.com\/politica-de-privacidad\/#breadcrumb","itemListElement":[{"@type":"ListItem","position":1,"name":"Inicio","item":"https:\/\/www.elcosturerodesara.com\/"},{"@type":"ListItem","position":2,"name":"Pol\u00edtica de privacidad"}]},{"@type":"WebSite","@id":"https:\/\/www.elcosturerodesara.com\/#website","url":"https:\/\/www.elcosturerodesara.com\/","name":"El costurero de Sara","description":"Los mejores arreglos de ropa","publisher":{"@id":"https:\/\/www.elcosturerodesara.com\/#organization"},"potentialAction":[{"@type":"SearchAction","target":{"@type":"EntryPoint","urlTemplate":"https:\/\/www.elcosturerodesara.com\/?s={search_term_string}"},"query-input":{"@type":"PropertyValueSpecification","valueRequired":true,"valueName":"search_term_string"}}],"inLanguage":"fr-FR"},{"@type":"Organization","@id":"https:\/\/www.elcosturerodesara.com\/#organization","name":"El costurero de Sara","url":"https:\/\/www.elcosturerodesara.com\/","logo":{"@type":"ImageObject","inLanguage":"fr-FR","@id":"https:\/\/www.elcosturerodesara.com\/#\/schema\/logo\/image\/","url":"https:\/\/www.elcosturerodesara.com\/wp-content\/uploads\/2023\/02\/Logoelosturerodesara-negativo-1.svg","contentUrl":"https:\/\/www.elcosturerodesara.com\/wp-content\/uploads\/2023\/02\/Logoelosturerodesara-negativo-1.svg","width":1726,"height":1275,"caption":"El costurero de Sara"},"image":{"@id":"https:\/\/www.elcosturerodesara.com\/#\/schema\/logo\/image\/"}}]}},"_links":{"self":[{"href":"https:\/\/www.elcosturerodesara.com\/fr\/wp-json\/wp\/v2\/pages\/269","targetHints":{"allow":["GET"]}}],"collection":[{"href":"https:\/\/www.elcosturerodesara.com\/fr\/wp-json\/wp\/v2\/pages"}],"about":[{"href":"https:\/\/www.elcosturerodesara.com\/fr\/wp-json\/wp\/v2\/types\/page"}],"author":[{"embeddable":true,"href":"https:\/\/www.elcosturerodesara.com\/fr\/wp-json\/wp\/v2\/users\/1"}],"replies":[{"embeddable":true,"href":"https:\/\/www.elcosturerodesara.com\/fr\/wp-json\/wp\/v2\/comments?post=269"}],"version-history":[{"count":5,"href":"https:\/\/www.elcosturerodesara.com\/fr\/wp-json\/wp\/v2\/pages\/269\/revisions"}],"predecessor-version":[{"id":864,"href":"https:\/\/www.elcosturerodesara.com\/fr\/wp-json\/wp\/v2\/pages\/269\/revisions\/864"}],"wp:featuredmedia":[{"embeddable":true,"href":"https:\/\/www.elcosturerodesara.com\/fr\/wp-json\/wp\/v2\/media\/364"}],"wp:attachment":[{"href":"https:\/\/www.elcosturerodesara.com\/fr\/wp-json\/wp\/v2\/media?parent=269"}],"curies":[{"name":"wp","href":"https:\/\/api.w.org\/{rel}","templated":true}]}}