{"id":269,"date":"2023-02-18T18:08:17","date_gmt":"2023-02-18T17:08:17","guid":{"rendered":"https:\/\/www.elcosturerodesara.com\/?page_id=269"},"modified":"2023-05-15T18:33:25","modified_gmt":"2023-05-15T16:33:25","slug":"politica-de-privacidad","status":"publish","type":"page","link":"https:\/\/www.elcosturerodesara.com\/de\/politica-de-privacidad\/","title":{"rendered":"Datenschutz-Bestimmungen"},"content":{"rendered":"<div data-elementor-type=\"wp-page\" data-elementor-id=\"269\" class=\"elementor elementor-269\" data-elementor-post-type=\"page\">\n\t\t\t\t\t\t<section class=\"elementor-section elementor-top-section elementor-element elementor-element-122e1e2 elementor-section-full_width elementor-section-height-default elementor-section-height-default\" data-id=\"122e1e2\" data-element_type=\"section\" data-settings=\"{&quot;background_background&quot;:&quot;classic&quot;,&quot;background_motion_fx_motion_fx_scrolling&quot;:&quot;yes&quot;,&quot;background_motion_fx_devices&quot;:[&quot;desktop&quot;,&quot;tablet&quot;,&quot;mobile&quot;]}\">\n\t\t\t\t\t\t\t<div class=\"elementor-background-overlay\"><\/div>\n\t\t\t\t\t\t\t<div class=\"elementor-container elementor-column-gap-no\">\n\t\t\t\t\t<div class=\"elementor-column elementor-col-100 elementor-top-column elementor-element elementor-element-20b77c84\" data-id=\"20b77c84\" data-element_type=\"column\" data-settings=\"{&quot;background_background&quot;:&quot;classic&quot;}\">\n\t\t\t<div class=\"elementor-widget-wrap elementor-element-populated\">\n\t\t\t\t\t\t<div class=\"elementor-element elementor-element-2b7361a elementor-widget__width-auto elementor-mobile-align-center elementor-widget-mobile__width-auto elementor-widget elementor-widget-breadcrumbs\" data-id=\"2b7361a\" data-element_type=\"widget\" data-widget_type=\"breadcrumbs.default\">\n\t\t\t\t<div class=\"elementor-widget-container\">\n\t\t\t\t\t<p id=\"breadcrumbs\"><span><span><a href=\"https:\/\/www.elcosturerodesara.com\/de\/\">Start<\/a><\/span><\/span><\/p>\t\t\t\t<\/div>\n\t\t\t\t<\/div>\n\t\t\t\t<div class=\"elementor-element elementor-element-3945f94a elementor-invisible elementor-widget elementor-widget-heading\" data-id=\"3945f94a\" data-element_type=\"widget\" data-settings=\"{&quot;_animation&quot;:&quot;fadeInLeft&quot;}\" data-widget_type=\"heading.default\">\n\t\t\t\t<div class=\"elementor-widget-container\">\n\t\t\t\t\t<h1 class=\"elementor-heading-title elementor-size-default\">DATENSCHUTZ-BESTIMMUNGEN<\/h1>\t\t\t\t<\/div>\n\t\t\t\t<\/div>\n\t\t\t\t<div class=\"elementor-element elementor-element-1bc7879c elementor-widget elementor-widget-text-editor\" data-id=\"1bc7879c\" data-element_type=\"widget\" data-widget_type=\"text-editor.default\">\n\t\t\t\t<div class=\"elementor-widget-container\">\n\t\t\t\t\t\t\t\t\t<p style=\"text-align: center;\">Wir informieren Sie \u00fcber die Einhaltung der LOPD in Bezug auf die Verarbeitung der erhaltenen Daten <br \/>als Folge des Surfens auf dieser Website.<\/p>\t\t\t\t\t\t\t\t<\/div>\n\t\t\t\t<\/div>\n\t\t\t\t<section class=\"elementor-section elementor-inner-section elementor-element elementor-element-185b5fb7 elementor-section-boxed elementor-section-height-default elementor-section-height-default\" data-id=\"185b5fb7\" data-element_type=\"section\">\n\t\t\t\t\t\t<div class=\"elementor-container elementor-column-gap-default\">\n\t\t\t\t\t<div class=\"elementor-column elementor-col-100 elementor-inner-column elementor-element elementor-element-b090a4f\" data-id=\"b090a4f\" data-element_type=\"column\">\n\t\t\t<div class=\"elementor-widget-wrap\">\n\t\t\t\t\t\t\t<\/div>\n\t\t<\/div>\n\t\t\t\t\t<\/div>\n\t\t<\/section>\n\t\t\t\t\t<\/div>\n\t\t<\/div>\n\t\t\t\t\t<\/div>\n\t\t<\/section>\n\t\t\t\t<section class=\"elementor-section elementor-top-section elementor-element elementor-element-34ddcb4c elementor-section-boxed elementor-section-height-default elementor-section-height-default\" data-id=\"34ddcb4c\" data-element_type=\"section\">\n\t\t\t\t\t\t<div class=\"elementor-container elementor-column-gap-default\">\n\t\t\t\t\t<div class=\"elementor-column elementor-col-100 elementor-top-column elementor-element elementor-element-679175ae\" data-id=\"679175ae\" data-element_type=\"column\">\n\t\t\t<div class=\"elementor-widget-wrap elementor-element-populated\">\n\t\t\t\t\t\t<div class=\"elementor-element elementor-element-13dbf191 elementor-widget-divider--view-line_text elementor-widget-divider--element-align-center elementor-widget elementor-widget-divider\" data-id=\"13dbf191\" data-element_type=\"widget\" data-widget_type=\"divider.default\">\n\t\t\t\t<div class=\"elementor-widget-container\">\n\t\t\t\t\t\t\t<div class=\"elementor-divider\">\n\t\t\t<span class=\"elementor-divider-separator\">\n\t\t\t\t\t\t\t<h2 class=\"elementor-divider__text elementor-divider__element\">\n\t\t\t\tWer ist f\u00fcr die Verarbeitung Ihrer Daten verantwortlich?\t\t\t\t<\/h2>\n\t\t\t\t\t\t<\/span>\n\t\t<\/div>\n\t\t\t\t\t\t<\/div>\n\t\t\t\t<\/div>\n\t\t\t\t<div class=\"elementor-element elementor-element-1d166e14 elementor-widget elementor-widget-text-editor\" data-id=\"1d166e14\" data-element_type=\"widget\" data-widget_type=\"text-editor.default\">\n\t\t\t\t<div class=\"elementor-widget-container\">\n\t\t\t\t\t\t\t\t\t<p><b>\u00dcberschrift:<\/b> Mar\u00eda Sara Rodr\u00edguez Gonz\u00e1lez \u2013 09394502Z<br \/><b style=\"color: var( --e-global-color-text ); font-size: 1.2rem;\">Heim:<\/b><span style=\"color: var( --e-global-color-text ); font-size: 1.2rem;\"> c\/ Foncalada, 13 33002 Oviedo (Asturien)<br \/><\/span><b style=\"color: var( --e-global-color-text ); font-size: 1.2rem;\">Telefon:<\/b><span style=\"color: var( --e-global-color-text ); font-size: 1.2rem;\"> +34 666 536 588<br \/><\/span><b style=\"color: var( --e-global-color-text ); font-size: 1.2rem;\">Email:<\/b><span style=\"color: var( --e-global-color-text ); font-size: 1.2rem;\"> info@elcosturerodesara.com<br \/><\/span><b style=\"color: var( --e-global-color-text ); font-size: 1.2rem;\">Netz:<\/b><span style=\"color: var( --e-global-color-text ); font-size: 1.2rem;\"> www.elcosturerodesara.com<\/span><span style=\"color: var( --e-global-color-text ); font-size: 1.2rem;\"><br \/><\/span><b style=\"color: var( --e-global-color-text ); font-size: 1.2rem;\">Datum der letzten \u00c4nderung\/Aktualisierung dieser Datenschutzrichtlinie:<\/b><span style=\"color: var( --e-global-color-text ); font-size: 1.2rem;\"> <br \/><\/span><b style=\"color: var( --e-global-color-text ); font-size: 1.2rem;\">Bei Fragen k\u00f6nnen Sie sich an uns wenden<\/b><span style=\"color: var( --e-global-color-text ); font-size: 1.2rem;\"> Maria Sara Rodriguez Gonzalez <\/span><b style=\"color: var( --e-global-color-text ); font-size: 1.2rem;\">durch:<\/b><span style=\"color: var( --e-global-color-text ); font-size: 1.2rem;\"> info@elcosturerodesara.com<\/span><\/p><p><span style=\"color: var( --e-global-color-text ); font-size: 1.2rem;\">Unsere Kundendienstzeiten sind von Montag bis Freitag von 9:00 bis 21:00 Uhr, samstags von 10:00 bis 14:00 Uhr. Sie k\u00f6nnen auf jedem Weg mit uns kommunizieren.<\/span><\/p><p>Wir behalten uns das Recht vor, diese Datenschutzrichtlinie jederzeit zu \u00e4ndern oder anzupassen. Wir empfehlen Ihnen, es zu lesen. Wenn Sie sich registriert haben und auf Ihr Konto oder Profil zugreifen, werden Sie \u00fcber die \u00c4nderungen informiert.<\/p>\t\t\t\t\t\t\t\t<\/div>\n\t\t\t\t<\/div>\n\t\t\t\t<div class=\"elementor-element elementor-element-6807d010 elementor-invisible elementor-widget elementor-widget-heading\" data-id=\"6807d010\" data-element_type=\"widget\" data-settings=\"{&quot;_animation&quot;:&quot;fadeIn&quot;}\" data-widget_type=\"heading.default\">\n\t\t\t\t<div class=\"elementor-widget-container\">\n\t\t\t\t\t<h3 class=\"elementor-heading-title elementor-size-default\">WEB- ODER E-MAIL-KONTAKTE<\/h3>\t\t\t\t<\/div>\n\t\t\t\t<\/div>\n\t\t\t\t<div class=\"elementor-element elementor-element-78a122a6 elementor-widget-divider--view-line_text elementor-widget-divider--element-align-center elementor-widget elementor-widget-divider\" data-id=\"78a122a6\" data-element_type=\"widget\" data-widget_type=\"divider.default\">\n\t\t\t\t<div class=\"elementor-widget-container\">\n\t\t\t\t\t\t\t<div class=\"elementor-divider\">\n\t\t\t<span class=\"elementor-divider-separator\">\n\t\t\t\t\t\t\t<h2 class=\"elementor-divider__text elementor-divider__element\">\n\t\t\t\tWelche Daten sammeln wir \u00fcber das Internet?\t\t\t\t<\/h2>\n\t\t\t\t\t\t<\/span>\n\t\t<\/div>\n\t\t\t\t\t\t<\/div>\n\t\t\t\t<\/div>\n\t\t\t\t<div class=\"elementor-element elementor-element-5fe00a4d elementor-widget elementor-widget-text-editor\" data-id=\"5fe00a4d\" data-element_type=\"widget\" data-widget_type=\"text-editor.default\">\n\t\t\t\t<div class=\"elementor-widget-container\">\n\t\t\t\t\t\t\t\t\tWir k\u00f6nnen Ihre IP-Adresse, das von Ihnen verwendete Betriebssystem oder Browser und sogar die Dauer Ihres Besuchs anonym behandeln. Wenn Sie uns im Kontaktformular Angaben machen, identifizieren Sie sich, damit wir Sie ggf. kontaktieren k\u00f6nnen.\t\t\t\t\t\t\t\t<\/div>\n\t\t\t\t<\/div>\n\t\t\t\t<div class=\"elementor-element elementor-element-521e2314 elementor-widget-divider--view-line_text elementor-widget-divider--element-align-center elementor-widget elementor-widget-divider\" data-id=\"521e2314\" data-element_type=\"widget\" data-widget_type=\"divider.default\">\n\t\t\t\t<div class=\"elementor-widget-container\">\n\t\t\t\t\t\t\t<div class=\"elementor-divider\">\n\t\t\t<span class=\"elementor-divider-separator\">\n\t\t\t\t\t\t\t<h2 class=\"elementor-divider__text elementor-divider__element\">\n\t\t\t\tZu welchen Zwecken verarbeiten wir Ihre personenbezogenen Daten?\t\t\t\t<\/h2>\n\t\t\t\t\t\t<\/span>\n\t\t<\/div>\n\t\t\t\t\t\t<\/div>\n\t\t\t\t<\/div>\n\t\t\t\t<div class=\"elementor-element elementor-element-11f6446d elementor-widget elementor-widget-text-editor\" data-id=\"11f6446d\" data-element_type=\"widget\" data-widget_type=\"text-editor.default\">\n\t\t\t\t<div class=\"elementor-widget-container\">\n\t\t\t\t\t\t\t\t\t<p>\u00a0<\/p><ul><li>Beantworten Sie Ihre Fragen, W\u00fcnsche oder Anliegen.<\/li><li>Verwalten Sie den angeforderten Service, beantworten Sie Ihre Anfrage oder bearbeiten Sie Ihre Anfrage.<\/li><li>Informationen auf elektronischem Weg zu Ihrem Anliegen.<\/li><li>Kommerzielle Informationen oder Veranstaltungen auf elektronischem Wege, sofern eine ausdr\u00fcckliche Genehmigung vorliegt.<\/li><li>Durchf\u00fchrung von Analysen und Verbesserungen im Internet zu unseren Produkten und Dienstleistungen.<span class=\"Apple-converted-space\">\u00a0 <\/span>Verbessern Sie unsere Gesch\u00e4ftsstrategie.<\/li><\/ul>\t\t\t\t\t\t\t\t<\/div>\n\t\t\t\t<\/div>\n\t\t\t\t<div class=\"elementor-element elementor-element-7e12c1af elementor-widget-divider--view-line_text elementor-widget-divider--element-align-center elementor-widget elementor-widget-divider\" data-id=\"7e12c1af\" data-element_type=\"widget\" data-widget_type=\"divider.default\">\n\t\t\t\t<div class=\"elementor-widget-container\">\n\t\t\t\t\t\t\t<div class=\"elementor-divider\">\n\t\t\t<span class=\"elementor-divider-separator\">\n\t\t\t\t\t\t\t<h2 class=\"elementor-divider__text elementor-divider__element\">\n\t\t\t\tWas ist die Legitimit\u00e4t f\u00fcr die Verarbeitung Ihrer Daten?\t\t\t\t<\/h2>\n\t\t\t\t\t\t<\/span>\n\t\t<\/div>\n\t\t\t\t\t\t<\/div>\n\t\t\t\t<\/div>\n\t\t\t\t<div class=\"elementor-element elementor-element-1f344568 elementor-widget elementor-widget-text-editor\" data-id=\"1f344568\" data-element_type=\"widget\" data-widget_type=\"text-editor.default\">\n\t\t\t\t<div class=\"elementor-widget-container\">\n\t\t\t\t\t\t\t\t\tDie Annahme und Einwilligung des Interessenten: In den F\u00e4llen, in denen es zum Stellen einer Anfrage erforderlich ist, ein Formular auszuf\u00fcllen und auf die Schaltfl\u00e4che \u201eSenden\u201c zu klicken, bedeutet dies zwangsl\u00e4ufig, dass Sie dar\u00fcber informiert wurden und ausdr\u00fccklich Ihre Einwilligung erteilt haben zum Inhalt der diesem Formular beigef\u00fcgten Klausel oder zur Annahme der Datenschutzrichtlinie. Alle unsere Formulare haben in den Pflichtdaten das Symbol *. Wenn Sie diese Felder nicht ausf\u00fcllen oder das Kontrollk\u00e4stchen \u201eAkzeptieren\u201c der Datenschutzerkl\u00e4rung nicht markieren, ist die \u00dcbermittlung der Informationen nicht zul\u00e4ssig. Normalerweise lautet es wie folgt: \u201eIch bin \u00fcber 14 Jahre alt und habe die Datenschutzerkl\u00e4rung gelesen und akzeptiere sie.\u201c\t\t\t\t\t\t\t\t<\/div>\n\t\t\t\t<\/div>\n\t\t\t\t<div class=\"elementor-element elementor-element-77fb9030 elementor-invisible elementor-widget elementor-widget-heading\" data-id=\"77fb9030\" data-element_type=\"widget\" data-settings=\"{&quot;_animation&quot;:&quot;fadeIn&quot;}\" data-widget_type=\"heading.default\">\n\t\t\t\t<div class=\"elementor-widget-container\">\n\t\t\t\t\t<h3 class=\"elementor-heading-title elementor-size-default\">KUNDEN<\/h3>\t\t\t\t<\/div>\n\t\t\t\t<\/div>\n\t\t\t\t<div class=\"elementor-element elementor-element-7cd13d90 elementor-widget-divider--view-line_text elementor-widget-divider--element-align-center elementor-widget elementor-widget-divider\" data-id=\"7cd13d90\" data-element_type=\"widget\" data-widget_type=\"divider.default\">\n\t\t\t\t<div class=\"elementor-widget-container\">\n\t\t\t\t\t\t\t<div class=\"elementor-divider\">\n\t\t\t<span class=\"elementor-divider-separator\">\n\t\t\t\t\t\t\t<h2 class=\"elementor-divider__text elementor-divider__element\">\n\t\t\t\tZu welchen Zwecken verarbeiten wir Ihre personenbezogenen Daten?\t\t\t\t<\/h2>\n\t\t\t\t\t\t<\/span>\n\t\t<\/div>\n\t\t\t\t\t\t<\/div>\n\t\t\t\t<\/div>\n\t\t\t\t<div class=\"elementor-element elementor-element-1d92d077 elementor-widget elementor-widget-text-editor\" data-id=\"1d92d077\" data-element_type=\"widget\" data-widget_type=\"text-editor.default\">\n\t\t\t\t<div class=\"elementor-widget-container\">\n\t\t\t\t\t\t\t\t\t<p>\u00a0<\/p><ul><li>Vorbereitung des Budgets und \u00dcberwachung desselben durch Kommunikation zwischen beiden Parteien.<\/li><li>Informationen auf elektronischem Weg zu Ihrem Anliegen.<\/li><li>Kommerzielle Informationen oder Veranstaltungen auf elektronischem Wege, sofern eine ausdr\u00fcckliche Genehmigung vorliegt.<\/li><li>Verwalten Sie die vom Verantwortlichen durchgef\u00fchrten Verwaltungs-, Kommunikations- und Logistikdienste.<\/li><li>Rechnungsstellung und Deklaration der entsprechenden Steuern.<\/li><li>F\u00fchren Sie die entsprechenden Transaktionen durch.<\/li><li>Kontroll- und Wiederherstellungsverfahren.<\/li><\/ul>\t\t\t\t\t\t\t\t<\/div>\n\t\t\t\t<\/div>\n\t\t\t\t<div class=\"elementor-element elementor-element-1c5f2b16 elementor-invisible elementor-widget elementor-widget-heading\" data-id=\"1c5f2b16\" data-element_type=\"widget\" data-settings=\"{&quot;_animation&quot;:&quot;fadeIn&quot;}\" data-widget_type=\"heading.default\">\n\t\t\t\t<div class=\"elementor-widget-container\">\n\t\t\t\t\t<h3 class=\"elementor-heading-title elementor-size-default\">LIEFERANTEN<\/h3>\t\t\t\t<\/div>\n\t\t\t\t<\/div>\n\t\t\t\t<div class=\"elementor-element elementor-element-78d51e65 elementor-widget-divider--view-line_text elementor-widget-divider--element-align-center elementor-widget elementor-widget-divider\" data-id=\"78d51e65\" data-element_type=\"widget\" data-widget_type=\"divider.default\">\n\t\t\t\t<div class=\"elementor-widget-container\">\n\t\t\t\t\t\t\t<div class=\"elementor-divider\">\n\t\t\t<span class=\"elementor-divider-separator\">\n\t\t\t\t\t\t\t<h2 class=\"elementor-divider__text elementor-divider__element\">\n\t\t\t\tZu welchen Zwecken verarbeiten wir Ihre personenbezogenen Daten?\t\t\t\t<\/h2>\n\t\t\t\t\t\t<\/span>\n\t\t<\/div>\n\t\t\t\t\t\t<\/div>\n\t\t\t\t<\/div>\n\t\t\t\t<div class=\"elementor-element elementor-element-6868e0c1 elementor-widget elementor-widget-text-editor\" data-id=\"6868e0c1\" data-element_type=\"widget\" data-widget_type=\"text-editor.default\">\n\t\t\t\t<div class=\"elementor-widget-container\">\n\t\t\t\t\t\t\t\t\t<p>\u00a0<\/p><ul><li>Informationen auf elektronischem Weg zu Ihrem Anliegen.<\/li><li>Kommerzielle Informationen oder Veranstaltungen auf elektronischem Wege, sofern eine ausdr\u00fcckliche Genehmigung vorliegt.<\/li><li>Verwalten Sie die vom Verantwortlichen durchgef\u00fchrten Verwaltungs-, Kommunikations- und Logistikdienste.<\/li><li>Abrechnung.<\/li><li>F\u00fchren Sie die entsprechenden Transaktionen durch.<\/li><li>Rechtzeitige Abrechnung und Erkl\u00e4rung der Steuern.<\/li><li>Kontroll- und Wiederherstellungsverfahren.<\/li><\/ul>\t\t\t\t\t\t\t\t<\/div>\n\t\t\t\t<\/div>\n\t\t\t\t<div class=\"elementor-element elementor-element-e0af12e elementor-widget-divider--view-line_text elementor-widget-divider--element-align-center elementor-widget elementor-widget-divider\" data-id=\"e0af12e\" data-element_type=\"widget\" data-widget_type=\"divider.default\">\n\t\t\t\t<div class=\"elementor-widget-container\">\n\t\t\t\t\t\t\t<div class=\"elementor-divider\">\n\t\t\t<span class=\"elementor-divider-separator\">\n\t\t\t\t\t\t\t<h2 class=\"elementor-divider__text elementor-divider__element\">\n\t\t\t\tWas ist die Legitimit\u00e4t f\u00fcr die Verarbeitung Ihrer Daten?\t\t\t\t<\/h2>\n\t\t\t\t\t\t<\/span>\n\t\t<\/div>\n\t\t\t\t\t\t<\/div>\n\t\t\t\t<\/div>\n\t\t\t\t<div class=\"elementor-element elementor-element-6fb3056f elementor-widget elementor-widget-text-editor\" data-id=\"6fb3056f\" data-element_type=\"widget\" data-widget_type=\"text-editor.default\">\n\t\t\t\t<div class=\"elementor-widget-container\">\n\t\t\t\t\t\t\t\t\tRechtsgrundlage ist die Annahme eines Vertragsverh\u00e4ltnisses bzw. in Ermangelung einer solchen Ihr Einverst\u00e4ndnis, wenn Sie mit uns Kontakt aufnehmen oder uns Ihre Produkte in irgendeiner Form anbieten.\t\t\t\t\t\t\t\t<\/div>\n\t\t\t\t<\/div>\n\t\t\t\t<div class=\"elementor-element elementor-element-577f0b0a elementor-invisible elementor-widget elementor-widget-heading\" data-id=\"577f0b0a\" data-element_type=\"widget\" data-settings=\"{&quot;_animation&quot;:&quot;fadeIn&quot;}\" data-widget_type=\"heading.default\">\n\t\t\t\t<div class=\"elementor-widget-container\">\n\t\t\t\t\t<h3 class=\"elementor-heading-title elementor-size-default\">KONTAKTE SOZIALE NETZWERKE<\/h3>\t\t\t\t<\/div>\n\t\t\t\t<\/div>\n\t\t\t\t<div class=\"elementor-element elementor-element-5cef6d3 elementor-widget-divider--view-line_text elementor-widget-divider--element-align-center elementor-widget elementor-widget-divider\" data-id=\"5cef6d3\" data-element_type=\"widget\" data-widget_type=\"divider.default\">\n\t\t\t\t<div class=\"elementor-widget-container\">\n\t\t\t\t\t\t\t<div class=\"elementor-divider\">\n\t\t\t<span class=\"elementor-divider-separator\">\n\t\t\t\t\t\t\t<h2 class=\"elementor-divider__text elementor-divider__element\">\n\t\t\t\tZu welchen Zwecken verarbeiten wir Ihre personenbezogenen Daten?\t\t\t\t<\/h2>\n\t\t\t\t\t\t<\/span>\n\t\t<\/div>\n\t\t\t\t\t\t<\/div>\n\t\t\t\t<\/div>\n\t\t\t\t<div class=\"elementor-element elementor-element-e3070b8 elementor-widget elementor-widget-text-editor\" data-id=\"e3070b8\" data-element_type=\"widget\" data-widget_type=\"text-editor.default\">\n\t\t\t\t<div class=\"elementor-widget-container\">\n\t\t\t\t\t\t\t\t\t<div>\u00a0<\/div><ul><li>Beantworten Sie Ihre Fragen, W\u00fcnsche<span class=\"Apple-converted-space\">\u00a0 <\/span>oder Anfragen.<\/li><li>Verwalten Sie den angeforderten Service, beantworten Sie Ihre Anfrage oder bearbeiten Sie Ihre Anfrage.<\/li><li>Vernetzen Sie sich mit Ihnen und schaffen Sie eine Community von Followern.<\/li><\/ul>\t\t\t\t\t\t\t\t<\/div>\n\t\t\t\t<\/div>\n\t\t\t\t<div class=\"elementor-element elementor-element-2b0cc02d elementor-widget-divider--view-line_text elementor-widget-divider--element-align-center elementor-widget elementor-widget-divider\" data-id=\"2b0cc02d\" data-element_type=\"widget\" data-widget_type=\"divider.default\">\n\t\t\t\t<div class=\"elementor-widget-container\">\n\t\t\t\t\t\t\t<div class=\"elementor-divider\">\n\t\t\t<span class=\"elementor-divider-separator\">\n\t\t\t\t\t\t\t<h2 class=\"elementor-divider__text elementor-divider__element\">\n\t\t\t\tWas ist die Legitimit\u00e4t f\u00fcr die Verarbeitung Ihrer Daten?\t\t\t\t<\/h2>\n\t\t\t\t\t\t<\/span>\n\t\t<\/div>\n\t\t\t\t\t\t<\/div>\n\t\t\t\t<\/div>\n\t\t\t\t<div class=\"elementor-element elementor-element-23c9a403 elementor-widget elementor-widget-text-editor\" data-id=\"23c9a403\" data-element_type=\"widget\" data-widget_type=\"text-editor.default\">\n\t\t\t\t<div class=\"elementor-widget-container\">\n\t\t\t\t\t\t\t\t\t<div><span style=\"color: var( --e-global-color-text ); font-family: var( --e-global-typography-text-font-family ), Sans-serif; font-size: var( --e-global-typography-text-font-size ); font-weight: var( --e-global-typography-text-font-weight );\">Die Annahme eines Vertragsverh\u00e4ltnisses im Umfeld des entsprechenden sozialen Netzwerks und in \u00dcbereinstimmung mit dessen Datenschutzrichtlinien:<\/span><\/div><ul><li>Facebook <a href=\"http:\/\/www.facebook.com\/policy.php?ref=pf#_blank\">http:\/\/www.facebook.com\/policy.php?ref=pf<\/a><\/li><li>Instagram <a href=\"https:\/\/help.instagram.com\/155833707900388#_blank\">https:\/\/help.instagram.com\/155833707900388<\/a><\/li><li>Twitter\u00a0<a href=\"http:\/\/twitter.com\/privacy#_blank\">http:\/\/twitter.com\/privacy<\/a><\/li><li>Pinterest <a href=\"https:\/\/about.pinterest.com\/es\/privacy-policy#_blank\">https:\/\/about.pinterest.com\/es\/privacy-policy<\/a><\/li><li>Google* <a href=\"http:\/\/www.google.com\/intl\/es\/policies\/privacy\/#_blank\">http:\/\/www.google.com\/intl\/es\/policies\/privacy\/<\/a> *(Google+ und Youtube)<\/li><\/ul>\t\t\t\t\t\t\t\t<\/div>\n\t\t\t\t<\/div>\n\t\t\t\t<div class=\"elementor-element elementor-element-1c00e598 elementor-widget-divider--view-line_text elementor-widget-divider--element-align-center elementor-widget elementor-widget-divider\" data-id=\"1c00e598\" data-element_type=\"widget\" data-widget_type=\"divider.default\">\n\t\t\t\t<div class=\"elementor-widget-container\">\n\t\t\t\t\t\t\t<div class=\"elementor-divider\">\n\t\t\t<span class=\"elementor-divider-separator\">\n\t\t\t\t\t\t\t<h2 class=\"elementor-divider__text elementor-divider__element\">\n\t\t\t\tWie lange werden wir personenbezogene Daten aufbewahren?\t\t\t\t<\/h2>\n\t\t\t\t\t\t<\/span>\n\t\t<\/div>\n\t\t\t\t\t\t<\/div>\n\t\t\t\t<\/div>\n\t\t\t\t<div class=\"elementor-element elementor-element-31536e2a elementor-widget elementor-widget-text-editor\" data-id=\"31536e2a\" data-element_type=\"widget\" data-widget_type=\"text-editor.default\">\n\t\t\t\t<div class=\"elementor-widget-container\">\n\t\t\t\t\t\t\t\t\tWir k\u00f6nnen Ihre Daten nur eingeschr\u00e4nkt einsehen oder l\u00f6schen, indem wir \u00fcber ein bestimmtes Profil verf\u00fcgen. Wir werden sie so lange behandeln, wie Sie es uns erlauben, indem Sie uns folgen, Freunde werden oder auf \u201eGef\u00e4llt mir\u201c, \u201eFolgen\u201c oder \u00e4hnliche Schaltfl\u00e4chen klicken. Jede Berichtigung Ihrer Daten oder Einschr\u00e4nkung von Informationen oder Ver\u00f6ffentlichungen muss \u00fcber die Konfiguration Ihres Profils oder Benutzers im sozialen Netzwerk selbst erfolgen.\t\t\t\t\t\t\t\t<\/div>\n\t\t\t\t<\/div>\n\t\t\t\t<div class=\"elementor-element elementor-element-25786bd0 elementor-widget-divider--view-line_text elementor-widget-divider--element-align-center elementor-widget elementor-widget-divider\" data-id=\"25786bd0\" data-element_type=\"widget\" data-widget_type=\"divider.default\">\n\t\t\t\t<div class=\"elementor-widget-container\">\n\t\t\t\t\t\t\t<div class=\"elementor-divider\">\n\t\t\t<span class=\"elementor-divider-separator\">\n\t\t\t\t\t\t\t<h2 class=\"elementor-divider__text elementor-divider__element\">\n\t\t\t\tBeziehen wir personenbezogene Daten Dritter ein?\t\t\t\t<\/h2>\n\t\t\t\t\t\t<\/span>\n\t\t<\/div>\n\t\t\t\t\t\t<\/div>\n\t\t\t\t<\/div>\n\t\t\t\t<div class=\"elementor-element elementor-element-33e1f5b1 elementor-widget elementor-widget-text-editor\" data-id=\"33e1f5b1\" data-element_type=\"widget\" data-widget_type=\"text-editor.default\">\n\t\t\t\t<div class=\"elementor-widget-container\">\n\t\t\t\t\t\t\t\t\tNein, grunds\u00e4tzlich verarbeiten wir nur die von den Eigent\u00fcmern bereitgestellten Daten. Wenn Sie uns Daten von Dritten zur Verf\u00fcgung stellen, m\u00fcssen Sie diese Personen zuvor dar\u00fcber informieren und deren Einwilligung einholen, andernfalls entbinden Sie uns von jeglicher Verantwortung f\u00fcr die Nichteinhaltung dieser Verpflichtung.\t\t\t\t\t\t\t\t<\/div>\n\t\t\t\t<\/div>\n\t\t\t\t<div class=\"elementor-element elementor-element-48a1e4de elementor-widget-divider--view-line_text elementor-widget-divider--element-align-center elementor-widget elementor-widget-divider\" data-id=\"48a1e4de\" data-element_type=\"widget\" data-widget_type=\"divider.default\">\n\t\t\t\t<div class=\"elementor-widget-container\">\n\t\t\t\t\t\t\t<div class=\"elementor-divider\">\n\t\t\t<span class=\"elementor-divider-separator\">\n\t\t\t\t\t\t\t<h2 class=\"elementor-divider__text elementor-divider__element\">\n\t\t\t\tUnd Daten von Minderj\u00e4hrigen?\t\t\t\t<\/h2>\n\t\t\t\t\t\t<\/span>\n\t\t<\/div>\n\t\t\t\t\t\t<\/div>\n\t\t\t\t<\/div>\n\t\t\t\t<div class=\"elementor-element elementor-element-5cf0fae7 elementor-widget elementor-widget-text-editor\" data-id=\"5cf0fae7\" data-element_type=\"widget\" data-widget_type=\"text-editor.default\">\n\t\t\t\t<div class=\"elementor-widget-container\">\n\t\t\t\t\t\t\t\t\tWir verarbeiten keine Daten von Kindern unter 14 Jahren. Sehen Sie daher davon ab, diese bereitzustellen, wenn Sie das entsprechende Alter noch nicht erreicht haben, und geben Sie gegebenenfalls keine Daten von Dritten an, die dieses Alter noch nicht erreicht haben. Mar\u00eda Sara Rodr\u00edguez Gonz\u00e1lez lehnt jegliche Haftung f\u00fcr Verst\u00f6\u00dfe gegen diese Bestimmung ab.\t\t\t\t\t\t\t\t<\/div>\n\t\t\t\t<\/div>\n\t\t\t\t<div class=\"elementor-element elementor-element-1444f513 elementor-widget-divider--view-line_text elementor-widget-divider--element-align-center elementor-widget elementor-widget-divider\" data-id=\"1444f513\" data-element_type=\"widget\" data-widget_type=\"divider.default\">\n\t\t\t\t<div class=\"elementor-widget-container\">\n\t\t\t\t\t\t\t<div class=\"elementor-divider\">\n\t\t\t<span class=\"elementor-divider-separator\">\n\t\t\t\t\t\t\t<h2 class=\"elementor-divider__text elementor-divider__element\">\n\t\t\t\tWerden wir auf elektronischem Wege kommunizieren?\t\t\t\t<\/h2>\n\t\t\t\t\t\t<\/span>\n\t\t<\/div>\n\t\t\t\t\t\t<\/div>\n\t\t\t\t<\/div>\n\t\t\t\t<div class=\"elementor-element elementor-element-59cb0289 elementor-widget elementor-widget-text-editor\" data-id=\"59cb0289\" data-element_type=\"widget\" data-widget_type=\"text-editor.default\">\n\t\t\t\t<div class=\"elementor-widget-container\">\n\t\t\t\t\t\t\t\t\t<ul><li>Sie werden nur zur Bearbeitung Ihrer Anfrage durchgef\u00fchrt, wenn es sich dabei um eine der Kontaktm\u00f6glichkeiten handelt, die Sie uns zur Verf\u00fcgung gestellt haben.<\/li><li>Wenn wir kommerzielle Mitteilungen machen, erfolgt dies zuvor und ausdr\u00fccklich<span class=\"Apple-converted-space\">\u00a0 <\/span>von Ihnen autorisiert.<\/li><\/ul>\t\t\t\t\t\t\t\t<\/div>\n\t\t\t\t<\/div>\n\t\t\t\t<div class=\"elementor-element elementor-element-7f4d9686 elementor-widget-divider--view-line_text elementor-widget-divider--element-align-center elementor-widget elementor-widget-divider\" data-id=\"7f4d9686\" data-element_type=\"widget\" data-widget_type=\"divider.default\">\n\t\t\t\t<div class=\"elementor-widget-container\">\n\t\t\t\t\t\t\t<div class=\"elementor-divider\">\n\t\t\t<span class=\"elementor-divider-separator\">\n\t\t\t\t\t\t\t<h2 class=\"elementor-divider__text elementor-divider__element\">\n\t\t\t\tWelche Sicherheitsma\u00dfnahmen wenden wir an?\t\t\t\t<\/h2>\n\t\t\t\t\t\t<\/span>\n\t\t<\/div>\n\t\t\t\t\t\t<\/div>\n\t\t\t\t<\/div>\n\t\t\t\t<div class=\"elementor-element elementor-element-6d983ef2 elementor-widget elementor-widget-text-editor\" data-id=\"6d983ef2\" data-element_type=\"widget\" data-widget_type=\"text-editor.default\">\n\t\t\t\t<div class=\"elementor-widget-container\">\n\t\t\t\t\t\t\t\t\t<div><span style=\"color: var( --e-global-color-text ); font-family: var( --e-global-typography-text-font-family ), Sans-serif; font-size: var( --e-global-typography-text-font-size ); font-weight: var( --e-global-typography-text-font-weight );\">Sie k\u00f6nnen beruhigt sein: Wir haben ein optimales Schutzniveau f\u00fcr die von uns verarbeiteten personenbezogenen Daten eingef\u00fchrt und alle uns zur Verf\u00fcgung stehenden Mittel und technischen Ma\u00dfnahmen entsprechend dem Stand der Technik eingerichtet, um Verlust, Missbrauch, \u00c4nderung und unbefugten Zugriff zu verhindern und Diebstahl personenbezogener Daten.<\/span><\/div>\t\t\t\t\t\t\t\t<\/div>\n\t\t\t\t<\/div>\n\t\t\t\t<div class=\"elementor-element elementor-element-61547df2 elementor-widget-divider--view-line_text elementor-widget-divider--element-align-center elementor-widget elementor-widget-divider\" data-id=\"61547df2\" data-element_type=\"widget\" data-widget_type=\"divider.default\">\n\t\t\t\t<div class=\"elementor-widget-container\">\n\t\t\t\t\t\t\t<div class=\"elementor-divider\">\n\t\t\t<span class=\"elementor-divider-separator\">\n\t\t\t\t\t\t\t<h2 class=\"elementor-divider__text elementor-divider__element\">\n\t\t\t\tAn welche Empf\u00e4nger werden Ihre Daten weitergegeben?\t\t\t\t<\/h2>\n\t\t\t\t\t\t<\/span>\n\t\t<\/div>\n\t\t\t\t\t\t<\/div>\n\t\t\t\t<\/div>\n\t\t\t\t<div class=\"elementor-element elementor-element-6b90c1db elementor-widget elementor-widget-text-editor\" data-id=\"6b90c1db\" data-element_type=\"widget\" data-widget_type=\"text-editor.default\">\n\t\t\t\t<div class=\"elementor-widget-container\">\n\t\t\t\t\t\t\t\t\tEine Weitergabe Ihrer Daten an Dritte erfolgt nicht, sofern keine gesetzliche Verpflichtung besteht. Insbesondere werden sie an die staatliche Steuerverwaltungsbeh\u00f6rde sowie an Banken und Finanzinstitute zur Einziehung der erbrachten Dienstleistung oder des gekauften Produkts sowie an diejenigen weitergeleitet, die f\u00fcr die f\u00fcr die Ausf\u00fchrung des Vertrags erforderliche Behandlung verantwortlich sind. Wenn Sie sich im Falle eines Kaufs oder einer Zahlung f\u00fcr eine Anwendung, Website, Plattform, Bankkarte oder einen anderen Online-Dienst entscheiden, werden Ihre Daten an diese Plattform \u00fcbertragen oder in deren Umgebung verarbeitet, immer mit maximaler Sicherheit. Wenn wir es bestellen, erh\u00e4lt das Webentwicklungs- und Wartungsunternehmen oder das Hosting-Unternehmen Zugriff auf unsere Website. Sie haben einen Vertrag \u00fcber die Erbringung von Dienstleistungen unterzeichnet, der sie dazu verpflichtet, das gleiche Ma\u00df an Datenschutz wie wir zu wahren. F\u00fcr jede internationale Daten\u00fcbermittlung bei Verwendung amerikanischer Anwendungen gelten die entsprechenden Garantien der DSGVO, die gew\u00e4hrleistet, dass amerikanische Softwareunternehmen die europ\u00e4ischen Datenschutzrichtlinien in Bezug auf den Datenschutz einhalten.\t\t\t\t\t\t\t\t<\/div>\n\t\t\t\t<\/div>\n\t\t\t\t<div class=\"elementor-element elementor-element-21f00d5a elementor-widget-divider--view-line_text elementor-widget-divider--element-align-center elementor-widget elementor-widget-divider\" data-id=\"21f00d5a\" data-element_type=\"widget\" data-widget_type=\"divider.default\">\n\t\t\t\t<div class=\"elementor-widget-container\">\n\t\t\t\t\t\t\t<div class=\"elementor-divider\">\n\t\t\t<span class=\"elementor-divider-separator\">\n\t\t\t\t\t\t\t<h2 class=\"elementor-divider__text elementor-divider__element\">\n\t\t\t\tWelche Rechte haben Sie?\t\t\t\t<\/h2>\n\t\t\t\t\t\t<\/span>\n\t\t<\/div>\n\t\t\t\t\t\t<\/div>\n\t\t\t\t<\/div>\n\t\t\t\t<div class=\"elementor-element elementor-element-10c7addd elementor-widget elementor-widget-text-editor\" data-id=\"10c7addd\" data-element_type=\"widget\" data-widget_type=\"text-editor.default\">\n\t\t\t\t<div class=\"elementor-widget-container\">\n\t\t\t\t\t\t\t\t\t<ul><li>Um zu erfahren, ob wir Ihre Daten verarbeiten oder nicht.<\/li><li>Um auf Ihre pers\u00f6nlichen Daten zuzugreifen.<\/li><li>Die Berichtigung Ihrer Daten zu verlangen, wenn diese unrichtig sind.<\/li><li>Die L\u00f6schung Ihrer Daten zu verlangen, sofern diese f\u00fcr die Zwecke, f\u00fcr die sie erhoben wurden, nicht mehr erforderlich sind oder Sie Ihre erteilte Einwilligung widerrufen.<\/li><li>In einigen F\u00e4llen k\u00f6nnen Sie die Einschr\u00e4nkung der Verarbeitung Ihrer Daten verlangen. In diesem Fall werden wir sie nur gem\u00e4\u00df den geltenden Vorschriften aufbewahren.<\/li><li>Zur \u00dcbermittlung Ihrer Daten, die Ihnen in einem strukturierten, g\u00e4ngigen oder maschinenlesbaren Format zur Verf\u00fcgung gestellt werden. Wenn Sie m\u00f6chten, k\u00f6nnen wir sie an den von Ihnen benannten neuen Verantwortlichen senden. Es ist nur in bestimmten F\u00e4llen g\u00fcltig.<\/li><li>Eine Beschwerde bei der spanischen Datenschutzbeh\u00f6rde oder der zust\u00e4ndigen Kontrollbeh\u00f6rde einzureichen, wenn Sie der Meinung sind, dass wir Sie nicht ordnungsgem\u00e4\u00df betreut haben.<\/li><li>Die Einwilligung zu einer Behandlung, der Sie zugestimmt haben, jederzeit zu widerrufen.<\/li><\/ul><p>\u00a0<\/p><p>Wenn Sie Daten \u00e4ndern, freuen wir uns \u00fcber Ihre Mitteilung, damit wir sie auf dem neuesten Stand halten k\u00f6nnen.<\/p>\t\t\t\t\t\t\t\t<\/div>\n\t\t\t\t<\/div>\n\t\t\t\t<div class=\"elementor-element elementor-element-7c08da38 elementor-widget-divider--view-line_text elementor-widget-divider--element-align-center elementor-widget elementor-widget-divider\" data-id=\"7c08da38\" data-element_type=\"widget\" data-widget_type=\"divider.default\">\n\t\t\t\t<div class=\"elementor-widget-container\">\n\t\t\t\t\t\t\t<div class=\"elementor-divider\">\n\t\t\t<span class=\"elementor-divider-separator\">\n\t\t\t\t\t\t\t<h2 class=\"elementor-divider__text elementor-divider__element\">\n\t\t\t\tW\u00fcnschen Sie ein Formular zur Aus\u00fcbung Ihrer Rechte?\t\t\t\t<\/h2>\n\t\t\t\t\t\t<\/span>\n\t\t<\/div>\n\t\t\t\t\t\t<\/div>\n\t\t\t\t<\/div>\n\t\t\t\t<div class=\"elementor-element elementor-element-4efbb572 elementor-widget elementor-widget-text-editor\" data-id=\"4efbb572\" data-element_type=\"widget\" data-widget_type=\"text-editor.default\">\n\t\t\t\t<div class=\"elementor-widget-container\">\n\t\t\t\t\t\t\t\t\t<ul><li>F\u00fcr die Aus\u00fcbung Ihrer Rechte stehen uns Formulare zur Verf\u00fcgung, fordern Sie diese bei uns an<span class=\"Apple-converted-space\">\u00a0 <\/span>E-Mail oder, wenn Sie es vorziehen, k\u00f6nnen Sie die von der spanischen Datenschutzbeh\u00f6rde oder Dritten erstellten Informationen verwenden.<\/li><li>Diese Formulare m\u00fcssen elektronisch unterzeichnet werden oder von einer Fotokopie des Personalausweises begleitet sein.<\/li><li>Wenn Sie jemand vertritt, m\u00fcssen Sie eine Kopie Ihres Personalausweises beif\u00fcgen oder mit Ihrer elektronischen Signatur unterschreiben.<\/li><li>Die Formulare k\u00f6nnen pers\u00f6nlich vorgelegt, per Brief oder per Post an die Adresse des Verantwortlichen am Anfang dieses Textes gesendet werden.<\/li><\/ul>\t\t\t\t\t\t\t\t<\/div>\n\t\t\t\t<\/div>\n\t\t\t\t<div class=\"elementor-element elementor-element-7461e495 elementor-widget-divider--view-line_text elementor-widget-divider--element-align-center elementor-widget elementor-widget-divider\" data-id=\"7461e495\" data-element_type=\"widget\" data-widget_type=\"divider.default\">\n\t\t\t\t<div class=\"elementor-widget-container\">\n\t\t\t\t\t\t\t<div class=\"elementor-divider\">\n\t\t\t<span class=\"elementor-divider-separator\">\n\t\t\t\t\t\t\t<h2 class=\"elementor-divider__text elementor-divider__element\">\n\t\t\t\tBehandeln wir Cookies?\t\t\t\t<\/h2>\n\t\t\t\t\t\t<\/span>\n\t\t<\/div>\n\t\t\t\t\t\t<\/div>\n\t\t\t\t<\/div>\n\t\t\t\t<div class=\"elementor-element elementor-element-4e89cc27 elementor-widget elementor-widget-text-editor\" data-id=\"4e89cc27\" data-element_type=\"widget\" data-widget_type=\"text-editor.default\">\n\t\t\t\t<div class=\"elementor-widget-container\">\n\t\t\t\t\t\t\t\t\t<p>Wenn wir andere Arten von Cookies verwenden, die nicht erforderlich sind, k\u00f6nnen Sie die Cookie-Richtlinie im entsprechenden Link am Anfang unserer Website einsehen.<\/p>\t\t\t\t\t\t\t\t<\/div>\n\t\t\t\t<\/div>\n\t\t\t\t<div class=\"elementor-element elementor-element-2c316027 elementor-widget-divider--view-line_text elementor-widget-divider--element-align-center elementor-widget elementor-widget-divider\" data-id=\"2c316027\" data-element_type=\"widget\" data-widget_type=\"divider.default\">\n\t\t\t\t<div class=\"elementor-widget-container\">\n\t\t\t\t\t\t\t<div class=\"elementor-divider\">\n\t\t\t<span class=\"elementor-divider-separator\">\n\t\t\t\t\t\t\t<h2 class=\"elementor-divider__text elementor-divider__element\">\n\t\t\t\tWie lange dauert es, bis wir auf die Aus\u00fcbung der Rechte antworten?\t\t\t\t<\/h2>\n\t\t\t\t\t\t<\/span>\n\t\t<\/div>\n\t\t\t\t\t\t<\/div>\n\t\t\t\t<\/div>\n\t\t\t\t<div class=\"elementor-element elementor-element-6563c0a7 elementor-widget elementor-widget-text-editor\" data-id=\"6563c0a7\" data-element_type=\"widget\" data-widget_type=\"text-editor.default\">\n\t\t\t\t<div class=\"elementor-widget-container\">\n\t\t\t\t\t\t\t\t\tDies h\u00e4ngt vom Gesetz ab, betr\u00e4gt jedoch maximal einen Monat ab Ihrer Anfrage und zwei Monate, wenn das Problem sehr komplex ist und wir Sie dar\u00fcber informieren, dass wir mehr Zeit ben\u00f6tigen.\t\t\t\t\t\t\t\t<\/div>\n\t\t\t\t<\/div>\n\t\t\t\t<div class=\"elementor-element elementor-element-52c3a308 elementor-widget-divider--view-line_text elementor-widget-divider--element-align-center elementor-widget elementor-widget-divider\" data-id=\"52c3a308\" data-element_type=\"widget\" data-widget_type=\"divider.default\">\n\t\t\t\t<div class=\"elementor-widget-container\">\n\t\t\t\t\t\t\t<div class=\"elementor-divider\">\n\t\t\t<span class=\"elementor-divider-separator\">\n\t\t\t\t\t\t\t<h2 class=\"elementor-divider__text elementor-divider__element\">\n\t\t\t\tWie lange werden wir Ihre personenbezogenen Daten aufbewahren?\t\t\t\t<\/h2>\n\t\t\t\t\t\t<\/span>\n\t\t<\/div>\n\t\t\t\t\t\t<\/div>\n\t\t\t\t<\/div>\n\t\t\t\t<div class=\"elementor-element elementor-element-ab467eb elementor-widget elementor-widget-text-editor\" data-id=\"ab467eb\" data-element_type=\"widget\" data-widget_type=\"text-editor.default\">\n\t\t\t\t<div class=\"elementor-widget-container\">\n\t\t\t\t\t\t\t\t\t<ul>\n \t<li>Personenbezogene Daten werden so lange gespeichert, wie Sie mit uns verbunden bleiben.<\/li>\n \t<li>Sobald Sie sich von uns distanzieren, werden die f\u00fcr den jeweiligen Zweck verarbeiteten personenbezogenen Daten f\u00fcr die gesetzlich festgelegten Zeitr\u00e4ume aufbewahrt, einschlie\u00dflich des Zeitraums, in dem ein Richter oder ein Gericht sie verlangen kann, unter Ber\u00fccksichtigung der Verj\u00e4hrungsfrist f\u00fcr rechtliche Schritte.<\/li>\n \t<li>Die verarbeiteten Daten werden so lange aufbewahrt, wie die oben genannten gesetzlichen Fristen nicht ablaufen, eine gesetzliche Aufbewahrungspflicht besteht oder diese gesetzliche Frist nicht besteht, bis der Betroffene deren L\u00f6schung verlangt oder die erteilte Einwilligung widerruft.<\/li>\n \t<li>Wir bewahren alle Informationen und Mitteilungen im Zusammenhang mit Ihrem Kauf oder der Erbringung unserer Dienstleistung auf, solange die Garantien der Produkte oder Dienstleistungen g\u00fcltig sind, um etwaigen Anspr\u00fcchen nachzukommen.<\/li>\n<\/ul>\t\t\t\t\t\t\t\t<\/div>\n\t\t\t\t<\/div>\n\t\t\t\t\t<\/div>\n\t\t<\/div>\n\t\t\t\t\t<\/div>\n\t\t<\/section>\n\t\t\t\t<section class=\"elementor-section elementor-top-section elementor-element elementor-element-e5877d0 elementor-section-boxed elementor-section-height-default elementor-section-height-default\" data-id=\"e5877d0\" data-element_type=\"section\">\n\t\t\t\t\t\t<div class=\"elementor-container elementor-column-gap-default\">\n\t\t\t\t\t<div class=\"elementor-column elementor-col-100 elementor-top-column elementor-element elementor-element-2e41fd7d\" data-id=\"2e41fd7d\" data-element_type=\"column\">\n\t\t\t<div class=\"elementor-widget-wrap elementor-element-populated\">\n\t\t\t\t\t\t<div class=\"elementor-element elementor-element-4982daf8 elementor-align-center elementor-widget elementor-widget-button\" data-id=\"4982daf8\" data-element_type=\"widget\" data-widget_type=\"button.default\">\n\t\t\t\t<div class=\"elementor-widget-container\">\n\t\t\t\t\t\t\t\t\t<div class=\"elementor-button-wrapper\">\n\t\t\t\t\t<a class=\"elementor-button elementor-button-link elementor-size-md elementor-animation-grow\" href=\"https:\/\/www.elcosturerodesara.com\/de\/contacto\/\">\n\t\t\t\t\t\t<span class=\"elementor-button-content-wrapper\">\n\t\t\t\t\t\t\t\t\t<span class=\"elementor-button-text\">Frage nach mehr Informationen<\/span>\n\t\t\t\t\t<\/span>\n\t\t\t\t\t<\/a>\n\t\t\t\t<\/div>\n\t\t\t\t\t\t\t\t<\/div>\n\t\t\t\t<\/div>\n\t\t\t\t\t<\/div>\n\t\t<\/div>\n\t\t\t\t\t<\/div>\n\t\t<\/section>\n\t\t\t\t<\/div>","protected":false},"excerpt":{"rendered":"<p>POL\u00cdTICA DE PRIVACIDAD Te informamos sobre el cumplimiento de la LOPD en relaci\u00f3n al tratamiento de los datos obtenidos como consecuencia de la navegaci\u00f3n a trav\u00e9s de esta web. \u00bfQui\u00e9n es el responsable del tratamiento de tus datos? Titular: &#8211;\u00a0Domicilio: Tfno: Mail: Web: Fecha de ultima modificaci\u00f3n\/actualizaci\u00f3n de la presente pol\u00edtica de privacidad: Para cualquier [&hellip;]<\/p>","protected":false},"author":1,"featured_media":364,"parent":0,"menu_order":5,"comment_status":"closed","ping_status":"closed","template":"","meta":{"site-sidebar-layout":"no-sidebar","site-content-layout":"page-builder","ast-site-content-layout":"","site-content-style":"default","site-sidebar-style":"default","ast-global-header-display":"","ast-banner-title-visibility":"","ast-main-header-display":"","ast-hfb-above-header-display":"","ast-hfb-below-header-display":"","ast-hfb-mobile-header-display":"","site-post-title":"disabled","ast-breadcrumbs-content":"","ast-featured-img":"disabled","footer-sml-layout":"","theme-transparent-header-meta":"default","adv-header-id-meta":"","stick-header-meta":"","header-above-stick-meta":"","header-main-stick-meta":"","header-below-stick-meta":"","astra-migrate-meta-layouts":"default","ast-page-background-enabled":"default","ast-page-background-meta":{"desktop":{"background-color":"","background-image":"","background-repeat":"repeat","background-position":"center center","background-size":"auto","background-attachment":"scroll","background-type":"","background-media":"","overlay-type":"","overlay-color":"","overlay-opacity":"","overlay-gradient":""},"tablet":{"background-color":"","background-image":"","background-repeat":"repeat","background-position":"center center","background-size":"auto","background-attachment":"scroll","background-type":"","background-media":"","overlay-type":"","overlay-color":"","overlay-opacity":"","overlay-gradient":""},"mobile":{"background-color":"","background-image":"","background-repeat":"repeat","background-position":"center center","background-size":"auto","background-attachment":"scroll","background-type":"","background-media":"","overlay-type":"","overlay-color":"","overlay-opacity":"","overlay-gradient":""}},"ast-content-background-meta":{"desktop":{"background-color":"var(--ast-global-color-5)","background-image":"","background-repeat":"repeat","background-position":"center center","background-size":"auto","background-attachment":"scroll","background-type":"","background-media":"","overlay-type":"","overlay-color":"","overlay-opacity":"","overlay-gradient":""},"tablet":{"background-color":"var(--ast-global-color-5)","background-image":"","background-repeat":"repeat","background-position":"center center","background-size":"auto","background-attachment":"scroll","background-type":"","background-media":"","overlay-type":"","overlay-color":"","overlay-opacity":"","overlay-gradient":""},"mobile":{"background-color":"var(--ast-global-color-5)","background-image":"","background-repeat":"repeat","background-position":"center center","background-size":"auto","background-attachment":"scroll","background-type":"","background-media":"","overlay-type":"","overlay-color":"","overlay-opacity":"","overlay-gradient":""}},"footnotes":""},"class_list":["post-269","page","type-page","status-publish","has-post-thumbnail","hentry"],"yoast_head":"<!-- This site is optimized with the Yoast SEO plugin v24.4 - https:\/\/yoast.com\/wordpress\/plugins\/seo\/ -->\n<title>El costurero de Sara | Pol\u00edtica de privacidad<\/title>\n<meta name=\"description\" content=\"Arreglamos tu ropa para que puedas lucirla con estilo. Haz que tus prendas favoritas te sienten a la perfecci\u00f3n con nuestros arreglos.\" \/>\n<meta name=\"robots\" content=\"index, follow, max-snippet:-1, max-image-preview:large, max-video-preview:-1\" \/>\n<link rel=\"canonical\" href=\"https:\/\/www.elcosturerodesara.com\/de\/politica-de-privacidad\/\" \/>\n<meta property=\"og:locale\" content=\"de_DE\" \/>\n<meta property=\"og:type\" content=\"article\" \/>\n<meta property=\"og:title\" content=\"El costurero de Sara | Pol\u00edtica de privacidad\" \/>\n<meta property=\"og:description\" content=\"Arreglamos tu ropa para que puedas lucirla con estilo. Haz que tus prendas favoritas te sienten a la perfecci\u00f3n con nuestros arreglos.\" \/>\n<meta property=\"og:url\" content=\"https:\/\/www.elcosturerodesara.com\/de\/politica-de-privacidad\/\" \/>\n<meta property=\"og:site_name\" content=\"El costurero de Sara\" \/>\n<meta property=\"article:modified_time\" content=\"2023-05-15T16:33:25+00:00\" \/>\n<meta property=\"og:image\" content=\"https:\/\/www.elcosturerodesara.com\/wp-content\/uploads\/2023\/02\/elcosturerodesara_05.jpg\" \/>\n\t<meta property=\"og:image:width\" content=\"1920\" \/>\n\t<meta property=\"og:image:height\" content=\"2525\" \/>\n\t<meta property=\"og:image:type\" content=\"image\/jpeg\" \/>\n<meta name=\"twitter:card\" content=\"summary_large_image\" \/>\n<script type=\"application\/ld+json\" class=\"yoast-schema-graph\">{\"@context\":\"https:\/\/schema.org\",\"@graph\":[{\"@type\":\"WebPage\",\"@id\":\"https:\/\/www.elcosturerodesara.com\/politica-de-privacidad\/\",\"url\":\"https:\/\/www.elcosturerodesara.com\/politica-de-privacidad\/\",\"name\":\"El costurero de Sara | Pol\u00edtica de privacidad\",\"isPartOf\":{\"@id\":\"https:\/\/www.elcosturerodesara.com\/#website\"},\"primaryImageOfPage\":{\"@id\":\"https:\/\/www.elcosturerodesara.com\/politica-de-privacidad\/#primaryimage\"},\"image\":{\"@id\":\"https:\/\/www.elcosturerodesara.com\/politica-de-privacidad\/#primaryimage\"},\"thumbnailUrl\":\"https:\/\/www.elcosturerodesara.com\/wp-content\/uploads\/2023\/02\/elcosturerodesara_05.jpg\",\"datePublished\":\"2023-02-18T17:08:17+00:00\",\"dateModified\":\"2023-05-15T16:33:25+00:00\",\"description\":\"Arreglamos tu ropa para que puedas lucirla con estilo. Haz que tus prendas favoritas te sienten a la perfecci\u00f3n con nuestros arreglos.\",\"breadcrumb\":{\"@id\":\"https:\/\/www.elcosturerodesara.com\/politica-de-privacidad\/#breadcrumb\"},\"inLanguage\":\"de\",\"potentialAction\":[{\"@type\":\"ReadAction\",\"target\":[\"https:\/\/www.elcosturerodesara.com\/politica-de-privacidad\/\"]}]},{\"@type\":\"ImageObject\",\"inLanguage\":\"de\",\"@id\":\"https:\/\/www.elcosturerodesara.com\/politica-de-privacidad\/#primaryimage\",\"url\":\"https:\/\/www.elcosturerodesara.com\/wp-content\/uploads\/2023\/02\/elcosturerodesara_05.jpg\",\"contentUrl\":\"https:\/\/www.elcosturerodesara.com\/wp-content\/uploads\/2023\/02\/elcosturerodesara_05.jpg\",\"width\":1920,\"height\":2525,\"caption\":\"Hilos de colores\"},{\"@type\":\"BreadcrumbList\",\"@id\":\"https:\/\/www.elcosturerodesara.com\/politica-de-privacidad\/#breadcrumb\",\"itemListElement\":[{\"@type\":\"ListItem\",\"position\":1,\"name\":\"Inicio\",\"item\":\"https:\/\/www.elcosturerodesara.com\/\"},{\"@type\":\"ListItem\",\"position\":2,\"name\":\"Pol\u00edtica de privacidad\"}]},{\"@type\":\"WebSite\",\"@id\":\"https:\/\/www.elcosturerodesara.com\/#website\",\"url\":\"https:\/\/www.elcosturerodesara.com\/\",\"name\":\"El costurero de Sara\",\"description\":\"Los mejores arreglos de ropa\",\"publisher\":{\"@id\":\"https:\/\/www.elcosturerodesara.com\/#organization\"},\"potentialAction\":[{\"@type\":\"SearchAction\",\"target\":{\"@type\":\"EntryPoint\",\"urlTemplate\":\"https:\/\/www.elcosturerodesara.com\/?s={search_term_string}\"},\"query-input\":{\"@type\":\"PropertyValueSpecification\",\"valueRequired\":true,\"valueName\":\"search_term_string\"}}],\"inLanguage\":\"de\"},{\"@type\":\"Organization\",\"@id\":\"https:\/\/www.elcosturerodesara.com\/#organization\",\"name\":\"El costurero de Sara\",\"url\":\"https:\/\/www.elcosturerodesara.com\/\",\"logo\":{\"@type\":\"ImageObject\",\"inLanguage\":\"de\",\"@id\":\"https:\/\/www.elcosturerodesara.com\/#\/schema\/logo\/image\/\",\"url\":\"https:\/\/www.elcosturerodesara.com\/wp-content\/uploads\/2023\/02\/Logoelosturerodesara-negativo-1.svg\",\"contentUrl\":\"https:\/\/www.elcosturerodesara.com\/wp-content\/uploads\/2023\/02\/Logoelosturerodesara-negativo-1.svg\",\"width\":1726,\"height\":1275,\"caption\":\"El costurero de Sara\"},\"image\":{\"@id\":\"https:\/\/www.elcosturerodesara.com\/#\/schema\/logo\/image\/\"}}]}<\/script>\n<!-- \/ Yoast SEO plugin. -->","yoast_head_json":{"title":"El costurero de Sara | Pol\u00edtica de privacidad","description":"Arreglamos tu ropa para que puedas lucirla con estilo. Haz que tus prendas favoritas te sienten a la perfecci\u00f3n con nuestros arreglos.","robots":{"index":"index","follow":"follow","max-snippet":"max-snippet:-1","max-image-preview":"max-image-preview:large","max-video-preview":"max-video-preview:-1"},"canonical":"https:\/\/www.elcosturerodesara.com\/de\/politica-de-privacidad\/","og_locale":"de_DE","og_type":"article","og_title":"El costurero de Sara | Pol\u00edtica de privacidad","og_description":"Arreglamos tu ropa para que puedas lucirla con estilo. Haz que tus prendas favoritas te sienten a la perfecci\u00f3n con nuestros arreglos.","og_url":"https:\/\/www.elcosturerodesara.com\/de\/politica-de-privacidad\/","og_site_name":"El costurero de Sara","article_modified_time":"2023-05-15T16:33:25+00:00","og_image":[{"width":1920,"height":2525,"url":"https:\/\/www.elcosturerodesara.com\/wp-content\/uploads\/2023\/02\/elcosturerodesara_05.jpg","type":"image\/jpeg"}],"twitter_card":"summary_large_image","schema":{"@context":"https:\/\/schema.org","@graph":[{"@type":"WebPage","@id":"https:\/\/www.elcosturerodesara.com\/politica-de-privacidad\/","url":"https:\/\/www.elcosturerodesara.com\/politica-de-privacidad\/","name":"El costurero de Sara | Pol\u00edtica de privacidad","isPartOf":{"@id":"https:\/\/www.elcosturerodesara.com\/#website"},"primaryImageOfPage":{"@id":"https:\/\/www.elcosturerodesara.com\/politica-de-privacidad\/#primaryimage"},"image":{"@id":"https:\/\/www.elcosturerodesara.com\/politica-de-privacidad\/#primaryimage"},"thumbnailUrl":"https:\/\/www.elcosturerodesara.com\/wp-content\/uploads\/2023\/02\/elcosturerodesara_05.jpg","datePublished":"2023-02-18T17:08:17+00:00","dateModified":"2023-05-15T16:33:25+00:00","description":"Arreglamos tu ropa para que puedas lucirla con estilo. Haz que tus prendas favoritas te sienten a la perfecci\u00f3n con nuestros arreglos.","breadcrumb":{"@id":"https:\/\/www.elcosturerodesara.com\/politica-de-privacidad\/#breadcrumb"},"inLanguage":"de","potentialAction":[{"@type":"ReadAction","target":["https:\/\/www.elcosturerodesara.com\/politica-de-privacidad\/"]}]},{"@type":"ImageObject","inLanguage":"de","@id":"https:\/\/www.elcosturerodesara.com\/politica-de-privacidad\/#primaryimage","url":"https:\/\/www.elcosturerodesara.com\/wp-content\/uploads\/2023\/02\/elcosturerodesara_05.jpg","contentUrl":"https:\/\/www.elcosturerodesara.com\/wp-content\/uploads\/2023\/02\/elcosturerodesara_05.jpg","width":1920,"height":2525,"caption":"Hilos de colores"},{"@type":"BreadcrumbList","@id":"https:\/\/www.elcosturerodesara.com\/politica-de-privacidad\/#breadcrumb","itemListElement":[{"@type":"ListItem","position":1,"name":"Inicio","item":"https:\/\/www.elcosturerodesara.com\/"},{"@type":"ListItem","position":2,"name":"Pol\u00edtica de privacidad"}]},{"@type":"WebSite","@id":"https:\/\/www.elcosturerodesara.com\/#website","url":"https:\/\/www.elcosturerodesara.com\/","name":"El costurero de Sara","description":"Los mejores arreglos de ropa","publisher":{"@id":"https:\/\/www.elcosturerodesara.com\/#organization"},"potentialAction":[{"@type":"SearchAction","target":{"@type":"EntryPoint","urlTemplate":"https:\/\/www.elcosturerodesara.com\/?s={search_term_string}"},"query-input":{"@type":"PropertyValueSpecification","valueRequired":true,"valueName":"search_term_string"}}],"inLanguage":"de"},{"@type":"Organization","@id":"https:\/\/www.elcosturerodesara.com\/#organization","name":"El costurero de Sara","url":"https:\/\/www.elcosturerodesara.com\/","logo":{"@type":"ImageObject","inLanguage":"de","@id":"https:\/\/www.elcosturerodesara.com\/#\/schema\/logo\/image\/","url":"https:\/\/www.elcosturerodesara.com\/wp-content\/uploads\/2023\/02\/Logoelosturerodesara-negativo-1.svg","contentUrl":"https:\/\/www.elcosturerodesara.com\/wp-content\/uploads\/2023\/02\/Logoelosturerodesara-negativo-1.svg","width":1726,"height":1275,"caption":"El costurero de Sara"},"image":{"@id":"https:\/\/www.elcosturerodesara.com\/#\/schema\/logo\/image\/"}}]}},"_links":{"self":[{"href":"https:\/\/www.elcosturerodesara.com\/de\/wp-json\/wp\/v2\/pages\/269","targetHints":{"allow":["GET"]}}],"collection":[{"href":"https:\/\/www.elcosturerodesara.com\/de\/wp-json\/wp\/v2\/pages"}],"about":[{"href":"https:\/\/www.elcosturerodesara.com\/de\/wp-json\/wp\/v2\/types\/page"}],"author":[{"embeddable":true,"href":"https:\/\/www.elcosturerodesara.com\/de\/wp-json\/wp\/v2\/users\/1"}],"replies":[{"embeddable":true,"href":"https:\/\/www.elcosturerodesara.com\/de\/wp-json\/wp\/v2\/comments?post=269"}],"version-history":[{"count":5,"href":"https:\/\/www.elcosturerodesara.com\/de\/wp-json\/wp\/v2\/pages\/269\/revisions"}],"predecessor-version":[{"id":864,"href":"https:\/\/www.elcosturerodesara.com\/de\/wp-json\/wp\/v2\/pages\/269\/revisions\/864"}],"wp:featuredmedia":[{"embeddable":true,"href":"https:\/\/www.elcosturerodesara.com\/de\/wp-json\/wp\/v2\/media\/364"}],"wp:attachment":[{"href":"https:\/\/www.elcosturerodesara.com\/de\/wp-json\/wp\/v2\/media?parent=269"}],"curies":[{"name":"wp","href":"https:\/\/api.w.org\/{rel}","templated":true}]}}